{"id":10758,"date":"2025-03-27T13:17:01","date_gmt":"2025-03-27T12:17:01","guid":{"rendered":"https:\/\/firesifestes.es\/evento\/trueno-en-els-concerts-des-jardi\/"},"modified":"2025-03-27T13:17:59","modified_gmt":"2025-03-27T12:17:59","slug":"trueno-en-els-concerts-des-jardi","status":"publish","type":"mec-events","link":"https:\/\/firesifestes.es\/es\/evento\/trueno-en-els-concerts-des-jardi\/","title":{"rendered":"Trueno en los conciertos de Es Jard\u00ed"},"content":{"rendered":"<p>El <strong>31 de julio<\/strong>, el <strong>Recinto Mallorca Live<\/strong> vibrar\u00e1 con el regreso de <strong>Trueno<\/strong>, el joven rapero argentino que ya arras\u00f3 en el <strong>Mallorca Live Festival<\/strong> en 2022. Esta vez lo har\u00e1 dentro del festival <strong>Es Jard\u00ed<\/strong>, presentando <em>El \u00daltimo Baile<\/em> (2024), su <strong>tercer \u00e1lbum de estudio<\/strong>, reconocido como uno de los mejores del a\u00f1o por medios como <strong>NPR, Rolling Stone<\/strong> y <strong>Billboard<\/strong>.<\/p>\n<p>Nacido y criado en el barrio de <strong>La Boca<\/strong> (Buenos Aires), <strong>Trueno<\/strong> comenz\u00f3 en la escena del <strong>freestyle<\/strong>, coron\u00e1ndose campe\u00f3n de la <strong>Red Bull Batalla de Gallos<\/strong> y la <strong>Freestyle Master Series<\/strong> en 2019. Su debut discogr\u00e1fico lleg\u00f3 en 2020 con <em>Atrevido<\/em>, donde destaca <em>Mamichula<\/em> junto a <strong>Nicki Nicole<\/strong> y <strong>Bizarrap<\/strong>, seguido por <em>Bien o mal<\/em> (2022), con grandes \u00e9xitos como <em>Dance crip<\/em>, que lo llev\u00f3 de gira por <strong>Latinoam\u00e9rica, M\u00e9xico, Europa y EE. UU.<\/strong>, ganando el prestigioso <strong>Premio Gardel de Oro<\/strong>. En el \u00faltimo a\u00f1o, ha colaborado con <strong>Feid, Marshmello<\/strong> y <strong>Bad Gyal<\/strong>, con quien ha lanzado el tema <em>Angelito<\/em>. <strong>Entradas desde 30 \u20ac<\/strong>.<\/p>\n","protected":false},"excerpt":{"rendered":"<p>El 31 de julio, el Recinto Mallorca Live vibrar\u00e1 con el regreso de Trueno, el joven rapero argentino que ya arras\u00f3 en el Mallorca Live Festival en 2022. Esta vez lo har\u00e1 dentro del festival Es Jard\u00ed, presentando El \u00daltimo Baile (2024), su tercer \u00e1lbum de estudio, reconocido como uno de los mejores del a\u00f1o [&hellip;]<\/p>\n","protected":false},"author":5,"featured_media":10756,"comment_status":"closed","ping_status":"closed","template":"","tags":[],"mec_category":[272],"class_list":["post-10758","mec-events","type-mec-events","status-publish","has-post-thumbnail","hentry","mec_category-musica-y-teatro"],"acf":[],"aioseo_notices":[],"_links":{"self":[{"href":"https:\/\/firesifestes.es\/es\/wp-json\/wp\/v2\/mec-events\/10758","targetHints":{"allow":["GET"]}}],"collection":[{"href":"https:\/\/firesifestes.es\/es\/wp-json\/wp\/v2\/mec-events"}],"about":[{"href":"https:\/\/firesifestes.es\/es\/wp-json\/wp\/v2\/types\/mec-events"}],"author":[{"embeddable":true,"href":"https:\/\/firesifestes.es\/es\/wp-json\/wp\/v2\/users\/5"}],"replies":[{"embeddable":true,"href":"https:\/\/firesifestes.es\/es\/wp-json\/wp\/v2\/comments?post=10758"}],"version-history":[{"count":1,"href":"https:\/\/firesifestes.es\/es\/wp-json\/wp\/v2\/mec-events\/10758\/revisions"}],"predecessor-version":[{"id":10759,"href":"https:\/\/firesifestes.es\/es\/wp-json\/wp\/v2\/mec-events\/10758\/revisions\/10759"}],"wp:featuredmedia":[{"embeddable":true,"href":"https:\/\/firesifestes.es\/es\/wp-json\/wp\/v2\/media\/10756"}],"wp:attachment":[{"href":"https:\/\/firesifestes.es\/es\/wp-json\/wp\/v2\/media?parent=10758"}],"wp:term":[{"taxonomy":"post_tag","embeddable":true,"href":"https:\/\/firesifestes.es\/es\/wp-json\/wp\/v2\/tags?post=10758"},{"taxonomy":"mec_category","embeddable":true,"href":"https:\/\/firesifestes.es\/es\/wp-json\/wp\/v2\/mec_category?post=10758"}],"curies":[{"name":"wp","href":"https:\/\/api.w.org\/{rel}","templated":true}]}}