{"id":13950,"date":"2025-07-03T12:48:53","date_gmt":"2025-07-03T10:48:53","guid":{"rendered":"https:\/\/firesifestes.es\/evento\/vetlades-destiu-a-sant-llorenc\/"},"modified":"2025-07-03T12:53:09","modified_gmt":"2025-07-03T10:53:09","slug":"vetlades-destiu-a-sant-llorenc","status":"publish","type":"mec-events","link":"https:\/\/firesifestes.es\/es\/evento\/vetlades-destiu-a-sant-llorenc\/","title":{"rendered":"Veladas de verano en Sant Lloren\u00e7"},"content":{"rendered":"<p data-start=\"72\" data-end=\"323\">El municipio de <strong data-start=\"88\" data-end=\"118\">Sant Lloren\u00e7 des Cardassar<\/strong> da la bienvenida a una nueva edici\u00f3n de las <strong data-start=\"163\" data-end=\"183\">Vetlades d\u2019Estiu<\/strong>, un ciclo cultural que llenar\u00e1 de m\u00fasica, poes\u00eda, teatro y tradici\u00f3n diferentes espacios del municipio durante los meses de julio y agosto.<\/p>\n<p data-start=\"325\" data-end=\"627\">La programaci\u00f3n comenzar\u00e1 el <strong data-start=\"354\" data-end=\"375\">s\u00e1bado 5 de julio<\/strong> con el concierto <em data-start=\"393\" data-end=\"415\">Sterling plays Cohen<\/em>, en la estaci\u00f3n de Sant Lloren\u00e7 (21:00 h), y continuar\u00e1 el <strong data-start=\"475\" data-end=\"497\">domingo 6 de julio<\/strong> con la actuaci\u00f3n del <em data-start=\"519\" data-end=\"572\">Ensemble Vocal R\u00e9miniscence de la Ma\u00eetrise de Reims<\/em>, en la iglesia de Sant Miquel de Son Carri\u00f3 (19:30 h).<\/p>\n<p data-start=\"629\" data-end=\"997\">El ciclo tambi\u00e9n incluir\u00e1 propuestas \u00edntimas en espacios con encanto, como el recital po\u00e9tico <em data-start=\"723\" data-end=\"743\">El pis de la badia<\/em>, con poemas de <strong data-start=\"759\" data-end=\"781\">Miquel \u00c0ngel Riera<\/strong> y m\u00fasica de <strong data-start=\"794\" data-end=\"811\">Dami\u00e0 Timoner<\/strong>, el <strong data-start=\"816\" data-end=\"838\">jueves 17 de julio<\/strong> en el patio del convento de ca ses Monges (20:30 h), o el preestreno de la obra <em data-start=\"919\" data-end=\"929\">Llompart<\/em>, el <strong data-start=\"934\" data-end=\"957\">viernes 18 de julio<\/strong> en el convento de Son Carri\u00f3 (21:30 h).<\/p>\n<p data-start=\"999\" data-end=\"1415\">Adem\u00e1s, habr\u00e1 actividades en la calle como la <strong data-start=\"1045\" data-end=\"1061\">Nit de l\u2019Art<\/strong>, el <strong data-start=\"1066\" data-end=\"1091\">mi\u00e9rcoles 23 de julio<\/strong> en la avenida de les Palmeres de Sa Coma (20:00 h); pasacalles con demonios y batucadas el <strong data-start=\"1183\" data-end=\"1206\">viernes 25 de julio<\/strong> en Sa Coma (21:00 h) y el <strong data-start=\"1233\" data-end=\"1256\">s\u00e1bado 23 de agosto<\/strong> en s\u2019Illot (20:30 h); y una gran <strong data-start=\"1290\" data-end=\"1312\">trobada de gegants<\/strong> acompa\u00f1ada por <strong data-start=\"1328\" data-end=\"1344\">Sa Xerabanda<\/strong>, el <strong data-start=\"1349\" data-end=\"1373\">domingo 24 de agosto<\/strong> en el paseo Neptuno de s\u2019Illot (19:00 h).<\/p>\n<p data-start=\"1417\" data-end=\"1572\">El ciclo se cerrar\u00e1 el <strong data-start=\"1440\" data-end=\"1463\">s\u00e1bado 30 de agosto<\/strong> con el concierto de <strong data-start=\"1484\" data-end=\"1521\">Joan Miquel Oliver y Miquel Serra<\/strong> en la plaza de la iglesia de Son Carri\u00f3 (21:00 h).<\/p>\n<p data-start=\"1694\" data-end=\"1788\">\n","protected":false},"excerpt":{"rendered":"<p>El municipio de Sant Lloren\u00e7 des Cardassar da la bienvenida a una nueva edici\u00f3n de las Vetlades d\u2019Estiu, un ciclo cultural que llenar\u00e1 de m\u00fasica, poes\u00eda, teatro y tradici\u00f3n diferentes espacios del municipio durante los meses de julio y agosto. La programaci\u00f3n comenzar\u00e1 el s\u00e1bado 5 de julio con el concierto Sterling plays Cohen, en [&hellip;]<\/p>\n","protected":false},"author":5,"featured_media":13948,"comment_status":"closed","ping_status":"closed","template":"","tags":[],"mec_category":[272],"class_list":["post-13950","mec-events","type-mec-events","status-publish","has-post-thumbnail","hentry","mec_category-musica-y-teatro"],"acf":[],"aioseo_notices":[],"_links":{"self":[{"href":"https:\/\/firesifestes.es\/es\/wp-json\/wp\/v2\/mec-events\/13950","targetHints":{"allow":["GET"]}}],"collection":[{"href":"https:\/\/firesifestes.es\/es\/wp-json\/wp\/v2\/mec-events"}],"about":[{"href":"https:\/\/firesifestes.es\/es\/wp-json\/wp\/v2\/types\/mec-events"}],"author":[{"embeddable":true,"href":"https:\/\/firesifestes.es\/es\/wp-json\/wp\/v2\/users\/5"}],"replies":[{"embeddable":true,"href":"https:\/\/firesifestes.es\/es\/wp-json\/wp\/v2\/comments?post=13950"}],"version-history":[{"count":2,"href":"https:\/\/firesifestes.es\/es\/wp-json\/wp\/v2\/mec-events\/13950\/revisions"}],"predecessor-version":[{"id":13952,"href":"https:\/\/firesifestes.es\/es\/wp-json\/wp\/v2\/mec-events\/13950\/revisions\/13952"}],"wp:featuredmedia":[{"embeddable":true,"href":"https:\/\/firesifestes.es\/es\/wp-json\/wp\/v2\/media\/13948"}],"wp:attachment":[{"href":"https:\/\/firesifestes.es\/es\/wp-json\/wp\/v2\/media?parent=13950"}],"wp:term":[{"taxonomy":"post_tag","embeddable":true,"href":"https:\/\/firesifestes.es\/es\/wp-json\/wp\/v2\/tags?post=13950"},{"taxonomy":"mec_category","embeddable":true,"href":"https:\/\/firesifestes.es\/es\/wp-json\/wp\/v2\/mec_category?post=13950"}],"curies":[{"name":"wp","href":"https:\/\/api.w.org\/{rel}","templated":true}]}}