{"id":16941,"date":"2026-08-14T13:49:38","date_gmt":"2026-08-14T11:49:38","guid":{"rendered":"https:\/\/firesifestes.es\/evento\/super-tardeo-vuelta-al-cole\/"},"modified":"2026-08-14T13:50:20","modified_gmt":"2026-08-14T11:50:20","slug":"super-tardeo-vuelta-al-cole","status":"publish","type":"mec-events","link":"https:\/\/firesifestes.es\/es\/evento\/super-tardeo-vuelta-al-cole\/","title":{"rendered":"S\u00faper Tardeo Vuelta al Cole"},"content":{"rendered":"<p class=\"PDq2pG_selectionAnchorContainer\" data-start=\"1954\" data-end=\"2266\">Es Gremi recupera los recuerdos de toda una generaci\u00f3n con el <strong data-start=\"2034\" data-end=\"2065\">S\u00faper Tardeo Vuelta al Cole<\/strong>, una fiesta dedicada a las canciones y momentos que marcaron los a\u00f1os de colegio. La cita ser\u00e1 el <strong data-start=\"2164\" data-end=\"2219\">s\u00e1bado 26 de septiembre a partir de las 18:00 horas<\/strong>, en las salas <strong data-start=\"2234\" data-end=\"2265\">1 + Zero de Es Gremi, Palma<\/strong>.<\/p>\n","protected":false},"excerpt":{"rendered":"<p>Es Gremi recupera los recuerdos de toda una generaci\u00f3n con el S\u00faper Tardeo Vuelta al Cole, una fiesta dedicada a las canciones y momentos que marcaron los a\u00f1os de colegio. La cita ser\u00e1 el s\u00e1bado 26 de septiembre a partir de las 18:00 horas, en las salas 1 + Zero de Es Gremi, Palma.<\/p>\n","protected":false},"author":5,"featured_media":16939,"comment_status":"closed","ping_status":"closed","template":"","tags":[],"mec_category":[270],"class_list":["post-16941","mec-events","type-mec-events","status-publish","has-post-thumbnail","hentry","mec_category-ferias-y-fiestas"],"acf":[],"aioseo_notices":[],"aioseo_head":"\n\t\t<!-- All in One SEO Pro 5.0.0.1 - aioseo.com -->\n\t<meta name=\"description\" content=\"Es Gremi recupera los recuerdos de toda una generaci\u00f3n con el S\u00faper Tardeo Vuelta al Cole, una fiesta dedicada a las canciones y momentos que marcaron los a\u00f1os de colegio. La cita ser\u00e1 el s\u00e1bado 26 de septiembre a partir de las 18:00 horas, en las salas 1 + Zero de Es Gremi, Palma.\" \/>\n\t<meta name=\"robots\" content=\"max-image-preview:large\" \/>\n\t<meta name=\"author\" content=\"Merc\u00e8 Martorell\"\/>\n\t<link rel=\"canonical\" href=\"https:\/\/firesifestes.es\/es\/evento\/super-tardeo-vuelta-al-cole\/\" \/>\n\t<meta name=\"generator\" content=\"All in One SEO Pro (AIOSEO) 5.0.0.1\" \/>\n\t\t<meta property=\"og:locale\" content=\"es_ES\" \/>\n\t\t<meta property=\"og:site_name\" content=\"Fires i festes - La mejor gu\u00eda de ocio y cultura de Mallorca\" \/>\n\t\t<meta property=\"og:type\" content=\"article\" \/>\n\t\t<meta property=\"og:title\" content=\"S\u00faper Tardeo Vuelta al Cole - Fires i festes\" \/>\n\t\t<meta property=\"og:description\" content=\"Es Gremi recupera los recuerdos de toda una generaci\u00f3n con el S\u00faper Tardeo Vuelta al Cole, una fiesta dedicada a las canciones y momentos que marcaron los a\u00f1os de colegio. La cita ser\u00e1 el s\u00e1bado 26 de septiembre a partir de las 18:00 horas, en las salas 1 + Zero de Es Gremi, Palma.\" \/>\n\t\t<meta property=\"og:url\" content=\"https:\/\/firesifestes.es\/es\/evento\/super-tardeo-vuelta-al-cole\/\" \/>\n\t\t<meta property=\"og:image\" content=\"https:\/\/firesifestes.es\/wp-content\/uploads\/2024\/05\/logo-ff.png\" \/>\n\t\t<meta property=\"og:image:secure_url\" content=\"https:\/\/firesifestes.es\/wp-content\/uploads\/2024\/05\/logo-ff.png\" \/>\n\t\t<meta property=\"article:published_time\" content=\"2026-08-14T11:49:38+00:00\" \/>\n\t\t<meta property=\"article:modified_time\" content=\"2026-08-14T11:50:20+00:00\" \/>\n\t\t<meta name=\"twitter:card\" content=\"summary_large_image\" \/>\n\t\t<meta name=\"twitter:title\" content=\"S\u00faper Tardeo Vuelta al Cole - Fires i festes\" \/>\n\t\t<meta name=\"twitter:description\" content=\"Es Gremi recupera los recuerdos de toda una generaci\u00f3n con el S\u00faper Tardeo Vuelta al Cole, una fiesta dedicada a las canciones y momentos que marcaron los a\u00f1os de colegio. La cita ser\u00e1 el s\u00e1bado 26 de septiembre a partir de las 18:00 horas, en las salas 1 + Zero de Es Gremi, Palma.\" \/>\n\t\t<meta name=\"twitter:image\" content=\"https:\/\/firesifestes.es\/wp-content\/uploads\/2024\/05\/logo-ff.png\" \/>\n\t\t<script type=\"application\/ld+json\" class=\"aioseo-schema\">\n\t\t\t{\"@context\":\"https:\\\/\\\/schema.org\",\"@graph\":[{\"@type\":\"BreadcrumbList\",\"@id\":\"https:\\\/\\\/firesifestes.es\\\/es\\\/evento\\\/super-tardeo-vuelta-al-cole\\\/#breadcrumblist\",\"itemListElement\":[{\"@type\":\"ListItem\",\"@id\":\"https:\\\/\\\/firesifestes.es\\\/es\\\/#listItem\",\"position\":1,\"name\":\"Home\",\"item\":\"https:\\\/\\\/firesifestes.es\\\/es\\\/\",\"nextItem\":{\"@type\":\"ListItem\",\"@id\":\"https:\\\/\\\/firesifestes.es\\\/es\\\/evento\\\/#listItem\",\"name\":\"Eventos\"}},{\"@type\":\"ListItem\",\"@id\":\"https:\\\/\\\/firesifestes.es\\\/es\\\/evento\\\/#listItem\",\"position\":2,\"name\":\"Eventos\",\"item\":\"https:\\\/\\\/firesifestes.es\\\/es\\\/evento\\\/\",\"nextItem\":{\"@type\":\"ListItem\",\"@id\":\"https:\\\/\\\/firesifestes.es\\\/es\\\/evento-tipo\\\/ferias-y-fiestas\\\/#listItem\",\"name\":\"Ferias y fiestas\"},\"previousItem\":{\"@type\":\"ListItem\",\"@id\":\"https:\\\/\\\/firesifestes.es\\\/es\\\/#listItem\",\"name\":\"Home\"}},{\"@type\":\"ListItem\",\"@id\":\"https:\\\/\\\/firesifestes.es\\\/es\\\/evento-tipo\\\/ferias-y-fiestas\\\/#listItem\",\"position\":3,\"name\":\"Ferias y fiestas\",\"item\":\"https:\\\/\\\/firesifestes.es\\\/es\\\/evento-tipo\\\/ferias-y-fiestas\\\/\",\"nextItem\":{\"@type\":\"ListItem\",\"@id\":\"https:\\\/\\\/firesifestes.es\\\/es\\\/evento\\\/super-tardeo-vuelta-al-cole\\\/#listItem\",\"name\":\"S\\u00faper Tardeo Vuelta al Cole\"},\"previousItem\":{\"@type\":\"ListItem\",\"@id\":\"https:\\\/\\\/firesifestes.es\\\/es\\\/evento\\\/#listItem\",\"name\":\"Eventos\"}},{\"@type\":\"ListItem\",\"@id\":\"https:\\\/\\\/firesifestes.es\\\/es\\\/evento\\\/super-tardeo-vuelta-al-cole\\\/#listItem\",\"position\":4,\"name\":\"S\\u00faper Tardeo Vuelta al Cole\",\"previousItem\":{\"@type\":\"ListItem\",\"@id\":\"https:\\\/\\\/firesifestes.es\\\/es\\\/evento-tipo\\\/ferias-y-fiestas\\\/#listItem\",\"name\":\"Ferias y fiestas\"}}]},{\"@type\":\"Organization\",\"@id\":\"https:\\\/\\\/firesifestes.es\\\/es\\\/#organization\",\"name\":\"Fires i festes\",\"description\":\"La mejor gu\\u00eda de ocio y cultura de Mallorca\",\"url\":\"https:\\\/\\\/firesifestes.es\\\/es\\\/\",\"numberOfEmployees\":{\"@type\":\"QuantitativeValue\",\"minValue\":0,\"maxValue\":10},\"logo\":{\"@type\":\"ImageObject\",\"url\":\"https:\\\/\\\/firesifestes.es\\\/wp-content\\\/uploads\\\/2024\\\/05\\\/logo-ff.png\",\"@id\":\"https:\\\/\\\/firesifestes.es\\\/es\\\/evento\\\/super-tardeo-vuelta-al-cole\\\/#organizationLogo\",\"width\":720,\"height\":333},\"image\":{\"@id\":\"https:\\\/\\\/firesifestes.es\\\/es\\\/evento\\\/super-tardeo-vuelta-al-cole\\\/#organizationLogo\"}},{\"@type\":\"Person\",\"@id\":\"https:\\\/\\\/firesifestes.es\\\/es\\\/author\\\/merce\\\/#author\",\"url\":\"https:\\\/\\\/firesifestes.es\\\/es\\\/author\\\/merce\\\/\",\"name\":\"Merc\\u00e8 Martorell\",\"jobTitle\":\"Redactor\",\"knowsLanguage\":[\"Catal\\u00e0\",\"Espa\\u00f1ol\"],\"image\":{\"@type\":\"ImageObject\",\"url\":\"https:\\\/\\\/firesifestes.es\\\/wp-content\\\/litespeed\\\/avatar\\\/7b2cd0f865fb555f76dbf2cb62d6864e.jpg?ver=1787739786\"}},{\"@type\":\"WebPage\",\"@id\":\"https:\\\/\\\/firesifestes.es\\\/es\\\/evento\\\/super-tardeo-vuelta-al-cole\\\/#webpage\",\"url\":\"https:\\\/\\\/firesifestes.es\\\/es\\\/evento\\\/super-tardeo-vuelta-al-cole\\\/\",\"name\":\"S\\u00faper Tardeo Vuelta al Cole - Fires i festes\",\"description\":\"Es Gremi recupera los recuerdos de toda una generaci\\u00f3n con el S\\u00faper Tardeo Vuelta al Cole, una fiesta dedicada a las canciones y momentos que marcaron los a\\u00f1os de colegio. La cita ser\\u00e1 el s\\u00e1bado 26 de septiembre a partir de las 18:00 horas, en las salas 1 + Zero de Es Gremi, Palma.\",\"inLanguage\":\"es-ES\",\"isPartOf\":{\"@id\":\"https:\\\/\\\/firesifestes.es\\\/es\\\/#website\"},\"breadcrumb\":{\"@id\":\"https:\\\/\\\/firesifestes.es\\\/es\\\/evento\\\/super-tardeo-vuelta-al-cole\\\/#breadcrumblist\"},\"author\":{\"@id\":\"https:\\\/\\\/firesifestes.es\\\/es\\\/author\\\/merce\\\/#author\"},\"creator\":{\"@id\":\"https:\\\/\\\/firesifestes.es\\\/es\\\/author\\\/merce\\\/#author\"},\"image\":{\"@type\":\"ImageObject\",\"url\":\"https:\\\/\\\/firesifestes.es\\\/wp-content\\\/uploads\\\/2026\\\/08\\\/tardeo-hoy.png\",\"@id\":\"https:\\\/\\\/firesifestes.es\\\/es\\\/evento\\\/super-tardeo-vuelta-al-cole\\\/#mainImage\",\"width\":505,\"height\":816},\"primaryImageOfPage\":{\"@id\":\"https:\\\/\\\/firesifestes.es\\\/es\\\/evento\\\/super-tardeo-vuelta-al-cole\\\/#mainImage\"},\"datePublished\":\"2026-08-14T13:49:38+02:00\",\"dateModified\":\"2026-08-14T13:50:20+02:00\"},{\"@type\":\"WebSite\",\"@id\":\"https:\\\/\\\/firesifestes.es\\\/es\\\/#website\",\"url\":\"https:\\\/\\\/firesifestes.es\\\/es\\\/\",\"name\":\"Fires i festes\",\"description\":\"La mejor gu\\u00eda de ocio y cultura de Mallorca\",\"inLanguage\":\"es-ES\",\"publisher\":{\"@id\":\"https:\\\/\\\/firesifestes.es\\\/es\\\/#organization\"}}]}\n\t\t<\/script>\n\t\t<!-- All in One SEO Pro -->\r\n\t\t<title>S\u00faper Tardeo Vuelta al Cole - Fires i festes<\/title>\n\n","aioseo_head_json":{"title":"S\u00faper Tardeo Vuelta al Cole - Fires i festes","description":"Es Gremi recupera los recuerdos de toda una generaci\u00f3n con el S\u00faper Tardeo Vuelta al Cole, una fiesta dedicada a las canciones y momentos que marcaron los a\u00f1os de colegio. La cita ser\u00e1 el s\u00e1bado 26 de septiembre a partir de las 18:00 horas, en las salas 1 + Zero de Es Gremi, Palma.","canonical_url":"https:\/\/firesifestes.es\/es\/evento\/super-tardeo-vuelta-al-cole\/","robots":"max-image-preview:large","keywords":"","webmasterTools":{"miscellaneous":""},"schema":{"@context":"https:\/\/schema.org","@graph":[{"@type":"BreadcrumbList","@id":"https:\/\/firesifestes.es\/es\/evento\/super-tardeo-vuelta-al-cole\/#breadcrumblist","itemListElement":[{"@type":"ListItem","@id":"https:\/\/firesifestes.es\/es\/#listItem","position":1,"name":"Home","item":"https:\/\/firesifestes.es\/es\/","nextItem":{"@type":"ListItem","@id":"https:\/\/firesifestes.es\/es\/evento\/#listItem","name":"Eventos"}},{"@type":"ListItem","@id":"https:\/\/firesifestes.es\/es\/evento\/#listItem","position":2,"name":"Eventos","item":"https:\/\/firesifestes.es\/es\/evento\/","nextItem":{"@type":"ListItem","@id":"https:\/\/firesifestes.es\/es\/evento-tipo\/ferias-y-fiestas\/#listItem","name":"Ferias y fiestas"},"previousItem":{"@type":"ListItem","@id":"https:\/\/firesifestes.es\/es\/#listItem","name":"Home"}},{"@type":"ListItem","@id":"https:\/\/firesifestes.es\/es\/evento-tipo\/ferias-y-fiestas\/#listItem","position":3,"name":"Ferias y fiestas","item":"https:\/\/firesifestes.es\/es\/evento-tipo\/ferias-y-fiestas\/","nextItem":{"@type":"ListItem","@id":"https:\/\/firesifestes.es\/es\/evento\/super-tardeo-vuelta-al-cole\/#listItem","name":"S\u00faper Tardeo Vuelta al Cole"},"previousItem":{"@type":"ListItem","@id":"https:\/\/firesifestes.es\/es\/evento\/#listItem","name":"Eventos"}},{"@type":"ListItem","@id":"https:\/\/firesifestes.es\/es\/evento\/super-tardeo-vuelta-al-cole\/#listItem","position":4,"name":"S\u00faper Tardeo Vuelta al Cole","previousItem":{"@type":"ListItem","@id":"https:\/\/firesifestes.es\/es\/evento-tipo\/ferias-y-fiestas\/#listItem","name":"Ferias y fiestas"}}]},{"@type":"Organization","@id":"https:\/\/firesifestes.es\/es\/#organization","name":"Fires i festes","description":"La mejor gu\u00eda de ocio y cultura de Mallorca","url":"https:\/\/firesifestes.es\/es\/","numberOfEmployees":{"@type":"QuantitativeValue","minValue":0,"maxValue":10},"logo":{"@type":"ImageObject","url":"https:\/\/firesifestes.es\/wp-content\/uploads\/2024\/05\/logo-ff.png","@id":"https:\/\/firesifestes.es\/es\/evento\/super-tardeo-vuelta-al-cole\/#organizationLogo","width":720,"height":333},"image":{"@id":"https:\/\/firesifestes.es\/es\/evento\/super-tardeo-vuelta-al-cole\/#organizationLogo"}},{"@type":"Person","@id":"https:\/\/firesifestes.es\/es\/author\/merce\/#author","url":"https:\/\/firesifestes.es\/es\/author\/merce\/","name":"Merc\u00e8 Martorell","jobTitle":"Redactor","knowsLanguage":["Catal\u00e0","Espa\u00f1ol"],"image":{"@type":"ImageObject","url":"https:\/\/firesifestes.es\/wp-content\/litespeed\/avatar\/7b2cd0f865fb555f76dbf2cb62d6864e.jpg?ver=1787739786"}},{"@type":"WebPage","@id":"https:\/\/firesifestes.es\/es\/evento\/super-tardeo-vuelta-al-cole\/#webpage","url":"https:\/\/firesifestes.es\/es\/evento\/super-tardeo-vuelta-al-cole\/","name":"S\u00faper Tardeo Vuelta al Cole - Fires i festes","description":"Es Gremi recupera los recuerdos de toda una generaci\u00f3n con el S\u00faper Tardeo Vuelta al Cole, una fiesta dedicada a las canciones y momentos que marcaron los a\u00f1os de colegio. La cita ser\u00e1 el s\u00e1bado 26 de septiembre a partir de las 18:00 horas, en las salas 1 + Zero de Es Gremi, Palma.","inLanguage":"es-ES","isPartOf":{"@id":"https:\/\/firesifestes.es\/es\/#website"},"breadcrumb":{"@id":"https:\/\/firesifestes.es\/es\/evento\/super-tardeo-vuelta-al-cole\/#breadcrumblist"},"author":{"@id":"https:\/\/firesifestes.es\/es\/author\/merce\/#author"},"creator":{"@id":"https:\/\/firesifestes.es\/es\/author\/merce\/#author"},"image":{"@type":"ImageObject","url":"https:\/\/firesifestes.es\/wp-content\/uploads\/2026\/08\/tardeo-hoy.png","@id":"https:\/\/firesifestes.es\/es\/evento\/super-tardeo-vuelta-al-cole\/#mainImage","width":505,"height":816},"primaryImageOfPage":{"@id":"https:\/\/firesifestes.es\/es\/evento\/super-tardeo-vuelta-al-cole\/#mainImage"},"datePublished":"2026-08-14T13:49:38+02:00","dateModified":"2026-08-14T13:50:20+02:00"},{"@type":"WebSite","@id":"https:\/\/firesifestes.es\/es\/#website","url":"https:\/\/firesifestes.es\/es\/","name":"Fires i festes","description":"La mejor gu\u00eda de ocio y cultura de Mallorca","inLanguage":"es-ES","publisher":{"@id":"https:\/\/firesifestes.es\/es\/#organization"}}]},"og:locale":"es_ES","og:site_name":"Fires i festes - La mejor gu\u00eda de ocio y cultura de Mallorca","og:type":"article","og:title":"S\u00faper Tardeo Vuelta al Cole - Fires i festes","og:description":"Es Gremi recupera los recuerdos de toda una generaci\u00f3n con el S\u00faper Tardeo Vuelta al Cole, una fiesta dedicada a las canciones y momentos que marcaron los a\u00f1os de colegio. La cita ser\u00e1 el s\u00e1bado 26 de septiembre a partir de las 18:00 horas, en las salas 1 + Zero de Es Gremi, Palma.","og:url":"https:\/\/firesifestes.es\/es\/evento\/super-tardeo-vuelta-al-cole\/","og:image":"https:\/\/firesifestes.es\/wp-content\/uploads\/2024\/05\/logo-ff.png","og:image:secure_url":"https:\/\/firesifestes.es\/wp-content\/uploads\/2024\/05\/logo-ff.png","article:published_time":"2026-08-14T11:49:38+00:00","article:modified_time":"2026-08-14T11:50:20+00:00","twitter:card":"summary_large_image","twitter:title":"S\u00faper Tardeo Vuelta al Cole - Fires i festes","twitter:description":"Es Gremi recupera los recuerdos de toda una generaci\u00f3n con el S\u00faper Tardeo Vuelta al Cole, una fiesta dedicada a las canciones y momentos que marcaron los a\u00f1os de colegio. La cita ser\u00e1 el s\u00e1bado 26 de septiembre a partir de las 18:00 horas, en las salas 1 + Zero de Es Gremi, Palma.","twitter:image":"https:\/\/firesifestes.es\/wp-content\/uploads\/2024\/05\/logo-ff.png"},"aioseo_meta_data":{"post_id":"16941","title":null,"description":null,"keywords":null,"keyphrases":{"focus":{"keyphrase":"","score":0,"analysis":{"keyphraseInTitle":{"score":0,"maxScore":9,"error":1}}},"additional":[]},"primary_term":null,"canonical_url":null,"og_title":null,"og_description":null,"og_object_type":"default","og_image_type":"default","og_image_url":null,"og_image_width":null,"og_image_height":null,"og_image_custom_url":null,"og_image_custom_fields":null,"og_video":"","og_custom_url":null,"og_article_section":null,"og_article_tags":null,"twitter_use_og":false,"twitter_card":"default","twitter_image_type":"default","twitter_image_url":null,"twitter_image_custom_url":null,"twitter_image_custom_fields":null,"twitter_title":null,"twitter_description":null,"schema":{"blockGraphs":[],"customGraphs":[],"default":{"data":{"Article":[],"Course":[],"Dataset":[],"FAQPage":[],"Movie":[],"Person":[],"Product":[],"ProductReview":[],"Car":[],"Recipe":[],"Service":[],"SoftwareApplication":[],"WebPage":[]},"graphName":"WebPage","isEnabled":true},"graphs":[]},"schema_type":"default","schema_type_options":null,"pillar_content":false,"robots_default":true,"robots_noindex":false,"robots_noarchive":false,"robots_nosnippet":false,"robots_nofollow":false,"robots_noimageindex":false,"robots_noodp":false,"robots_notranslate":false,"robots_max_snippet":"-1","robots_max_videopreview":"-1","robots_max_imagepreview":"large","priority":null,"frequency":"default","local_seo":null,"breadcrumb_settings":null,"limit_modified_date":false,"ai":{"faqs":[],"keyPoints":[],"schemas":[],"titles":[],"descriptions":[],"socialPosts":{"email":{"subject":"","preview":"","content":""},"linkedin":[],"twitter":[],"facebook":[],"instagram":[]}},"created":"2026-08-14 11:49:49","updated":"2026-08-14 11:53:49","seo_analyzer_scan_date":"2026-08-14 11:53:49","reviewed_by":"0","focus_keyword":null,"additional_keywords":null,"truseo_locale":null},"aioseo_breadcrumb":"<div class=\"aioseo-breadcrumbs\"><span class=\"aioseo-breadcrumb\">\n\t<a href=\"https:\/\/firesifestes.es\/es\/\" title=\"Home\">Home<\/a>\n<\/span><span class=\"aioseo-breadcrumb-separator\">&raquo;<\/span><span class=\"aioseo-breadcrumb\">\n\t<a href=\"https:\/\/firesifestes.es\/es\/evento\/\" title=\"Eventos\">Eventos<\/a>\n<\/span><span class=\"aioseo-breadcrumb-separator\">&raquo;<\/span><span class=\"aioseo-breadcrumb\">\n\t<a href=\"https:\/\/firesifestes.es\/es\/evento-tipo\/ferias-y-fiestas\/\" title=\"Ferias y fiestas\">Ferias y fiestas<\/a>\n<\/span><span class=\"aioseo-breadcrumb-separator\">&raquo;<\/span><span class=\"aioseo-breadcrumb\">\n\tS\u00faper Tardeo Vuelta al Cole\n<\/span><\/div>","aioseo_breadcrumb_json":[{"label":"Home","link":"https:\/\/firesifestes.es\/es\/"},{"label":"Eventos","link":"https:\/\/firesifestes.es\/es\/evento\/"},{"label":"Ferias y fiestas","link":"https:\/\/firesifestes.es\/es\/evento-tipo\/ferias-y-fiestas\/"},{"label":"S\u00faper Tardeo Vuelta al Cole","link":"https:\/\/firesifestes.es\/es\/evento\/super-tardeo-vuelta-al-cole\/"}],"_links":{"self":[{"href":"https:\/\/firesifestes.es\/es\/wp-json\/wp\/v2\/mec-events\/16941","targetHints":{"allow":["GET"]}}],"collection":[{"href":"https:\/\/firesifestes.es\/es\/wp-json\/wp\/v2\/mec-events"}],"about":[{"href":"https:\/\/firesifestes.es\/es\/wp-json\/wp\/v2\/types\/mec-events"}],"author":[{"embeddable":true,"href":"https:\/\/firesifestes.es\/es\/wp-json\/wp\/v2\/users\/5"}],"replies":[{"embeddable":true,"href":"https:\/\/firesifestes.es\/es\/wp-json\/wp\/v2\/comments?post=16941"}],"version-history":[{"count":1,"href":"https:\/\/firesifestes.es\/es\/wp-json\/wp\/v2\/mec-events\/16941\/revisions"}],"predecessor-version":[{"id":16942,"href":"https:\/\/firesifestes.es\/es\/wp-json\/wp\/v2\/mec-events\/16941\/revisions\/16942"}],"wp:featuredmedia":[{"embeddable":true,"href":"https:\/\/firesifestes.es\/es\/wp-json\/wp\/v2\/media\/16939"}],"wp:attachment":[{"href":"https:\/\/firesifestes.es\/es\/wp-json\/wp\/v2\/media?parent=16941"}],"wp:term":[{"taxonomy":"post_tag","embeddable":true,"href":"https:\/\/firesifestes.es\/es\/wp-json\/wp\/v2\/tags?post=16941"},{"taxonomy":"mec_category","embeddable":true,"href":"https:\/\/firesifestes.es\/es\/wp-json\/wp\/v2\/mec_category?post=16941"}],"curies":[{"name":"wp","href":"https:\/\/api.w.org\/{rel}","templated":true}]}}