{"id":9711,"date":"2025-03-05T11:55:47","date_gmt":"2025-03-05T10:55:47","guid":{"rendered":"https:\/\/firesifestes.es\/evento\/festival-paco-de-lucia-a-palma\/"},"modified":"2025-03-10T12:22:07","modified_gmt":"2025-03-10T11:22:07","slug":"festival-paco-de-lucia-a-palma","status":"publish","type":"mec-events","link":"https:\/\/firesifestes.es\/es\/evento\/festival-paco-de-lucia-a-palma\/","title":{"rendered":"Festival Paco de Luc\u00eda en Palma"},"content":{"rendered":"<p>Llega una nueva edici\u00f3n del Festival Paco de Luc\u00eda Mallorca. Durante el mes de marzo se podr\u00e1 disfrutar de conciertos y actividades relacionadas con el artista y el mundo del flamenco. Las actividades y conciertos que se llevar\u00e1n a cabo son los siguientes:<\/p>\n<p>\ud83c\udfb6 <strong>TALLER DE CAJA FLAMENCA<\/strong> \ud83e\udd41<br \/>\n\ud83d\udcc5 <strong>S\u00e1bado 8 de marzo<\/strong><br \/>\n\ud83d\udccd <strong>Fundaci\u00f3 Mir\u00f3 Mallorca<\/strong><\/p>\n<p>\ud83c\udf1f <strong>CONCIERTO DE ESTRELLA MORENTE<\/strong> \ud83c\udfa4<br \/>\n\ud83d\udcc5 <strong>S\u00e1bado 8 de marzo<\/strong><br \/>\n\ud83d\udccd <strong>Auditorium de Palma<\/strong><br \/>\n\u23f0 <strong>20.00h<\/strong><\/p>\n<p>\ud83c\udfb5 <strong>CONCIERTO DE CARMEN LINARES Y MARIA HEIN<\/strong> \ud83c\udfb6<br \/>\n\ud83d\udcc5 <strong>Domingo 9 de marzo<\/strong><br \/>\n\ud83d\udccd <strong>Teatre Principal de Palma<\/strong><br \/>\n\u23f0 <strong>18.00h<\/strong><\/p>\n<p>\ud83c\udfa5 <strong>PROYECCI\u00d3N DEL DOCUMENTAL \u00abLA GUITARRA FLAMENCA DE YERAI CORT\u00c9S\u00bb<\/strong> \ud83c\udfac<br \/>\n\ud83d\udcc5 <strong>Lunes 10 de marzo<\/strong><br \/>\n\ud83d\udccd <strong>Sala R\u00edvoli<\/strong><br \/>\n\u23f0 <strong>19.30h<\/strong><\/p>\n<p>\ud83c\udfb8 <strong>PRESENTACI\u00d3N DE \u00abGUITARRA CORAL\u00bb DE YERAI CORT\u00c9S<\/strong> \ud83c\udfb6<br \/>\n\ud83d\udcc5 <strong>Martes 11 de marzo<\/strong><br \/>\n\ud83d\udccd <strong>Trui Teatre<\/strong><br \/>\n\u23f0 <strong>20.00h<\/strong><\/p>\n<p>\ud83c\udfc6 <strong>II BECA DE TALENTOS J\u00d3VENES<\/strong> \ud83c\udf1f<br \/>\n\ud83d\udcc5 <strong>Mi\u00e9rcoles 12 de marzo<\/strong><br \/>\n\ud83d\udccd <strong>Teatre Xesc Forteza<\/strong><br \/>\n\u23f0 <strong>20.00h<\/strong><\/p>\n<p>\ud83d\udc83 <strong>MASTERCLASS DE FLAMENCO Y DANZA<\/strong> \ud83d\udd25<br \/>\n\ud83d\udcc5 <strong>Jueves 13 de marzo<\/strong><br \/>\n\ud83d\udccd <strong>Aljub de Es Baluard Museu d&#8217;Art Contemporani<\/strong><br \/>\n\u23f0 <strong>12.00h<\/strong><\/p>\n<p>\ud83c\udfb9 <strong>ANDR\u00c9S BARRIOS Y EL YIYO<\/strong> \ud83d\udc83\ud83c\udfb6<br \/>\n\ud83d\udcc5 <strong>Jueves 13 de marzo<\/strong><br \/>\n\ud83d\udccd <strong>Trui Teatre<\/strong><br \/>\n\u23f0 <strong>20.00h<\/strong><\/p>\n<p>\ud83c\udfa4 <strong>PRESENTACI\u00d3N DE \u00abAZABACHE\u00bb DE KIKI MORENTE<\/strong> \ud83c\udfb6<br \/>\n\ud83d\udcc5 <strong>Viernes 14 de marzo<\/strong><br \/>\n\ud83d\udccd <strong>Trui Teatre<\/strong><br \/>\n\u23f0 <strong>20.00h<\/strong><\/p>\n<p>&nbsp;<\/p>\n<p>&nbsp;<\/p>\n","protected":false},"excerpt":{"rendered":"<p>Llega una nueva edici\u00f3n del Festival Paco de Luc\u00eda Mallorca. Durante el mes de marzo se podr\u00e1 disfrutar de conciertos y actividades relacionadas con el artista y el mundo del flamenco. Las actividades y conciertos que se llevar\u00e1n a cabo son los siguientes: \ud83c\udfb6 TALLER DE CAJA FLAMENCA \ud83e\udd41 \ud83d\udcc5 S\u00e1bado 8 de marzo \ud83d\udccd [&hellip;]<\/p>\n","protected":false},"author":5,"featured_media":9709,"comment_status":"closed","ping_status":"closed","template":"","tags":[],"mec_category":[272],"class_list":["post-9711","mec-events","type-mec-events","status-publish","has-post-thumbnail","hentry","mec_category-musica-y-teatro"],"acf":[],"aioseo_notices":[],"_links":{"self":[{"href":"https:\/\/firesifestes.es\/es\/wp-json\/wp\/v2\/mec-events\/9711","targetHints":{"allow":["GET"]}}],"collection":[{"href":"https:\/\/firesifestes.es\/es\/wp-json\/wp\/v2\/mec-events"}],"about":[{"href":"https:\/\/firesifestes.es\/es\/wp-json\/wp\/v2\/types\/mec-events"}],"author":[{"embeddable":true,"href":"https:\/\/firesifestes.es\/es\/wp-json\/wp\/v2\/users\/5"}],"replies":[{"embeddable":true,"href":"https:\/\/firesifestes.es\/es\/wp-json\/wp\/v2\/comments?post=9711"}],"version-history":[{"count":0,"href":"https:\/\/firesifestes.es\/es\/wp-json\/wp\/v2\/mec-events\/9711\/revisions"}],"wp:featuredmedia":[{"embeddable":true,"href":"https:\/\/firesifestes.es\/es\/wp-json\/wp\/v2\/media\/9709"}],"wp:attachment":[{"href":"https:\/\/firesifestes.es\/es\/wp-json\/wp\/v2\/media?parent=9711"}],"wp:term":[{"taxonomy":"post_tag","embeddable":true,"href":"https:\/\/firesifestes.es\/es\/wp-json\/wp\/v2\/tags?post=9711"},{"taxonomy":"mec_category","embeddable":true,"href":"https:\/\/firesifestes.es\/es\/wp-json\/wp\/v2\/mec_category?post=9711"}],"curies":[{"name":"wp","href":"https:\/\/api.w.org\/{rel}","templated":true}]}}