{"id":4452,"date":"2024-04-16T15:34:38","date_gmt":"2024-04-16T13:34:38","guid":{"rendered":"https:\/\/www.firesifestes.es\/calendario\/"},"modified":"2025-02-19T10:34:18","modified_gmt":"2025-02-19T09:34:18","slug":"calendario","status":"publish","type":"page","link":"https:\/\/firesifestes.es\/es\/calendario\/","title":{"rendered":"Calendario"},"content":{"rendered":"\t\t<div data-elementor-type=\"wp-page\" data-elementor-id=\"4452\" class=\"elementor elementor-4452 elementor-416\" data-elementor-post-type=\"page\">\n\t\t\t\t<div class=\"elementor-element elementor-element-a2ce080 e-flex e-con-boxed e-con e-parent\" data-id=\"a2ce080\" data-element_type=\"container\" data-e-type=\"container\" data-settings=\"{&quot;background_background&quot;:&quot;classic&quot;}\">\n\t\t\t\t\t<div class=\"e-con-inner\">\n\t\t\t\t<div class=\"elementor-element elementor-element-f209b5c elementor-widget elementor-widget-heading\" data-id=\"f209b5c\" data-element_type=\"widget\" data-e-type=\"widget\" data-widget_type=\"heading.default\">\n\t\t\t\t<div class=\"elementor-widget-container\">\n\t\t\t\t\t<h2 class=\"elementor-heading-title elementor-size-default\">Calendario<\/h2>\t\t\t\t<\/div>\n\t\t\t\t<\/div>\n\t\t\t\t\t<\/div>\n\t\t\t\t<\/div>\n\t\t<div class=\"elementor-element elementor-element-624f2f5 e-flex e-con-boxed e-con e-parent\" data-id=\"624f2f5\" data-element_type=\"container\" data-e-type=\"container\">\n\t\t\t\t\t<div class=\"e-con-inner\">\n\t\t\t\t<div class=\"elementor-element elementor-element-9be158c elementor-widget elementor-widget-shortcode\" data-id=\"9be158c\" data-element_type=\"widget\" data-e-type=\"widget\" data-widget_type=\"shortcode.default\">\n\t\t\t\t<div class=\"elementor-widget-container\">\n\t\t\t\t\t\t\t<div class=\"elementor-shortcode\"><div id=\"mec_skin_7622\" class=\"mec-wrap colorskin-custom  \">\r\n\r\n    \r\n    <div class=\"mec-calendar \" id=\"mec_skin_events_7622_full\">\r\n        <div class=\"mec-calendar-topsec\">        <div class=\"mec-calendar-side mec-clear\">\r\n                        <div class=\"mec-skin-monthly-view-month-navigator-container\">\r\n                <div class=\"mec-month-navigator\" id=\"mec_month_navigator_7622_202609\"><div class=\"mec-previous-month mec-load-month mec-previous-month\" data-mec-year=\"2026\" data-mec-month=\"08\"><a href=\"#\" class=\"mec-load-month-link\"><i class=\"mec-sl-angle-left\"><\/i> agosto<\/a><\/div><div class=\"mec-calendar-header\"><h2>septiembre 2026<\/h2><\/div><div class=\"mec-next-month mec-load-month mec-next-month\" data-mec-year=\"2026\" data-mec-month=\"10\"><a href=\"#\" class=\"mec-load-month-link\">octubre <i class=\"mec-sl-angle-right\"><\/i><\/a><\/div><\/div>\r\n            <\/div>\r\n            \r\n            <div class=\"mec-calendar-table\" id=\"mec_skin_events_7622\">\r\n                <div class=\"mec-month-container mec-month-container-selected\" id=\"mec_monthly_view_month_7622_202609\" data-month-id=\"202609\"><dl class=\"mec-calendar-table-head\"><dt class=\"mec-calendar-day-head\">LU<\/dt><dt class=\"mec-calendar-day-head\">MA<\/dt><dt class=\"mec-calendar-day-head\">MI<\/dt><dt class=\"mec-calendar-day-head\">JU<\/dt><dt class=\"mec-calendar-day-head\">VI<\/dt><dt class=\"mec-calendar-day-head\">SA<\/dt><dt class=\"mec-calendar-day-head\">DO<\/dt><\/dl><dl class=\"mec-calendar-row\">\r\n    <dt class=\"mec-calendar-day mec-has-event \" data-mec-cell=\"20260831\" data-day=\"31\" data-month=\"202609\"><a href=\"#\" class=\"mec-has-event-a\">31<\/a><\/dt><dt class=\"mec-calendar-day mec-has-event  mec-selected-day\" data-mec-cell=\"20260901\" data-day=\"1\" data-month=\"202609\"><a href=\"#\" class=\"mec-has-event-a\">1<\/a><\/dt><\/dt><dt class=\"mec-calendar-day mec-has-event \" data-mec-cell=\"20260902\" data-day=\"2\" data-month=\"202609\"><a href=\"#\" class=\"mec-has-event-a\">2<\/a><\/dt><\/dt><dt class=\"mec-calendar-day mec-has-event \" data-mec-cell=\"20260903\" data-day=\"3\" data-month=\"202609\"><a href=\"#\" class=\"mec-has-event-a\">3<\/a><\/dt><\/dt><dt class=\"mec-calendar-day mec-has-event \" data-mec-cell=\"20260904\" data-day=\"4\" data-month=\"202609\"><a href=\"#\" class=\"mec-has-event-a\">4<\/a><\/dt><\/dt><dt class=\"mec-calendar-day mec-has-event \" data-mec-cell=\"20260905\" data-day=\"5\" data-month=\"202609\"><a href=\"#\" class=\"mec-has-event-a\">5<\/a><\/dt><\/dt><dt class=\"mec-calendar-day mec-has-event \" data-mec-cell=\"20260906\" data-day=\"6\" data-month=\"202609\"><a href=\"#\" class=\"mec-has-event-a\">6<\/a><\/dt><\/dt><\/dl><dl class=\"mec-calendar-row\"><dt class=\"mec-calendar-day mec-has-event \" data-mec-cell=\"20260907\" data-day=\"7\" data-month=\"202609\"><a href=\"#\" class=\"mec-has-event-a\">7<\/a><\/dt><\/dt><dt class=\"mec-calendar-day mec-has-event \" data-mec-cell=\"20260908\" data-day=\"8\" data-month=\"202609\"><a href=\"#\" class=\"mec-has-event-a\">8<\/a><\/dt><\/dt><dt class=\"mec-calendar-day mec-has-event \" data-mec-cell=\"20260909\" data-day=\"9\" data-month=\"202609\"><a href=\"#\" class=\"mec-has-event-a\">9<\/a><\/dt><\/dt><dt class=\"mec-calendar-day mec-has-event \" data-mec-cell=\"20260910\" data-day=\"10\" data-month=\"202609\"><a href=\"#\" class=\"mec-has-event-a\">10<\/a><\/dt><\/dt><dt class=\"mec-calendar-day mec-has-event \" data-mec-cell=\"20260911\" data-day=\"11\" data-month=\"202609\"><a href=\"#\" class=\"mec-has-event-a\">11<\/a><\/dt><\/dt><dt class=\"mec-calendar-day mec-has-event \" data-mec-cell=\"20260912\" data-day=\"12\" data-month=\"202609\"><a href=\"#\" class=\"mec-has-event-a\">12<\/a><\/dt><\/dt><dt class=\"mec-calendar-day mec-has-event \" data-mec-cell=\"20260913\" data-day=\"13\" data-month=\"202609\"><a href=\"#\" class=\"mec-has-event-a\">13<\/a><\/dt><\/dt><\/dl><dl class=\"mec-calendar-row\"><dt class=\"mec-calendar-day mec-has-event \" data-mec-cell=\"20260914\" data-day=\"14\" data-month=\"202609\"><a href=\"#\" class=\"mec-has-event-a\">14<\/a><\/dt><\/dt><dt class=\"mec-calendar-day mec-has-event \" data-mec-cell=\"20260915\" data-day=\"15\" data-month=\"202609\"><a href=\"#\" class=\"mec-has-event-a\">15<\/a><\/dt><\/dt><dt class=\"mec-calendar-day mec-has-event \" data-mec-cell=\"20260916\" data-day=\"16\" data-month=\"202609\"><a href=\"#\" class=\"mec-has-event-a\">16<\/a><\/dt><\/dt><dt class=\"mec-calendar-day mec-has-event \" data-mec-cell=\"20260917\" data-day=\"17\" data-month=\"202609\"><a href=\"#\" class=\"mec-has-event-a\">17<\/a><\/dt><\/dt><dt class=\"mec-calendar-day mec-has-event \" data-mec-cell=\"20260918\" data-day=\"18\" data-month=\"202609\"><a href=\"#\" class=\"mec-has-event-a\">18<\/a><\/dt><\/dt><dt class=\"mec-calendar-day mec-has-event \" data-mec-cell=\"20260919\" data-day=\"19\" data-month=\"202609\"><a href=\"#\" class=\"mec-has-event-a\">19<\/a><\/dt><\/dt><dt class=\"mec-calendar-day mec-has-event \" data-mec-cell=\"20260920\" data-day=\"20\" data-month=\"202609\"><a href=\"#\" class=\"mec-has-event-a\">20<\/a><\/dt><\/dt><\/dl><dl class=\"mec-calendar-row\"><dt class=\"mec-calendar-day mec-has-event \" data-mec-cell=\"20260921\" data-day=\"21\" data-month=\"202609\"><a href=\"#\" class=\"mec-has-event-a\">21<\/a><\/dt><\/dt><dt class=\"mec-calendar-day mec-has-event \" data-mec-cell=\"20260922\" data-day=\"22\" data-month=\"202609\"><a href=\"#\" class=\"mec-has-event-a\">22<\/a><\/dt><\/dt><dt class=\"mec-calendar-day mec-has-event \" data-mec-cell=\"20260923\" data-day=\"23\" data-month=\"202609\"><a href=\"#\" class=\"mec-has-event-a\">23<\/a><\/dt><\/dt><dt class=\"mec-calendar-day mec-has-event \" data-mec-cell=\"20260924\" data-day=\"24\" data-month=\"202609\"><a href=\"#\" class=\"mec-has-event-a\">24<\/a><\/dt><\/dt><dt class=\"mec-calendar-day mec-has-event \" data-mec-cell=\"20260925\" data-day=\"25\" data-month=\"202609\"><a href=\"#\" class=\"mec-has-event-a\">25<\/a><\/dt><\/dt><dt class=\"mec-calendar-day mec-has-event \" data-mec-cell=\"20260926\" data-day=\"26\" data-month=\"202609\"><a href=\"#\" class=\"mec-has-event-a\">26<\/a><\/dt><\/dt><dt class=\"mec-calendar-day mec-has-event \" data-mec-cell=\"20260927\" data-day=\"27\" data-month=\"202609\"><a href=\"#\" class=\"mec-has-event-a\">27<\/a><\/dt><\/dt><\/dl><dl class=\"mec-calendar-row\"><dt class=\"mec-calendar-day mec-has-event \" data-mec-cell=\"20260928\" data-day=\"28\" data-month=\"202609\"><a href=\"#\" class=\"mec-has-event-a\">28<\/a><\/dt><\/dt><dt class=\"mec-calendar-day mec-has-event \" data-mec-cell=\"20260929\" data-day=\"29\" data-month=\"202609\"><a href=\"#\" class=\"mec-has-event-a\">29<\/a><\/dt><\/dt><dt class=\"mec-calendar-day mec-has-event \" data-mec-cell=\"20260930\" data-day=\"30\" data-month=\"202609\"><a href=\"#\" class=\"mec-has-event-a\">30<\/a><\/dt><\/dt><dt class=\"mec-calendar-day mec-has-event \" data-mec-cell=\"20261001\" data-day=\"1\" data-month=\"202609\"><a href=\"#\" class=\"mec-has-event-a\">1<\/a><\/dt><dt class=\"mec-calendar-day mec-has-event \" data-mec-cell=\"20261002\" data-day=\"2\" data-month=\"202609\"><a href=\"#\" class=\"mec-has-event-a\">2<\/a><\/dt><dt class=\"mec-calendar-day mec-has-event \" data-mec-cell=\"20261003\" data-day=\"3\" data-month=\"202609\"><a href=\"#\" class=\"mec-has-event-a\">3<\/a><\/dt><dt class=\"mec-calendar-day mec-has-event \" data-mec-cell=\"20261004\" data-day=\"4\" data-month=\"202609\"><a href=\"#\" class=\"mec-has-event-a\">4<\/a><\/dt><\/dl>\r\n<\/div>\r\n            <\/div>\r\n\r\n                    <\/div>\r\n        <div class=\"mec-calendar-events-side mec-clear\"><div class=\"mec-month-side\" id=\"mec_month_side_7622_202609\"><div class=\"mec-calendar-events-sec\" id=\"mec-calendar-events-sec-7622-20260831\" data-mec-cell=\"20260831\" ><h6 class=\"mec-table-side-title\">Eventos para <span class=\"mec-color mec-table-side-day\"> 31st<\/span> agosto<\/h6><article class=\"mec-past-event mec-event-article \"><div class=\"mec-event-image\"><img loading=\"lazy\" decoding=\"async\" width=\"300\" height=\"171\" src=\"https:\/\/firesifestes.es\/wp-content\/uploads\/2024\/11\/Manacor-Mallorca-46.jpg\" class=\"attachment-thumblist size-thumblist wp-post-image\" alt=\"\" data-mec-postid=\"6798\" \/><\/div><div class=\"mec-monthly-contents\" style=\"width: calc(100% - 85px)\"><div class=\"mec-event-time mec-color\"><i class=\"mec-sl-clock-o\"><\/i> 08:00 - 17:00<\/div><h4 class=\"mec-event-title\"><a class=\"mec-color-hover\" data-event-id=\"6798\" href=\"https:\/\/firesifestes.es\/es\/evento\/cada-lunes-hay-mercado-en-manacor\/\" target=\"_self\" rel=\"noopener\">Cada lunes hay mercado en Manacor<\/a><span class=\"event-color\" style=\"background: #a3b745\"><\/span><\/h4><div class=\"mec-event-detail\">\r\n                        <div class=\"mec-event-loc-place\">Manacor<\/div>\r\n                        \r\n                    <\/div><\/div><div style=\"clear:both\"><\/div><\/article><article class=\"mec-event-article \"><div class=\"mec-event-image\"><img loading=\"lazy\" decoding=\"async\" width=\"300\" height=\"300\" src=\"https:\/\/firesifestes.es\/wp-content\/uploads\/2026\/01\/expo-la-chispa-magica-300x300.jpg\" class=\"attachment-thumblist size-thumblist wp-post-image\" alt=\"\" data-mec-postid=\"15831\" \/><\/div><div class=\"mec-monthly-contents\" style=\"width: calc(100% - 85px)\"><div class=\"mec-event-time mec-color\"><i class=\"mec-sl-clock-o\"><\/i> Evento de todo el d\u00eda<\/div><h4 class=\"mec-event-title\"><a class=\"mec-color-hover\" data-event-id=\"15831\" href=\"https:\/\/firesifestes.es\/es\/evento\/la-guspira-magica-ii\/\" target=\"_self\" rel=\"noopener\">La chispa m\u00e1gica II<\/a><\/h4><div class=\"mec-event-detail\">\r\n                        <div class=\"mec-event-loc-place\">Fundaci\u00f3 Mir\u00f3 Mallorca<\/div>\r\n                        \r\n                    <\/div><\/div><div style=\"clear:both\"><\/div><\/article><article class=\"mec-past-event mec-event-article \"><div class=\"mec-event-image\"><img loading=\"lazy\" decoding=\"async\" width=\"300\" height=\"300\" src=\"https:\/\/firesifestes.es\/wp-content\/uploads\/2026\/04\/art-de-mossa-300x300.png\" class=\"attachment-thumblist size-thumblist wp-post-image\" alt=\"\" data-mec-postid=\"16337\" \/><\/div><div class=\"mec-monthly-contents\" style=\"width: calc(100% - 85px)\"><h4 class=\"mec-event-title\"><a class=\"mec-color-hover\" data-event-id=\"16337\" href=\"https:\/\/firesifestes.es\/es\/evento\/artdemossa-2026\/\" target=\"_self\" rel=\"noopener\">Artdemossa 2026<\/a><\/h4><div class=\"mec-event-detail\">\r\n                        <div class=\"mec-event-loc-place\">Valldemossa<\/div>\r\n                        \r\n                    <\/div><\/div><div style=\"clear:both\"><\/div><\/article><article class=\"mec-event-article \"><div class=\"mec-event-image\"><img loading=\"lazy\" decoding=\"async\" width=\"300\" height=\"300\" src=\"https:\/\/firesifestes.es\/wp-content\/uploads\/2026\/04\/colores-300x300.webp\" class=\"attachment-thumblist size-thumblist wp-post-image\" alt=\"\" data-mec-postid=\"16402\" \/><\/div><div class=\"mec-monthly-contents\" style=\"width: calc(100% - 85px)\"><h4 class=\"mec-event-title\"><a class=\"mec-color-hover\" data-event-id=\"16402\" href=\"https:\/\/firesifestes.es\/es\/evento\/un-viatge-visual-pels-colors-del-planeta\/\" target=\"_self\" rel=\"noopener\">Un viaje visual por los colores del planeta<\/a><\/h4><div class=\"mec-event-detail\">\r\n                        <div class=\"mec-event-loc-place\">Palma<\/div>\r\n                        \r\n                    <\/div><\/div><div style=\"clear:both\"><\/div><\/article><article class=\"mec-event-article \"><div class=\"mec-event-image\"><img loading=\"lazy\" decoding=\"async\" width=\"300\" height=\"300\" src=\"https:\/\/firesifestes.es\/wp-content\/uploads\/2026\/08\/carta-nautica-300x300.png\" class=\"attachment-thumblist size-thumblist wp-post-image\" alt=\"\" data-mec-postid=\"16903\" \/><\/div><div class=\"mec-monthly-contents\" style=\"width: calc(100% - 85px)\"><h4 class=\"mec-event-title\"><a class=\"mec-color-hover\" data-event-id=\"16903\" href=\"https:\/\/firesifestes.es\/es\/evento\/la-carta-nautica-de-pere-rossell\/\" target=\"_self\" rel=\"noopener\">La Carta N\u00e0utica de Pere Rossell<\/a><\/h4><div class=\"mec-event-detail\">\r\n                        <div class=\"mec-event-loc-place\">Palma<\/div>\r\n                        \r\n                    <\/div><\/div><div style=\"clear:both\"><\/div><\/article><article class=\"mec-event-article \"><div class=\"mec-event-image\"><img loading=\"lazy\" decoding=\"async\" width=\"300\" height=\"300\" src=\"https:\/\/firesifestes.es\/wp-content\/uploads\/2026\/08\/mayurqa-300x300.png\" class=\"attachment-thumblist size-thumblist wp-post-image\" alt=\"\" data-mec-postid=\"16915\" \/><\/div><div class=\"mec-monthly-contents\" style=\"width: calc(100% - 85px)\"><h4 class=\"mec-event-title\"><a class=\"mec-color-hover\" data-event-id=\"16915\" href=\"https:\/\/firesifestes.es\/es\/evento\/mayurqa-vacances-de-horacio-sapere\/\" target=\"_self\" rel=\"noopener\">\u00abMayurqa Vacances\u00bb, de Horacio Sapere<\/a><\/h4><div class=\"mec-event-detail\">\r\n                        <div class=\"mec-event-loc-place\">Ses Salines<\/div>\r\n                        \r\n                    <\/div><\/div><div style=\"clear:both\"><\/div><\/article><article class=\"mec-past-event mec-event-article \"><div class=\"mec-event-image\"><img loading=\"lazy\" decoding=\"async\" width=\"300\" height=\"300\" src=\"https:\/\/firesifestes.es\/wp-content\/uploads\/2025\/03\/Captura-de-pantalla-2025-03-10-a-las-10.12.04-300x300.png\" class=\"attachment-thumblist size-thumblist wp-post-image\" alt=\"\" data-mec-postid=\"9953\" \/><\/div><div class=\"mec-monthly-contents\" style=\"width: calc(100% - 85px)\"><div class=\"mec-event-time mec-color\"><i class=\"mec-sl-clock-o\"><\/i> 09:00 - 14:00<\/div><h4 class=\"mec-event-title\"><a class=\"mec-color-hover\" data-event-id=\"9953\" href=\"https:\/\/firesifestes.es\/es\/evento\/mercat-setmanal-dandratx\/\" target=\"_self\" rel=\"noopener\">Mercado semanal de Andratx<\/a><span class=\"event-color\" style=\"background: #a3b745\"><\/span><\/h4><div class=\"mec-event-detail\">\r\n                        <div class=\"mec-event-loc-place\">Andratx<\/div>\r\n                        \r\n                    <\/div><\/div><div style=\"clear:both\"><\/div><\/article><article class=\"mec-past-event mec-event-article \"><div class=\"mec-event-image\"><img loading=\"lazy\" decoding=\"async\" width=\"300\" height=\"300\" src=\"https:\/\/firesifestes.es\/wp-content\/uploads\/2025\/06\/pollenca-300x300.jpeg\" class=\"attachment-thumblist size-thumblist wp-post-image\" alt=\"\" data-mec-postid=\"13449\" \/><\/div><div class=\"mec-monthly-contents\" style=\"width: calc(100% - 85px)\"><div class=\"mec-event-time mec-color\"><i class=\"mec-sl-clock-o\"><\/i> 10:00 - 14:00<\/div><h4 class=\"mec-event-title\"><a class=\"mec-color-hover\" data-event-id=\"13449\" href=\"https:\/\/firesifestes.es\/es\/evento\/54e-certamen-biennal-dart-de-pollenca\/\" target=\"_self\" rel=\"noopener\">54\u00ba Certamen Biennal de Arte de Pollen\u00e7a<\/a><span class=\"event-color\" style=\"background: #e14d43\"><\/span><\/h4><div class=\"mec-event-detail\">\r\n                        <div class=\"mec-event-loc-place\">Pollen\u00e7a<\/div>\r\n                        \r\n                    <\/div><\/div><div style=\"clear:both\"><\/div><\/article><\/div><div class=\"mec-calendar-events-sec\" id=\"mec-calendar-events-sec-7622-20260901\" data-mec-cell=\"20260901\"  style=\"display: block;\"><h6 class=\"mec-table-side-title\">Eventos para <span class=\"mec-color mec-table-side-day\"> 1st<\/span> septiembre<\/h6><article class=\"mec-event-article \"><div class=\"mec-event-image\"><img loading=\"lazy\" decoding=\"async\" width=\"300\" height=\"300\" src=\"https:\/\/firesifestes.es\/wp-content\/uploads\/2025\/02\/mercat-arta-300x300.jpg\" class=\"attachment-thumblist size-thumblist wp-post-image\" alt=\"\" data-mec-postid=\"7416\" \/><\/div><div class=\"mec-monthly-contents\" style=\"width: calc(100% - 85px)\"><div class=\"mec-event-time mec-color\"><i class=\"mec-sl-clock-o\"><\/i> 08:00 - 17:00<\/div><h4 class=\"mec-event-title\"><a class=\"mec-color-hover\" data-event-id=\"7416\" href=\"https:\/\/firesifestes.es\/es\/evento\/mercado-tradicional-de-arta\/\" target=\"_self\" rel=\"noopener\">Mercado tradicional de Art\u00e0<\/a><span class=\"event-color\" style=\"background: #a3b745\"><\/span><\/h4><div class=\"mec-event-detail\">\r\n                        <div class=\"mec-event-loc-place\"><\/div>\r\n                        \r\n                    <\/div><\/div><div style=\"clear:both\"><\/div><\/article><article class=\"mec-event-article \"><div class=\"mec-event-image\"><img loading=\"lazy\" decoding=\"async\" width=\"300\" height=\"300\" src=\"https:\/\/firesifestes.es\/wp-content\/uploads\/2025\/03\/santa-maria-300x300.jpeg\" class=\"attachment-thumblist size-thumblist wp-post-image\" alt=\"\" data-mec-postid=\"9923\" \/><\/div><div class=\"mec-monthly-contents\" style=\"width: calc(100% - 85px)\"><div class=\"mec-event-time mec-color\"><i class=\"mec-sl-clock-o\"><\/i> 08:00 - 13:30<\/div><h4 class=\"mec-event-title\"><a class=\"mec-color-hover\" data-event-id=\"9923\" href=\"https:\/\/firesifestes.es\/es\/evento\/mercat-setmanal-a-alcudia\/\" target=\"_self\" rel=\"noopener\">Mercado semanal en Alc\u00fadia<\/a><span class=\"event-color\" style=\"background: #a3b745\"><\/span><\/h4><div class=\"mec-event-detail\">\r\n                        <div class=\"mec-event-loc-place\">Alcudia<\/div>\r\n                        \r\n                    <\/div><\/div><div style=\"clear:both\"><\/div><\/article><article class=\"mec-event-article \"><div class=\"mec-event-image\"><img loading=\"lazy\" decoding=\"async\" width=\"300\" height=\"300\" src=\"https:\/\/firesifestes.es\/wp-content\/uploads\/2025\/03\/iStock-493583862-300x300.jpg\" class=\"attachment-thumblist size-thumblist wp-post-image\" alt=\"\" data-mec-postid=\"9943\" \/><\/div><div class=\"mec-monthly-contents\" style=\"width: calc(100% - 85px)\"><div class=\"mec-event-time mec-color\"><i class=\"mec-sl-clock-o\"><\/i> 08:00 - 14:00<\/div><h4 class=\"mec-event-title\"><a class=\"mec-color-hover\" data-event-id=\"9943\" href=\"https:\/\/firesifestes.es\/es\/evento\/mercado-semanal-de-pina\/\" target=\"_self\" rel=\"noopener\">Mercado semanal de Pina<\/a><span class=\"event-color\" style=\"background: #a3b745\"><\/span><\/h4><div class=\"mec-event-detail\">\r\n                        <div class=\"mec-event-loc-place\">Pina<\/div>\r\n                        \r\n                    <\/div><\/div><div style=\"clear:both\"><\/div><\/article><article class=\"mec-event-article \"><div class=\"mec-event-image\"><img loading=\"lazy\" decoding=\"async\" width=\"300\" height=\"300\" src=\"https:\/\/firesifestes.es\/wp-content\/uploads\/2026\/01\/expo-la-chispa-magica-300x300.jpg\" class=\"attachment-thumblist size-thumblist wp-post-image\" alt=\"\" data-mec-postid=\"15831\" \/><\/div><div class=\"mec-monthly-contents\" style=\"width: calc(100% - 85px)\"><div class=\"mec-event-time mec-color\"><i class=\"mec-sl-clock-o\"><\/i> Evento de todo el d\u00eda<\/div><h4 class=\"mec-event-title\"><a class=\"mec-color-hover\" data-event-id=\"15831\" href=\"https:\/\/firesifestes.es\/es\/evento\/la-guspira-magica-ii\/\" target=\"_self\" rel=\"noopener\">La chispa m\u00e1gica II<\/a><\/h4><div class=\"mec-event-detail\">\r\n                        <div class=\"mec-event-loc-place\">Fundaci\u00f3 Mir\u00f3 Mallorca<\/div>\r\n                        \r\n                    <\/div><\/div><div style=\"clear:both\"><\/div><\/article><article class=\"mec-event-article \"><div class=\"mec-event-image\"><img loading=\"lazy\" decoding=\"async\" width=\"300\" height=\"300\" src=\"https:\/\/firesifestes.es\/wp-content\/uploads\/2026\/04\/colores-300x300.webp\" class=\"attachment-thumblist size-thumblist wp-post-image\" alt=\"\" data-mec-postid=\"16402\" \/><\/div><div class=\"mec-monthly-contents\" style=\"width: calc(100% - 85px)\"><h4 class=\"mec-event-title\"><a class=\"mec-color-hover\" data-event-id=\"16402\" href=\"https:\/\/firesifestes.es\/es\/evento\/un-viatge-visual-pels-colors-del-planeta\/\" target=\"_self\" rel=\"noopener\">Un viaje visual por los colores del planeta<\/a><\/h4><div class=\"mec-event-detail\">\r\n                        <div class=\"mec-event-loc-place\">Palma<\/div>\r\n                        \r\n                    <\/div><\/div><div style=\"clear:both\"><\/div><\/article><article class=\"mec-event-article \"><div class=\"mec-event-image\"><img loading=\"lazy\" decoding=\"async\" width=\"300\" height=\"300\" src=\"https:\/\/firesifestes.es\/wp-content\/uploads\/2026\/08\/carta-nautica-300x300.png\" class=\"attachment-thumblist size-thumblist wp-post-image\" alt=\"\" data-mec-postid=\"16903\" \/><\/div><div class=\"mec-monthly-contents\" style=\"width: calc(100% - 85px)\"><h4 class=\"mec-event-title\"><a class=\"mec-color-hover\" data-event-id=\"16903\" href=\"https:\/\/firesifestes.es\/es\/evento\/la-carta-nautica-de-pere-rossell\/\" target=\"_self\" rel=\"noopener\">La Carta N\u00e0utica de Pere Rossell<\/a><\/h4><div class=\"mec-event-detail\">\r\n                        <div class=\"mec-event-loc-place\">Palma<\/div>\r\n                        \r\n                    <\/div><\/div><div style=\"clear:both\"><\/div><\/article><article class=\"mec-event-article \"><div class=\"mec-event-image\"><img loading=\"lazy\" decoding=\"async\" width=\"300\" height=\"300\" src=\"https:\/\/firesifestes.es\/wp-content\/uploads\/2026\/08\/mayurqa-300x300.png\" class=\"attachment-thumblist size-thumblist wp-post-image\" alt=\"\" data-mec-postid=\"16915\" \/><\/div><div class=\"mec-monthly-contents\" style=\"width: calc(100% - 85px)\"><h4 class=\"mec-event-title\"><a class=\"mec-color-hover\" data-event-id=\"16915\" href=\"https:\/\/firesifestes.es\/es\/evento\/mayurqa-vacances-de-horacio-sapere\/\" target=\"_self\" rel=\"noopener\">\u00abMayurqa Vacances\u00bb, de Horacio Sapere<\/a><\/h4><div class=\"mec-event-detail\">\r\n                        <div class=\"mec-event-loc-place\">Ses Salines<\/div>\r\n                        \r\n                    <\/div><\/div><div style=\"clear:both\"><\/div><\/article><article class=\"mec-event-article \"><div class=\"mec-event-image\"><img loading=\"lazy\" decoding=\"async\" width=\"300\" height=\"300\" src=\"https:\/\/firesifestes.es\/wp-content\/uploads\/2025\/03\/Captura-de-pantalla-2025-03-10-a-las-10.19.22-300x300.png\" class=\"attachment-thumblist size-thumblist wp-post-image\" alt=\"\" data-mec-postid=\"9966\" \/><\/div><div class=\"mec-monthly-contents\" style=\"width: calc(100% - 85px)\"><div class=\"mec-event-time mec-color\"><i class=\"mec-sl-clock-o\"><\/i> 10:00 - 14:00<\/div><h4 class=\"mec-event-title\"><a class=\"mec-color-hover\" data-event-id=\"9966\" href=\"https:\/\/firesifestes.es\/es\/evento\/mercat-darta\/\" target=\"_self\" rel=\"noopener\">Mercado semanal de Art\u00e0<\/a><span class=\"event-color\" style=\"background: #a3b745\"><\/span><\/h4><div class=\"mec-event-detail\">\r\n                        <div class=\"mec-event-loc-place\">Arta<\/div>\r\n                        \r\n                    <\/div><\/div><div style=\"clear:both\"><\/div><\/article><article class=\"mec-event-article \"><div class=\"mec-event-image\"><img loading=\"lazy\" decoding=\"async\" width=\"300\" height=\"300\" src=\"https:\/\/firesifestes.es\/wp-content\/uploads\/2025\/06\/pollenca-300x300.jpeg\" class=\"attachment-thumblist size-thumblist wp-post-image\" alt=\"\" data-mec-postid=\"13449\" \/><\/div><div class=\"mec-monthly-contents\" style=\"width: calc(100% - 85px)\"><div class=\"mec-event-time mec-color\"><i class=\"mec-sl-clock-o\"><\/i> 10:00 - 14:00<\/div><h4 class=\"mec-event-title\"><a class=\"mec-color-hover\" data-event-id=\"13449\" href=\"https:\/\/firesifestes.es\/es\/evento\/54e-certamen-biennal-dart-de-pollenca\/\" target=\"_self\" rel=\"noopener\">54\u00ba Certamen Biennal de Arte de Pollen\u00e7a<\/a><span class=\"event-color\" style=\"background: #e14d43\"><\/span><\/h4><div class=\"mec-event-detail\">\r\n                        <div class=\"mec-event-loc-place\">Pollen\u00e7a<\/div>\r\n                        \r\n                    <\/div><\/div><div style=\"clear:both\"><\/div><\/article><article class=\"mec-event-article \"><div class=\"mec-event-image\"><img loading=\"lazy\" decoding=\"async\" width=\"300\" height=\"300\" src=\"https:\/\/firesifestes.es\/wp-content\/uploads\/2025\/04\/correvins-300x300.png\" class=\"attachment-thumblist size-thumblist wp-post-image\" alt=\"\" data-mec-postid=\"12010\" \/><\/div><div class=\"mec-monthly-contents\" style=\"width: calc(100% - 85px)\"><div class=\"mec-event-time mec-color\"><i class=\"mec-sl-clock-o\"><\/i> 19:00 - 22:00<\/div><h4 class=\"mec-event-title\"><a class=\"mec-color-hover\" data-event-id=\"12010\" href=\"https:\/\/firesifestes.es\/es\/evento\/corre-vins-a-palma\/\" target=\"_self\" rel=\"noopener\">Corre Vins a Palma<\/a><span class=\"event-color\" style=\"background: #fdd700\"><\/span><\/h4><div class=\"mec-event-detail\">\r\n                        <div class=\"mec-event-loc-place\">Palma<\/div>\r\n                        \r\n                    <\/div><\/div><div style=\"clear:both\"><\/div><\/article><\/div><div class=\"mec-calendar-events-sec\" id=\"mec-calendar-events-sec-7622-20260902\" data-mec-cell=\"20260902\" ><h6 class=\"mec-table-side-title\">Eventos para <span class=\"mec-color mec-table-side-day\"> 2nd<\/span> septiembre<\/h6><article class=\"mec-event-article \"><div class=\"mec-event-image\"><img loading=\"lazy\" decoding=\"async\" width=\"300\" height=\"205\" src=\"https:\/\/firesifestes.es\/wp-content\/uploads\/2024\/05\/mercat-sineu-15.jpg\" class=\"attachment-thumblist size-thumblist wp-post-image\" alt=\"\" data-mec-postid=\"7415\" \/><\/div><div class=\"mec-monthly-contents\" style=\"width: calc(100% - 85px)\"><div class=\"mec-event-time mec-color\"><i class=\"mec-sl-clock-o\"><\/i> 08:00 - 12:00<\/div><h4 class=\"mec-event-title\"><a class=\"mec-color-hover\" data-event-id=\"7415\" href=\"https:\/\/firesifestes.es\/es\/evento\/mercat-de-sineu-700-anos-de-historia\/\" target=\"_self\" rel=\"noopener\">Mercat de Sineu: 700 a\u00f1os de historia<\/a><span class=\"event-color\" style=\"background: #a3b745\"><\/span><\/h4><div class=\"mec-event-detail\">\r\n                        <div class=\"mec-event-loc-place\"><\/div>\r\n                        \r\n                    <\/div><\/div><div style=\"clear:both\"><\/div><\/article><article class=\"mec-event-article \"><div class=\"mec-event-image\"><img loading=\"lazy\" decoding=\"async\" width=\"300\" height=\"300\" src=\"https:\/\/firesifestes.es\/wp-content\/uploads\/2026\/01\/expo-la-chispa-magica-300x300.jpg\" class=\"attachment-thumblist size-thumblist wp-post-image\" alt=\"\" data-mec-postid=\"15831\" \/><\/div><div class=\"mec-monthly-contents\" style=\"width: calc(100% - 85px)\"><div class=\"mec-event-time mec-color\"><i class=\"mec-sl-clock-o\"><\/i> Evento de todo el d\u00eda<\/div><h4 class=\"mec-event-title\"><a class=\"mec-color-hover\" data-event-id=\"15831\" href=\"https:\/\/firesifestes.es\/es\/evento\/la-guspira-magica-ii\/\" target=\"_self\" rel=\"noopener\">La chispa m\u00e1gica II<\/a><\/h4><div class=\"mec-event-detail\">\r\n                        <div class=\"mec-event-loc-place\">Fundaci\u00f3 Mir\u00f3 Mallorca<\/div>\r\n                        \r\n                    <\/div><\/div><div style=\"clear:both\"><\/div><\/article><article class=\"mec-event-article \"><div class=\"mec-event-image\"><img loading=\"lazy\" decoding=\"async\" width=\"300\" height=\"300\" src=\"https:\/\/firesifestes.es\/wp-content\/uploads\/2026\/04\/colores-300x300.webp\" class=\"attachment-thumblist size-thumblist wp-post-image\" alt=\"\" data-mec-postid=\"16402\" \/><\/div><div class=\"mec-monthly-contents\" style=\"width: calc(100% - 85px)\"><h4 class=\"mec-event-title\"><a class=\"mec-color-hover\" data-event-id=\"16402\" href=\"https:\/\/firesifestes.es\/es\/evento\/un-viatge-visual-pels-colors-del-planeta\/\" target=\"_self\" rel=\"noopener\">Un viaje visual por los colores del planeta<\/a><\/h4><div class=\"mec-event-detail\">\r\n                        <div class=\"mec-event-loc-place\">Palma<\/div>\r\n                        \r\n                    <\/div><\/div><div style=\"clear:both\"><\/div><\/article><article class=\"mec-event-article \"><div class=\"mec-event-image\"><img loading=\"lazy\" decoding=\"async\" width=\"300\" height=\"300\" src=\"https:\/\/firesifestes.es\/wp-content\/uploads\/2026\/08\/carta-nautica-300x300.png\" class=\"attachment-thumblist size-thumblist wp-post-image\" alt=\"\" data-mec-postid=\"16903\" \/><\/div><div class=\"mec-monthly-contents\" style=\"width: calc(100% - 85px)\"><h4 class=\"mec-event-title\"><a class=\"mec-color-hover\" data-event-id=\"16903\" href=\"https:\/\/firesifestes.es\/es\/evento\/la-carta-nautica-de-pere-rossell\/\" target=\"_self\" rel=\"noopener\">La Carta N\u00e0utica de Pere Rossell<\/a><\/h4><div class=\"mec-event-detail\">\r\n                        <div class=\"mec-event-loc-place\">Palma<\/div>\r\n                        \r\n                    <\/div><\/div><div style=\"clear:both\"><\/div><\/article><article class=\"mec-event-article \"><div class=\"mec-event-image\"><img loading=\"lazy\" decoding=\"async\" width=\"300\" height=\"300\" src=\"https:\/\/firesifestes.es\/wp-content\/uploads\/2026\/08\/mayurqa-300x300.png\" class=\"attachment-thumblist size-thumblist wp-post-image\" alt=\"\" data-mec-postid=\"16915\" \/><\/div><div class=\"mec-monthly-contents\" style=\"width: calc(100% - 85px)\"><h4 class=\"mec-event-title\"><a class=\"mec-color-hover\" data-event-id=\"16915\" href=\"https:\/\/firesifestes.es\/es\/evento\/mayurqa-vacances-de-horacio-sapere\/\" target=\"_self\" rel=\"noopener\">\u00abMayurqa Vacances\u00bb, de Horacio Sapere<\/a><\/h4><div class=\"mec-event-detail\">\r\n                        <div class=\"mec-event-loc-place\">Ses Salines<\/div>\r\n                        \r\n                    <\/div><\/div><div style=\"clear:both\"><\/div><\/article><article class=\"mec-event-article \"><div class=\"mec-event-image\"><img loading=\"lazy\" decoding=\"async\" width=\"300\" height=\"300\" src=\"https:\/\/firesifestes.es\/wp-content\/uploads\/2025\/06\/pollenca-300x300.jpeg\" class=\"attachment-thumblist size-thumblist wp-post-image\" alt=\"\" data-mec-postid=\"13449\" \/><\/div><div class=\"mec-monthly-contents\" style=\"width: calc(100% - 85px)\"><div class=\"mec-event-time mec-color\"><i class=\"mec-sl-clock-o\"><\/i> 10:00 - 14:00<\/div><h4 class=\"mec-event-title\"><a class=\"mec-color-hover\" data-event-id=\"13449\" href=\"https:\/\/firesifestes.es\/es\/evento\/54e-certamen-biennal-dart-de-pollenca\/\" target=\"_self\" rel=\"noopener\">54\u00ba Certamen Biennal de Arte de Pollen\u00e7a<\/a><span class=\"event-color\" style=\"background: #e14d43\"><\/span><\/h4><div class=\"mec-event-detail\">\r\n                        <div class=\"mec-event-loc-place\">Pollen\u00e7a<\/div>\r\n                        \r\n                    <\/div><\/div><div style=\"clear:both\"><\/div><\/article><article class=\"mec-event-article \"><div class=\"mec-event-image\"><img loading=\"lazy\" decoding=\"async\" width=\"300\" height=\"300\" src=\"https:\/\/firesifestes.es\/wp-content\/uploads\/2025\/04\/correvins-300x300.png\" class=\"attachment-thumblist size-thumblist wp-post-image\" alt=\"\" data-mec-postid=\"12015\" \/><\/div><div class=\"mec-monthly-contents\" style=\"width: calc(100% - 85px)\"><div class=\"mec-event-time mec-color\"><i class=\"mec-sl-clock-o\"><\/i> 19:00 - 22:00<\/div><h4 class=\"mec-event-title\"><a class=\"mec-color-hover\" data-event-id=\"12015\" href=\"https:\/\/firesifestes.es\/es\/evento\/corre-vins-a-palma-2\/\" target=\"_self\" rel=\"noopener\">Corre Vins a Palma<\/a><span class=\"event-color\" style=\"background: #fdd700\"><\/span><\/h4><div class=\"mec-event-detail\">\r\n                        <div class=\"mec-event-loc-place\">Palma<\/div>\r\n                        \r\n                    <\/div><\/div><div style=\"clear:both\"><\/div><\/article><\/div><div class=\"mec-calendar-events-sec\" id=\"mec-calendar-events-sec-7622-20260903\" data-mec-cell=\"20260903\" ><h6 class=\"mec-table-side-title\">Eventos para <span class=\"mec-color mec-table-side-day\"> 3rd<\/span> septiembre<\/h6><article class=\"mec-event-article \"><div class=\"mec-event-image\"><img loading=\"lazy\" decoding=\"async\" width=\"300\" height=\"300\" src=\"https:\/\/firesifestes.es\/wp-content\/uploads\/2026\/01\/expo-la-chispa-magica-300x300.jpg\" class=\"attachment-thumblist size-thumblist wp-post-image\" alt=\"\" data-mec-postid=\"15831\" \/><\/div><div class=\"mec-monthly-contents\" style=\"width: calc(100% - 85px)\"><div class=\"mec-event-time mec-color\"><i class=\"mec-sl-clock-o\"><\/i> Evento de todo el d\u00eda<\/div><h4 class=\"mec-event-title\"><a class=\"mec-color-hover\" data-event-id=\"15831\" href=\"https:\/\/firesifestes.es\/es\/evento\/la-guspira-magica-ii\/\" target=\"_self\" rel=\"noopener\">La chispa m\u00e1gica II<\/a><\/h4><div class=\"mec-event-detail\">\r\n                        <div class=\"mec-event-loc-place\">Fundaci\u00f3 Mir\u00f3 Mallorca<\/div>\r\n                        \r\n                    <\/div><\/div><div style=\"clear:both\"><\/div><\/article><article class=\"mec-event-article \"><div class=\"mec-event-image\"><img loading=\"lazy\" decoding=\"async\" width=\"300\" height=\"300\" src=\"https:\/\/firesifestes.es\/wp-content\/uploads\/2026\/04\/colores-300x300.webp\" class=\"attachment-thumblist size-thumblist wp-post-image\" alt=\"\" data-mec-postid=\"16402\" \/><\/div><div class=\"mec-monthly-contents\" style=\"width: calc(100% - 85px)\"><h4 class=\"mec-event-title\"><a class=\"mec-color-hover\" data-event-id=\"16402\" href=\"https:\/\/firesifestes.es\/es\/evento\/un-viatge-visual-pels-colors-del-planeta\/\" target=\"_self\" rel=\"noopener\">Un viaje visual por los colores del planeta<\/a><\/h4><div class=\"mec-event-detail\">\r\n                        <div class=\"mec-event-loc-place\">Palma<\/div>\r\n                        \r\n                    <\/div><\/div><div style=\"clear:both\"><\/div><\/article><article class=\"mec-event-article \"><div class=\"mec-event-image\"><img loading=\"lazy\" decoding=\"async\" width=\"300\" height=\"300\" src=\"https:\/\/firesifestes.es\/wp-content\/uploads\/2026\/08\/carta-nautica-300x300.png\" class=\"attachment-thumblist size-thumblist wp-post-image\" alt=\"\" data-mec-postid=\"16903\" \/><\/div><div class=\"mec-monthly-contents\" style=\"width: calc(100% - 85px)\"><h4 class=\"mec-event-title\"><a class=\"mec-color-hover\" data-event-id=\"16903\" href=\"https:\/\/firesifestes.es\/es\/evento\/la-carta-nautica-de-pere-rossell\/\" target=\"_self\" rel=\"noopener\">La Carta N\u00e0utica de Pere Rossell<\/a><\/h4><div class=\"mec-event-detail\">\r\n                        <div class=\"mec-event-loc-place\">Palma<\/div>\r\n                        \r\n                    <\/div><\/div><div style=\"clear:both\"><\/div><\/article><article class=\"mec-event-article \"><div class=\"mec-event-image\"><img loading=\"lazy\" decoding=\"async\" width=\"300\" height=\"300\" src=\"https:\/\/firesifestes.es\/wp-content\/uploads\/2026\/08\/mayurqa-300x300.png\" class=\"attachment-thumblist size-thumblist wp-post-image\" alt=\"\" data-mec-postid=\"16915\" \/><\/div><div class=\"mec-monthly-contents\" style=\"width: calc(100% - 85px)\"><h4 class=\"mec-event-title\"><a class=\"mec-color-hover\" data-event-id=\"16915\" href=\"https:\/\/firesifestes.es\/es\/evento\/mayurqa-vacances-de-horacio-sapere\/\" target=\"_self\" rel=\"noopener\">\u00abMayurqa Vacances\u00bb, de Horacio Sapere<\/a><\/h4><div class=\"mec-event-detail\">\r\n                        <div class=\"mec-event-loc-place\">Ses Salines<\/div>\r\n                        \r\n                    <\/div><\/div><div style=\"clear:both\"><\/div><\/article><article class=\"mec-event-article \"><div class=\"mec-event-image\"><img loading=\"lazy\" decoding=\"async\" width=\"300\" height=\"300\" src=\"https:\/\/firesifestes.es\/wp-content\/uploads\/2025\/07\/Captura-de-pantalla-2025-07-31-a-las-9.24.10-300x300.png\" class=\"attachment-thumblist size-thumblist wp-post-image\" alt=\"\" data-mec-postid=\"14335\" \/><\/div><div class=\"mec-monthly-contents\" style=\"width: calc(100% - 85px)\"><div class=\"mec-event-time mec-color\"><i class=\"mec-sl-clock-o\"><\/i> 09:00 - 14:00<\/div><h4 class=\"mec-event-title\"><a class=\"mec-color-hover\" data-event-id=\"14335\" href=\"https:\/\/firesifestes.es\/es\/evento\/mercat-setmanal-dels-dijous-dinca\/\" target=\"_self\" rel=\"noopener\">Mercat setmanal dels dijous d&#8217;Inca<\/a><span class=\"event-color\" style=\"background: #a3b745\"><\/span><\/h4><div class=\"mec-event-detail\">\r\n                        <div class=\"mec-event-loc-place\">Inca<\/div>\r\n                        \r\n                    <\/div><\/div><div style=\"clear:both\"><\/div><\/article><article class=\"mec-event-article \"><div class=\"mec-event-image\"><img loading=\"lazy\" decoding=\"async\" width=\"300\" height=\"300\" src=\"https:\/\/firesifestes.es\/wp-content\/uploads\/2025\/06\/pollenca-300x300.jpeg\" class=\"attachment-thumblist size-thumblist wp-post-image\" alt=\"\" data-mec-postid=\"13449\" \/><\/div><div class=\"mec-monthly-contents\" style=\"width: calc(100% - 85px)\"><div class=\"mec-event-time mec-color\"><i class=\"mec-sl-clock-o\"><\/i> 10:00 - 14:00<\/div><h4 class=\"mec-event-title\"><a class=\"mec-color-hover\" data-event-id=\"13449\" href=\"https:\/\/firesifestes.es\/es\/evento\/54e-certamen-biennal-dart-de-pollenca\/\" target=\"_self\" rel=\"noopener\">54\u00ba Certamen Biennal de Arte de Pollen\u00e7a<\/a><span class=\"event-color\" style=\"background: #e14d43\"><\/span><\/h4><div class=\"mec-event-detail\">\r\n                        <div class=\"mec-event-loc-place\">Pollen\u00e7a<\/div>\r\n                        \r\n                    <\/div><\/div><div style=\"clear:both\"><\/div><\/article><\/div><div class=\"mec-calendar-events-sec\" id=\"mec-calendar-events-sec-7622-20260904\" data-mec-cell=\"20260904\" ><h6 class=\"mec-table-side-title\">Eventos para <span class=\"mec-color mec-table-side-day\"> 4th<\/span> septiembre<\/h6><article class=\"mec-event-article \"><div class=\"mec-event-image\"><img loading=\"lazy\" decoding=\"async\" width=\"300\" height=\"300\" src=\"https:\/\/firesifestes.es\/wp-content\/uploads\/2025\/03\/iStock-1159376930-300x300.jpg\" class=\"attachment-thumblist size-thumblist wp-post-image\" alt=\"\" data-mec-postid=\"9935\" \/><\/div><div class=\"mec-monthly-contents\" style=\"width: calc(100% - 85px)\"><div class=\"mec-event-time mec-color\"><i class=\"mec-sl-clock-o\"><\/i> 08:00 - 13:30<\/div><h4 class=\"mec-event-title\"><a class=\"mec-color-hover\" data-event-id=\"9935\" href=\"https:\/\/firesifestes.es\/es\/evento\/mercat-setmanal-al-port-dalcudia\/\" target=\"_self\" rel=\"noopener\">Mercado semanal en el Port d&#8217;Alc\u00fadia<\/a><span class=\"event-color\" style=\"background: #a3b745\"><\/span><\/h4><div class=\"mec-event-detail\">\r\n                        <div class=\"mec-event-loc-place\">Port d&#039;Alcudia<\/div>\r\n                        \r\n                    <\/div><\/div><div style=\"clear:both\"><\/div><\/article><article class=\"mec-event-article \"><div class=\"mec-event-image\"><img loading=\"lazy\" decoding=\"async\" width=\"300\" height=\"300\" src=\"https:\/\/firesifestes.es\/wp-content\/uploads\/2025\/03\/iStock-1175229432-300x300.jpg\" class=\"attachment-thumblist size-thumblist wp-post-image\" alt=\"\" data-mec-postid=\"9941\" \/><\/div><div class=\"mec-monthly-contents\" style=\"width: calc(100% - 85px)\"><div class=\"mec-event-time mec-color\"><i class=\"mec-sl-clock-o\"><\/i> 08:00 - 14:00<\/div><h4 class=\"mec-event-title\"><a class=\"mec-color-hover\" data-event-id=\"9941\" href=\"https:\/\/firesifestes.es\/es\/evento\/mercat-setmanal-a-algaida\/\" target=\"_self\" rel=\"noopener\">Mercado semanal en Algaida<\/a><span class=\"event-color\" style=\"background: #a3b745\"><\/span><\/h4><div class=\"mec-event-detail\">\r\n                        <div class=\"mec-event-loc-place\">Algaida<\/div>\r\n                        \r\n                    <\/div><\/div><div style=\"clear:both\"><\/div><\/article><article class=\"mec-event-article \"><div class=\"mec-event-image\"><img loading=\"lazy\" decoding=\"async\" width=\"300\" height=\"300\" src=\"https:\/\/firesifestes.es\/wp-content\/uploads\/2026\/01\/expo-la-chispa-magica-300x300.jpg\" class=\"attachment-thumblist size-thumblist wp-post-image\" alt=\"\" data-mec-postid=\"15831\" \/><\/div><div class=\"mec-monthly-contents\" style=\"width: calc(100% - 85px)\"><div class=\"mec-event-time mec-color\"><i class=\"mec-sl-clock-o\"><\/i> Evento de todo el d\u00eda<\/div><h4 class=\"mec-event-title\"><a class=\"mec-color-hover\" data-event-id=\"15831\" href=\"https:\/\/firesifestes.es\/es\/evento\/la-guspira-magica-ii\/\" target=\"_self\" rel=\"noopener\">La chispa m\u00e1gica II<\/a><\/h4><div class=\"mec-event-detail\">\r\n                        <div class=\"mec-event-loc-place\">Fundaci\u00f3 Mir\u00f3 Mallorca<\/div>\r\n                        \r\n                    <\/div><\/div><div style=\"clear:both\"><\/div><\/article><article class=\"mec-event-article \"><div class=\"mec-event-image\"><img loading=\"lazy\" decoding=\"async\" width=\"300\" height=\"300\" src=\"https:\/\/firesifestes.es\/wp-content\/uploads\/2026\/04\/colores-300x300.webp\" class=\"attachment-thumblist size-thumblist wp-post-image\" alt=\"\" data-mec-postid=\"16402\" \/><\/div><div class=\"mec-monthly-contents\" style=\"width: calc(100% - 85px)\"><h4 class=\"mec-event-title\"><a class=\"mec-color-hover\" data-event-id=\"16402\" href=\"https:\/\/firesifestes.es\/es\/evento\/un-viatge-visual-pels-colors-del-planeta\/\" target=\"_self\" rel=\"noopener\">Un viaje visual por los colores del planeta<\/a><\/h4><div class=\"mec-event-detail\">\r\n                        <div class=\"mec-event-loc-place\">Palma<\/div>\r\n                        \r\n                    <\/div><\/div><div style=\"clear:both\"><\/div><\/article><article class=\"mec-event-article \"><div class=\"mec-event-image\"><img loading=\"lazy\" decoding=\"async\" width=\"300\" height=\"300\" src=\"https:\/\/firesifestes.es\/wp-content\/uploads\/2026\/08\/carta-nautica-300x300.png\" class=\"attachment-thumblist size-thumblist wp-post-image\" alt=\"\" data-mec-postid=\"16903\" \/><\/div><div class=\"mec-monthly-contents\" style=\"width: calc(100% - 85px)\"><h4 class=\"mec-event-title\"><a class=\"mec-color-hover\" data-event-id=\"16903\" href=\"https:\/\/firesifestes.es\/es\/evento\/la-carta-nautica-de-pere-rossell\/\" target=\"_self\" rel=\"noopener\">La Carta N\u00e0utica de Pere Rossell<\/a><\/h4><div class=\"mec-event-detail\">\r\n                        <div class=\"mec-event-loc-place\">Palma<\/div>\r\n                        \r\n                    <\/div><\/div><div style=\"clear:both\"><\/div><\/article><article class=\"mec-event-article \"><div class=\"mec-event-image\"><img loading=\"lazy\" decoding=\"async\" width=\"300\" height=\"300\" src=\"https:\/\/firesifestes.es\/wp-content\/uploads\/2026\/08\/mayurqa-300x300.png\" class=\"attachment-thumblist size-thumblist wp-post-image\" alt=\"\" data-mec-postid=\"16915\" \/><\/div><div class=\"mec-monthly-contents\" style=\"width: calc(100% - 85px)\"><h4 class=\"mec-event-title\"><a class=\"mec-color-hover\" data-event-id=\"16915\" href=\"https:\/\/firesifestes.es\/es\/evento\/mayurqa-vacances-de-horacio-sapere\/\" target=\"_self\" rel=\"noopener\">\u00abMayurqa Vacances\u00bb, de Horacio Sapere<\/a><\/h4><div class=\"mec-event-detail\">\r\n                        <div class=\"mec-event-loc-place\">Ses Salines<\/div>\r\n                        \r\n                    <\/div><\/div><div style=\"clear:both\"><\/div><\/article><\/div><div class=\"mec-calendar-events-sec\" id=\"mec-calendar-events-sec-7622-20260905\" data-mec-cell=\"20260905\" ><h6 class=\"mec-table-side-title\">Eventos para <span class=\"mec-color mec-table-side-day\"> 5th<\/span> septiembre<\/h6><article class=\"mec-event-article \"><div class=\"mec-event-image\"><img loading=\"lazy\" decoding=\"async\" width=\"300\" height=\"295\" src=\"https:\/\/firesifestes.es\/wp-content\/uploads\/2024\/04\/mercat-alaro.png\" class=\"attachment-thumblist size-thumblist wp-post-image\" alt=\"\" data-mec-postid=\"7257\" \/><\/div><div class=\"mec-monthly-contents\" style=\"width: calc(100% - 85px)\"><div class=\"mec-event-time mec-color\"><i class=\"mec-sl-clock-o\"><\/i> 08:00 - 14:00<\/div><h4 class=\"mec-event-title\"><a class=\"mec-color-hover\" data-event-id=\"7257\" href=\"https:\/\/firesifestes.es\/es\/evento\/mercadillo-de-alaro\/\" target=\"_self\" rel=\"noopener\">Mercadillo de Alar\u00f3<\/a><span class=\"event-color\" style=\"background: #a3b745\"><\/span><\/h4><div class=\"mec-event-detail\">\r\n                        <div class=\"mec-event-loc-place\">Alar\u00f3<\/div>\r\n                        \r\n                    <\/div><\/div><div style=\"clear:both\"><\/div><\/article><article class=\"mec-event-article \"><div class=\"mec-event-image\"><img loading=\"lazy\" decoding=\"async\" width=\"300\" height=\"300\" src=\"https:\/\/firesifestes.es\/wp-content\/uploads\/2025\/03\/mercat-alaro-300x300.png\" class=\"attachment-thumblist size-thumblist wp-post-image\" alt=\"\" data-mec-postid=\"9917\" \/><\/div><div class=\"mec-monthly-contents\" style=\"width: calc(100% - 85px)\"><div class=\"mec-event-time mec-color\"><i class=\"mec-sl-clock-o\"><\/i> 08:00 - 14:00<\/div><h4 class=\"mec-event-title\"><a class=\"mec-color-hover\" data-event-id=\"9917\" href=\"https:\/\/firesifestes.es\/es\/evento\/mercat-setmanal-a-alaro\/\" target=\"_self\" rel=\"noopener\">Mercado semanal en Alar\u00f3<\/a><span class=\"event-color\" style=\"background: #a3b745\"><\/span><\/h4><div class=\"mec-event-detail\">\r\n                        <div class=\"mec-event-loc-place\">Alar\u00f3<\/div>\r\n                        \r\n                    <\/div><\/div><div style=\"clear:both\"><\/div><\/article><article class=\"mec-event-article \"><div class=\"mec-event-image\"><img loading=\"lazy\" decoding=\"async\" width=\"300\" height=\"300\" src=\"https:\/\/firesifestes.es\/wp-content\/uploads\/2025\/03\/Captura-de-pantalla-2025-03-10-a-las-10.16.08-300x300.png\" class=\"attachment-thumblist size-thumblist wp-post-image\" alt=\"\" data-mec-postid=\"9960\" \/><\/div><div class=\"mec-monthly-contents\" style=\"width: calc(100% - 85px)\"><div class=\"mec-event-time mec-color\"><i class=\"mec-sl-clock-o\"><\/i> 08:00 - 00:00<\/div><h4 class=\"mec-event-title\"><a class=\"mec-color-hover\" data-event-id=\"9960\" href=\"https:\/\/firesifestes.es\/es\/evento\/mercat-dariany\/\" target=\"_self\" rel=\"noopener\">Mercado semanal de Ariany<\/a><span class=\"event-color\" style=\"background: #a3b745\"><\/span><\/h4><div class=\"mec-event-detail\">\r\n                        <div class=\"mec-event-loc-place\">Ariany<\/div>\r\n                        \r\n                    <\/div><\/div><div style=\"clear:both\"><\/div><\/article><article class=\"mec-event-article \"><div class=\"mec-event-image\"><img loading=\"lazy\" decoding=\"async\" width=\"261\" height=\"168\" src=\"https:\/\/firesifestes.es\/wp-content\/uploads\/2025\/10\/mercadillo-quesos.png\" class=\"attachment-thumblist size-thumblist wp-post-image\" alt=\"\" data-mec-postid=\"15232\" \/><\/div><div class=\"mec-monthly-contents\" style=\"width: calc(100% - 85px)\"><div class=\"mec-event-time mec-color\"><i class=\"mec-sl-clock-o\"><\/i> 08:00 - 13:00<\/div><h4 class=\"mec-event-title\"><a class=\"mec-color-hover\" data-event-id=\"15232\" href=\"https:\/\/firesifestes.es\/es\/evento\/mercat-setmanal-dels-dissabtes-de-cala-ratjada\/\" target=\"_self\" rel=\"noopener\">Mercado semanal de los s\u00e1bados en Cala Ratjada<\/a><\/h4><div class=\"mec-event-detail\">\r\n                        <div class=\"mec-event-loc-place\">Cala Ratjada<\/div>\r\n                        \r\n                    <\/div><\/div><div style=\"clear:both\"><\/div><\/article><article class=\"mec-event-article \"><div class=\"mec-event-image\"><img loading=\"lazy\" decoding=\"async\" width=\"300\" height=\"300\" src=\"https:\/\/firesifestes.es\/wp-content\/uploads\/2026\/01\/expo-la-chispa-magica-300x300.jpg\" class=\"attachment-thumblist size-thumblist wp-post-image\" alt=\"\" data-mec-postid=\"15831\" \/><\/div><div class=\"mec-monthly-contents\" style=\"width: calc(100% - 85px)\"><div class=\"mec-event-time mec-color\"><i class=\"mec-sl-clock-o\"><\/i> Evento de todo el d\u00eda<\/div><h4 class=\"mec-event-title\"><a class=\"mec-color-hover\" data-event-id=\"15831\" href=\"https:\/\/firesifestes.es\/es\/evento\/la-guspira-magica-ii\/\" target=\"_self\" rel=\"noopener\">La chispa m\u00e1gica II<\/a><\/h4><div class=\"mec-event-detail\">\r\n                        <div class=\"mec-event-loc-place\">Fundaci\u00f3 Mir\u00f3 Mallorca<\/div>\r\n                        \r\n                    <\/div><\/div><div style=\"clear:both\"><\/div><\/article><article class=\"mec-event-article \"><div class=\"mec-event-image\"><img loading=\"lazy\" decoding=\"async\" width=\"300\" height=\"300\" src=\"https:\/\/firesifestes.es\/wp-content\/uploads\/2026\/04\/colores-300x300.webp\" class=\"attachment-thumblist size-thumblist wp-post-image\" alt=\"\" data-mec-postid=\"16402\" \/><\/div><div class=\"mec-monthly-contents\" style=\"width: calc(100% - 85px)\"><h4 class=\"mec-event-title\"><a class=\"mec-color-hover\" data-event-id=\"16402\" href=\"https:\/\/firesifestes.es\/es\/evento\/un-viatge-visual-pels-colors-del-planeta\/\" target=\"_self\" rel=\"noopener\">Un viaje visual por los colores del planeta<\/a><\/h4><div class=\"mec-event-detail\">\r\n                        <div class=\"mec-event-loc-place\">Palma<\/div>\r\n                        \r\n                    <\/div><\/div><div style=\"clear:both\"><\/div><\/article><article class=\"mec-event-article \"><div class=\"mec-event-image\"><img loading=\"lazy\" decoding=\"async\" width=\"300\" height=\"300\" src=\"https:\/\/firesifestes.es\/wp-content\/uploads\/2026\/08\/carta-nautica-300x300.png\" class=\"attachment-thumblist size-thumblist wp-post-image\" alt=\"\" data-mec-postid=\"16903\" \/><\/div><div class=\"mec-monthly-contents\" style=\"width: calc(100% - 85px)\"><h4 class=\"mec-event-title\"><a class=\"mec-color-hover\" data-event-id=\"16903\" href=\"https:\/\/firesifestes.es\/es\/evento\/la-carta-nautica-de-pere-rossell\/\" target=\"_self\" rel=\"noopener\">La Carta N\u00e0utica de Pere Rossell<\/a><\/h4><div class=\"mec-event-detail\">\r\n                        <div class=\"mec-event-loc-place\">Palma<\/div>\r\n                        \r\n                    <\/div><\/div><div style=\"clear:both\"><\/div><\/article><article class=\"mec-event-article \"><div class=\"mec-event-image\"><img loading=\"lazy\" decoding=\"async\" width=\"300\" height=\"300\" src=\"https:\/\/firesifestes.es\/wp-content\/uploads\/2026\/08\/mayurqa-300x300.png\" class=\"attachment-thumblist size-thumblist wp-post-image\" alt=\"\" data-mec-postid=\"16915\" \/><\/div><div class=\"mec-monthly-contents\" style=\"width: calc(100% - 85px)\"><h4 class=\"mec-event-title\"><a class=\"mec-color-hover\" data-event-id=\"16915\" href=\"https:\/\/firesifestes.es\/es\/evento\/mayurqa-vacances-de-horacio-sapere\/\" target=\"_self\" rel=\"noopener\">\u00abMayurqa Vacances\u00bb, de Horacio Sapere<\/a><\/h4><div class=\"mec-event-detail\">\r\n                        <div class=\"mec-event-loc-place\">Ses Salines<\/div>\r\n                        \r\n                    <\/div><\/div><div style=\"clear:both\"><\/div><\/article><article class=\"mec-event-article \"><div class=\"mec-event-image\"><img loading=\"lazy\" decoding=\"async\" width=\"247\" height=\"300\" src=\"https:\/\/firesifestes.es\/wp-content\/uploads\/2026\/08\/el-pets-247x300.jpg\" class=\"attachment-thumblist size-thumblist wp-post-image\" alt=\"\" data-mec-postid=\"16928\" \/><\/div><div class=\"mec-monthly-contents\" style=\"width: calc(100% - 85px)\"><div class=\"mec-event-time mec-color\"><i class=\"mec-sl-clock-o\"><\/i> 21:00<\/div><h4 class=\"mec-event-title\"><a class=\"mec-color-hover\" data-event-id=\"16928\" href=\"https:\/\/firesifestes.es\/es\/evento\/16924\/\" target=\"_self\" rel=\"noopener\">Els Pets, Suasi y Born en Binissalem<\/a><\/h4><div class=\"mec-event-detail\">\r\n                        <div class=\"mec-event-loc-place\">Binissalem<\/div>\r\n                        \r\n                    <\/div><\/div><div style=\"clear:both\"><\/div><\/article><\/div><div class=\"mec-calendar-events-sec\" id=\"mec-calendar-events-sec-7622-20260906\" data-mec-cell=\"20260906\" ><h6 class=\"mec-table-side-title\">Eventos para <span class=\"mec-color mec-table-side-day\"> 6th<\/span> septiembre<\/h6><article class=\"mec-event-article \"><div class=\"mec-event-image\"><\/div><div class=\"mec-monthly-contents\" style=\"width: 100%\"><div class=\"mec-event-time mec-color\"><i class=\"mec-sl-clock-o\"><\/i> Evento de todo el d\u00eda<\/div><h4 class=\"mec-event-title\"><a class=\"mec-color-hover\" data-event-id=\"7254\" href=\"https:\/\/firesifestes.es\/es\/evento\/un-mercado-de-montana-en-valldemossa\/\" target=\"_self\" rel=\"noopener\">Un mercado de monta\u00f1a en Valldemossa<\/a><span class=\"event-color\" style=\"background: #a3b745\"><\/span><\/h4><div class=\"mec-event-detail\">\r\n                        <div class=\"mec-event-loc-place\"><\/div>\r\n                        \r\n                    <\/div><\/div><div style=\"clear:both\"><\/div><\/article><article class=\"mec-event-article \"><div class=\"mec-event-image\"><img loading=\"lazy\" decoding=\"async\" width=\"300\" height=\"300\" src=\"https:\/\/firesifestes.es\/wp-content\/uploads\/2025\/02\/santa-maria-market-6-300x300.jpg\" class=\"attachment-thumblist size-thumblist wp-post-image\" alt=\"\" data-mec-postid=\"7529\" \/><\/div><div class=\"mec-monthly-contents\" style=\"width: calc(100% - 85px)\"><div class=\"mec-event-time mec-color\"><i class=\"mec-sl-clock-o\"><\/i> Evento de todo el d\u00eda<\/div><h4 class=\"mec-event-title\"><a class=\"mec-color-hover\" data-event-id=\"7529\" href=\"https:\/\/firesifestes.es\/es\/evento\/mercat-de-santa-maria-del-cami\/\" target=\"_self\" rel=\"noopener\">Mercado de Santa Maria del Cam\u00ed<\/a><span class=\"event-color\" style=\"background: #a3b745\"><\/span><\/h4><div class=\"mec-event-detail\">\r\n                        <div class=\"mec-event-loc-place\"><\/div>\r\n                        \r\n                    <\/div><\/div><div style=\"clear:both\"><\/div><\/article><article class=\"mec-event-article \"><div class=\"mec-event-image\"><img loading=\"lazy\" decoding=\"async\" width=\"300\" height=\"300\" src=\"https:\/\/firesifestes.es\/wp-content\/uploads\/2025\/03\/santa-maria-300x300.jpeg\" class=\"attachment-thumblist size-thumblist wp-post-image\" alt=\"\" data-mec-postid=\"9928\" \/><\/div><div class=\"mec-monthly-contents\" style=\"width: calc(100% - 85px)\"><div class=\"mec-event-time mec-color\"><i class=\"mec-sl-clock-o\"><\/i> 08:00 - 13:30<\/div><h4 class=\"mec-event-title\"><a class=\"mec-color-hover\" data-event-id=\"9928\" href=\"https:\/\/firesifestes.es\/es\/evento\/mercat-setmanal-a-alcudia-2\/\" target=\"_self\" rel=\"noopener\">Mercado semanal en Alc\u00fadia<\/a><span class=\"event-color\" style=\"background: #a3b745\"><\/span><\/h4><div class=\"mec-event-detail\">\r\n                        <div class=\"mec-event-loc-place\">Alcudia<\/div>\r\n                        \r\n                    <\/div><\/div><div style=\"clear:both\"><\/div><\/article><article class=\"mec-event-article \"><div class=\"mec-event-image\"><img loading=\"lazy\" decoding=\"async\" width=\"300\" height=\"300\" src=\"https:\/\/firesifestes.es\/wp-content\/uploads\/2025\/03\/Captura-de-pantalla-2025-03-10-a-las-10.16.08-300x300.png\" class=\"attachment-thumblist size-thumblist wp-post-image\" alt=\"\" data-mec-postid=\"9960\" \/><\/div><div class=\"mec-monthly-contents\" style=\"width: calc(100% - 85px)\"><div class=\"mec-event-time mec-color\"><i class=\"mec-sl-clock-o\"><\/i> 00:00 - 14:00<\/div><h4 class=\"mec-event-title\"><a class=\"mec-color-hover\" data-event-id=\"9960\" href=\"https:\/\/firesifestes.es\/es\/evento\/mercat-dariany\/\" target=\"_self\" rel=\"noopener\">Mercado semanal de Ariany<\/a><span class=\"event-color\" style=\"background: #a3b745\"><\/span><\/h4><div class=\"mec-event-detail\">\r\n                        <div class=\"mec-event-loc-place\">Ariany<\/div>\r\n                        \r\n                    <\/div><\/div><div style=\"clear:both\"><\/div><\/article><article class=\"mec-event-article \"><div class=\"mec-event-image\"><img loading=\"lazy\" decoding=\"async\" width=\"300\" height=\"300\" src=\"https:\/\/firesifestes.es\/wp-content\/uploads\/2026\/01\/expo-la-chispa-magica-300x300.jpg\" class=\"attachment-thumblist size-thumblist wp-post-image\" alt=\"\" data-mec-postid=\"15831\" \/><\/div><div class=\"mec-monthly-contents\" style=\"width: calc(100% - 85px)\"><div class=\"mec-event-time mec-color\"><i class=\"mec-sl-clock-o\"><\/i> Evento de todo el d\u00eda<\/div><h4 class=\"mec-event-title\"><a class=\"mec-color-hover\" data-event-id=\"15831\" href=\"https:\/\/firesifestes.es\/es\/evento\/la-guspira-magica-ii\/\" target=\"_self\" rel=\"noopener\">La chispa m\u00e1gica II<\/a><\/h4><div class=\"mec-event-detail\">\r\n                        <div class=\"mec-event-loc-place\">Fundaci\u00f3 Mir\u00f3 Mallorca<\/div>\r\n                        \r\n                    <\/div><\/div><div style=\"clear:both\"><\/div><\/article><article class=\"mec-event-article \"><div class=\"mec-event-image\"><img loading=\"lazy\" decoding=\"async\" width=\"300\" height=\"300\" src=\"https:\/\/firesifestes.es\/wp-content\/uploads\/2026\/04\/colores-300x300.webp\" class=\"attachment-thumblist size-thumblist wp-post-image\" alt=\"\" data-mec-postid=\"16402\" \/><\/div><div class=\"mec-monthly-contents\" style=\"width: calc(100% - 85px)\"><h4 class=\"mec-event-title\"><a class=\"mec-color-hover\" data-event-id=\"16402\" href=\"https:\/\/firesifestes.es\/es\/evento\/un-viatge-visual-pels-colors-del-planeta\/\" target=\"_self\" rel=\"noopener\">Un viaje visual por los colores del planeta<\/a><\/h4><div class=\"mec-event-detail\">\r\n                        <div class=\"mec-event-loc-place\">Palma<\/div>\r\n                        \r\n                    <\/div><\/div><div style=\"clear:both\"><\/div><\/article><article class=\"mec-event-article \"><div class=\"mec-event-image\"><img loading=\"lazy\" decoding=\"async\" width=\"300\" height=\"300\" src=\"https:\/\/firesifestes.es\/wp-content\/uploads\/2026\/08\/carta-nautica-300x300.png\" class=\"attachment-thumblist size-thumblist wp-post-image\" alt=\"\" data-mec-postid=\"16903\" \/><\/div><div class=\"mec-monthly-contents\" style=\"width: calc(100% - 85px)\"><h4 class=\"mec-event-title\"><a class=\"mec-color-hover\" data-event-id=\"16903\" href=\"https:\/\/firesifestes.es\/es\/evento\/la-carta-nautica-de-pere-rossell\/\" target=\"_self\" rel=\"noopener\">La Carta N\u00e0utica de Pere Rossell<\/a><\/h4><div class=\"mec-event-detail\">\r\n                        <div class=\"mec-event-loc-place\">Palma<\/div>\r\n                        \r\n                    <\/div><\/div><div style=\"clear:both\"><\/div><\/article><article class=\"mec-event-article \"><div class=\"mec-event-image\"><img loading=\"lazy\" decoding=\"async\" width=\"300\" height=\"300\" src=\"https:\/\/firesifestes.es\/wp-content\/uploads\/2026\/08\/mayurqa-300x300.png\" class=\"attachment-thumblist size-thumblist wp-post-image\" alt=\"\" data-mec-postid=\"16915\" \/><\/div><div class=\"mec-monthly-contents\" style=\"width: calc(100% - 85px)\"><h4 class=\"mec-event-title\"><a class=\"mec-color-hover\" data-event-id=\"16915\" href=\"https:\/\/firesifestes.es\/es\/evento\/mayurqa-vacances-de-horacio-sapere\/\" target=\"_self\" rel=\"noopener\">\u00abMayurqa Vacances\u00bb, de Horacio Sapere<\/a><\/h4><div class=\"mec-event-detail\">\r\n                        <div class=\"mec-event-loc-place\">Ses Salines<\/div>\r\n                        \r\n                    <\/div><\/div><div style=\"clear:both\"><\/div><\/article><article class=\"mec-event-article \"><div class=\"mec-event-image\"><img loading=\"lazy\" decoding=\"async\" width=\"300\" height=\"300\" src=\"https:\/\/firesifestes.es\/wp-content\/uploads\/2025\/03\/Captura-de-pantalla-2025-03-10-a-las-11.00.58-300x300.png\" class=\"attachment-thumblist size-thumblist wp-post-image\" alt=\"\" data-mec-postid=\"10011\" \/><\/div><div class=\"mec-monthly-contents\" style=\"width: calc(100% - 85px)\"><div class=\"mec-event-time mec-color\"><i class=\"mec-sl-clock-o\"><\/i> 09:00 - 13:00<\/div><h4 class=\"mec-event-title\"><a class=\"mec-color-hover\" data-event-id=\"10011\" href=\"https:\/\/firesifestes.es\/es\/evento\/mercat-setmanal-de-muro\/\" target=\"_self\" rel=\"noopener\">Mercado semanal de Muro<\/a><span class=\"event-color\" style=\"background: #a3b745\"><\/span><\/h4><div class=\"mec-event-detail\">\r\n                        <div class=\"mec-event-loc-place\">Muro<\/div>\r\n                        \r\n                    <\/div><\/div><div style=\"clear:both\"><\/div><\/article><article class=\"mec-event-article \"><div class=\"mec-event-image\"><img loading=\"lazy\" decoding=\"async\" width=\"300\" height=\"300\" src=\"https:\/\/firesifestes.es\/wp-content\/uploads\/2025\/10\/Programacion-semanal-16-300x300.png\" class=\"attachment-thumblist size-thumblist wp-post-image\" alt=\"\" data-mec-postid=\"14967\" \/><\/div><div class=\"mec-monthly-contents\" style=\"width: calc(100% - 85px)\"><div class=\"mec-event-time mec-color\"><i class=\"mec-sl-clock-o\"><\/i> 09:00 - 14:00<\/div><h4 class=\"mec-event-title\"><a class=\"mec-color-hover\" data-event-id=\"14967\" href=\"https:\/\/firesifestes.es\/es\/evento\/mercado-dominical-en-santa-maria-del-cami\/\" target=\"_self\" rel=\"noopener\">Mercado dominical en Santa Maria del Cam\u00ed<\/a><\/h4><div class=\"mec-event-detail\">\r\n                        <div class=\"mec-event-loc-place\">Santa Maria del Cam\u00ed<\/div>\r\n                        \r\n                    <\/div><\/div><div style=\"clear:both\"><\/div><\/article><\/div><div class=\"mec-calendar-events-sec\" id=\"mec-calendar-events-sec-7622-20260907\" data-mec-cell=\"20260907\" ><h6 class=\"mec-table-side-title\">Eventos para <span class=\"mec-color mec-table-side-day\"> 7th<\/span> septiembre<\/h6><article class=\"mec-event-article \"><div class=\"mec-event-image\"><img loading=\"lazy\" decoding=\"async\" width=\"300\" height=\"171\" src=\"https:\/\/firesifestes.es\/wp-content\/uploads\/2024\/11\/Manacor-Mallorca-46.jpg\" class=\"attachment-thumblist size-thumblist wp-post-image\" alt=\"\" data-mec-postid=\"6798\" \/><\/div><div class=\"mec-monthly-contents\" style=\"width: calc(100% - 85px)\"><div class=\"mec-event-time mec-color\"><i class=\"mec-sl-clock-o\"><\/i> 08:00 - 17:00<\/div><h4 class=\"mec-event-title\"><a class=\"mec-color-hover\" data-event-id=\"6798\" href=\"https:\/\/firesifestes.es\/es\/evento\/cada-lunes-hay-mercado-en-manacor\/\" target=\"_self\" rel=\"noopener\">Cada lunes hay mercado en Manacor<\/a><span class=\"event-color\" style=\"background: #a3b745\"><\/span><\/h4><div class=\"mec-event-detail\">\r\n                        <div class=\"mec-event-loc-place\">Manacor<\/div>\r\n                        \r\n                    <\/div><\/div><div style=\"clear:both\"><\/div><\/article><article class=\"mec-event-article \"><div class=\"mec-event-image\"><img loading=\"lazy\" decoding=\"async\" width=\"300\" height=\"300\" src=\"https:\/\/firesifestes.es\/wp-content\/uploads\/2026\/01\/expo-la-chispa-magica-300x300.jpg\" class=\"attachment-thumblist size-thumblist wp-post-image\" alt=\"\" data-mec-postid=\"15831\" \/><\/div><div class=\"mec-monthly-contents\" style=\"width: calc(100% - 85px)\"><div class=\"mec-event-time mec-color\"><i class=\"mec-sl-clock-o\"><\/i> Evento de todo el d\u00eda<\/div><h4 class=\"mec-event-title\"><a class=\"mec-color-hover\" data-event-id=\"15831\" href=\"https:\/\/firesifestes.es\/es\/evento\/la-guspira-magica-ii\/\" target=\"_self\" rel=\"noopener\">La chispa m\u00e1gica II<\/a><\/h4><div class=\"mec-event-detail\">\r\n                        <div class=\"mec-event-loc-place\">Fundaci\u00f3 Mir\u00f3 Mallorca<\/div>\r\n                        \r\n                    <\/div><\/div><div style=\"clear:both\"><\/div><\/article><article class=\"mec-event-article \"><div class=\"mec-event-image\"><img loading=\"lazy\" decoding=\"async\" width=\"300\" height=\"300\" src=\"https:\/\/firesifestes.es\/wp-content\/uploads\/2026\/04\/colores-300x300.webp\" class=\"attachment-thumblist size-thumblist wp-post-image\" alt=\"\" data-mec-postid=\"16402\" \/><\/div><div class=\"mec-monthly-contents\" style=\"width: calc(100% - 85px)\"><h4 class=\"mec-event-title\"><a class=\"mec-color-hover\" data-event-id=\"16402\" href=\"https:\/\/firesifestes.es\/es\/evento\/un-viatge-visual-pels-colors-del-planeta\/\" target=\"_self\" rel=\"noopener\">Un viaje visual por los colores del planeta<\/a><\/h4><div class=\"mec-event-detail\">\r\n                        <div class=\"mec-event-loc-place\">Palma<\/div>\r\n                        \r\n                    <\/div><\/div><div style=\"clear:both\"><\/div><\/article><article class=\"mec-event-article \"><div class=\"mec-event-image\"><img loading=\"lazy\" decoding=\"async\" width=\"300\" height=\"300\" src=\"https:\/\/firesifestes.es\/wp-content\/uploads\/2026\/08\/carta-nautica-300x300.png\" class=\"attachment-thumblist size-thumblist wp-post-image\" alt=\"\" data-mec-postid=\"16903\" \/><\/div><div class=\"mec-monthly-contents\" style=\"width: calc(100% - 85px)\"><h4 class=\"mec-event-title\"><a class=\"mec-color-hover\" data-event-id=\"16903\" href=\"https:\/\/firesifestes.es\/es\/evento\/la-carta-nautica-de-pere-rossell\/\" target=\"_self\" rel=\"noopener\">La Carta N\u00e0utica de Pere Rossell<\/a><\/h4><div class=\"mec-event-detail\">\r\n                        <div class=\"mec-event-loc-place\">Palma<\/div>\r\n                        \r\n                    <\/div><\/div><div style=\"clear:both\"><\/div><\/article><article class=\"mec-event-article \"><div class=\"mec-event-image\"><img loading=\"lazy\" decoding=\"async\" width=\"300\" height=\"300\" src=\"https:\/\/firesifestes.es\/wp-content\/uploads\/2026\/08\/mayurqa-300x300.png\" class=\"attachment-thumblist size-thumblist wp-post-image\" alt=\"\" data-mec-postid=\"16915\" \/><\/div><div class=\"mec-monthly-contents\" style=\"width: calc(100% - 85px)\"><h4 class=\"mec-event-title\"><a class=\"mec-color-hover\" data-event-id=\"16915\" href=\"https:\/\/firesifestes.es\/es\/evento\/mayurqa-vacances-de-horacio-sapere\/\" target=\"_self\" rel=\"noopener\">\u00abMayurqa Vacances\u00bb, de Horacio Sapere<\/a><\/h4><div class=\"mec-event-detail\">\r\n                        <div class=\"mec-event-loc-place\">Ses Salines<\/div>\r\n                        \r\n                    <\/div><\/div><div style=\"clear:both\"><\/div><\/article><article class=\"mec-event-article \"><div class=\"mec-event-image\"><img loading=\"lazy\" decoding=\"async\" width=\"300\" height=\"300\" src=\"https:\/\/firesifestes.es\/wp-content\/uploads\/2025\/03\/Captura-de-pantalla-2025-03-10-a-las-10.12.04-300x300.png\" class=\"attachment-thumblist size-thumblist wp-post-image\" alt=\"\" data-mec-postid=\"9953\" \/><\/div><div class=\"mec-monthly-contents\" style=\"width: calc(100% - 85px)\"><div class=\"mec-event-time mec-color\"><i class=\"mec-sl-clock-o\"><\/i> 09:00 - 14:00<\/div><h4 class=\"mec-event-title\"><a class=\"mec-color-hover\" data-event-id=\"9953\" href=\"https:\/\/firesifestes.es\/es\/evento\/mercat-setmanal-dandratx\/\" target=\"_self\" rel=\"noopener\">Mercado semanal de Andratx<\/a><span class=\"event-color\" style=\"background: #a3b745\"><\/span><\/h4><div class=\"mec-event-detail\">\r\n                        <div class=\"mec-event-loc-place\">Andratx<\/div>\r\n                        \r\n                    <\/div><\/div><div style=\"clear:both\"><\/div><\/article><article class=\"mec-event-article \"><div class=\"mec-event-image\"><img loading=\"lazy\" decoding=\"async\" width=\"300\" height=\"300\" src=\"https:\/\/firesifestes.es\/wp-content\/uploads\/2025\/06\/pollenca-300x300.jpeg\" class=\"attachment-thumblist size-thumblist wp-post-image\" alt=\"\" data-mec-postid=\"13449\" \/><\/div><div class=\"mec-monthly-contents\" style=\"width: calc(100% - 85px)\"><div class=\"mec-event-time mec-color\"><i class=\"mec-sl-clock-o\"><\/i> 10:00 - 14:00<\/div><h4 class=\"mec-event-title\"><a class=\"mec-color-hover\" data-event-id=\"13449\" href=\"https:\/\/firesifestes.es\/es\/evento\/54e-certamen-biennal-dart-de-pollenca\/\" target=\"_self\" rel=\"noopener\">54\u00ba Certamen Biennal de Arte de Pollen\u00e7a<\/a><span class=\"event-color\" style=\"background: #e14d43\"><\/span><\/h4><div class=\"mec-event-detail\">\r\n                        <div class=\"mec-event-loc-place\">Pollen\u00e7a<\/div>\r\n                        \r\n                    <\/div><\/div><div style=\"clear:both\"><\/div><\/article><\/div><div class=\"mec-calendar-events-sec\" id=\"mec-calendar-events-sec-7622-20260908\" data-mec-cell=\"20260908\" ><h6 class=\"mec-table-side-title\">Eventos para <span class=\"mec-color mec-table-side-day\"> 8th<\/span> septiembre<\/h6><article class=\"mec-event-article \"><div class=\"mec-event-image\"><img loading=\"lazy\" decoding=\"async\" width=\"300\" height=\"300\" src=\"https:\/\/firesifestes.es\/wp-content\/uploads\/2025\/02\/mercat-arta-300x300.jpg\" class=\"attachment-thumblist size-thumblist wp-post-image\" alt=\"\" data-mec-postid=\"7416\" \/><\/div><div class=\"mec-monthly-contents\" style=\"width: calc(100% - 85px)\"><div class=\"mec-event-time mec-color\"><i class=\"mec-sl-clock-o\"><\/i> 08:00 - 17:00<\/div><h4 class=\"mec-event-title\"><a class=\"mec-color-hover\" data-event-id=\"7416\" href=\"https:\/\/firesifestes.es\/es\/evento\/mercado-tradicional-de-arta\/\" target=\"_self\" rel=\"noopener\">Mercado tradicional de Art\u00e0<\/a><span class=\"event-color\" style=\"background: #a3b745\"><\/span><\/h4><div class=\"mec-event-detail\">\r\n                        <div class=\"mec-event-loc-place\"><\/div>\r\n                        \r\n                    <\/div><\/div><div style=\"clear:both\"><\/div><\/article><article class=\"mec-event-article \"><div class=\"mec-event-image\"><img loading=\"lazy\" decoding=\"async\" width=\"300\" height=\"300\" src=\"https:\/\/firesifestes.es\/wp-content\/uploads\/2025\/03\/santa-maria-300x300.jpeg\" class=\"attachment-thumblist size-thumblist wp-post-image\" alt=\"\" data-mec-postid=\"9923\" \/><\/div><div class=\"mec-monthly-contents\" style=\"width: calc(100% - 85px)\"><div class=\"mec-event-time mec-color\"><i class=\"mec-sl-clock-o\"><\/i> 08:00 - 13:30<\/div><h4 class=\"mec-event-title\"><a class=\"mec-color-hover\" data-event-id=\"9923\" href=\"https:\/\/firesifestes.es\/es\/evento\/mercat-setmanal-a-alcudia\/\" target=\"_self\" rel=\"noopener\">Mercado semanal en Alc\u00fadia<\/a><span class=\"event-color\" style=\"background: #a3b745\"><\/span><\/h4><div class=\"mec-event-detail\">\r\n                        <div class=\"mec-event-loc-place\">Alcudia<\/div>\r\n                        \r\n                    <\/div><\/div><div style=\"clear:both\"><\/div><\/article><article class=\"mec-event-article \"><div class=\"mec-event-image\"><img loading=\"lazy\" decoding=\"async\" width=\"300\" height=\"300\" src=\"https:\/\/firesifestes.es\/wp-content\/uploads\/2025\/03\/iStock-493583862-300x300.jpg\" class=\"attachment-thumblist size-thumblist wp-post-image\" alt=\"\" data-mec-postid=\"9943\" \/><\/div><div class=\"mec-monthly-contents\" style=\"width: calc(100% - 85px)\"><div class=\"mec-event-time mec-color\"><i class=\"mec-sl-clock-o\"><\/i> 08:00 - 14:00<\/div><h4 class=\"mec-event-title\"><a class=\"mec-color-hover\" data-event-id=\"9943\" href=\"https:\/\/firesifestes.es\/es\/evento\/mercado-semanal-de-pina\/\" target=\"_self\" rel=\"noopener\">Mercado semanal de Pina<\/a><span class=\"event-color\" style=\"background: #a3b745\"><\/span><\/h4><div class=\"mec-event-detail\">\r\n                        <div class=\"mec-event-loc-place\">Pina<\/div>\r\n                        \r\n                    <\/div><\/div><div style=\"clear:both\"><\/div><\/article><article class=\"mec-event-article \"><div class=\"mec-event-image\"><img loading=\"lazy\" decoding=\"async\" width=\"300\" height=\"300\" src=\"https:\/\/firesifestes.es\/wp-content\/uploads\/2026\/01\/expo-la-chispa-magica-300x300.jpg\" class=\"attachment-thumblist size-thumblist wp-post-image\" alt=\"\" data-mec-postid=\"15831\" \/><\/div><div class=\"mec-monthly-contents\" style=\"width: calc(100% - 85px)\"><div class=\"mec-event-time mec-color\"><i class=\"mec-sl-clock-o\"><\/i> Evento de todo el d\u00eda<\/div><h4 class=\"mec-event-title\"><a class=\"mec-color-hover\" data-event-id=\"15831\" href=\"https:\/\/firesifestes.es\/es\/evento\/la-guspira-magica-ii\/\" target=\"_self\" rel=\"noopener\">La chispa m\u00e1gica II<\/a><\/h4><div class=\"mec-event-detail\">\r\n                        <div class=\"mec-event-loc-place\">Fundaci\u00f3 Mir\u00f3 Mallorca<\/div>\r\n                        \r\n                    <\/div><\/div><div style=\"clear:both\"><\/div><\/article><article class=\"mec-event-article \"><div class=\"mec-event-image\"><img loading=\"lazy\" decoding=\"async\" width=\"300\" height=\"300\" src=\"https:\/\/firesifestes.es\/wp-content\/uploads\/2026\/04\/colores-300x300.webp\" class=\"attachment-thumblist size-thumblist wp-post-image\" alt=\"\" data-mec-postid=\"16402\" \/><\/div><div class=\"mec-monthly-contents\" style=\"width: calc(100% - 85px)\"><h4 class=\"mec-event-title\"><a class=\"mec-color-hover\" data-event-id=\"16402\" href=\"https:\/\/firesifestes.es\/es\/evento\/un-viatge-visual-pels-colors-del-planeta\/\" target=\"_self\" rel=\"noopener\">Un viaje visual por los colores del planeta<\/a><\/h4><div class=\"mec-event-detail\">\r\n                        <div class=\"mec-event-loc-place\">Palma<\/div>\r\n                        \r\n                    <\/div><\/div><div style=\"clear:both\"><\/div><\/article><article class=\"mec-event-article \"><div class=\"mec-event-image\"><img loading=\"lazy\" decoding=\"async\" width=\"300\" height=\"300\" src=\"https:\/\/firesifestes.es\/wp-content\/uploads\/2026\/08\/carta-nautica-300x300.png\" class=\"attachment-thumblist size-thumblist wp-post-image\" alt=\"\" data-mec-postid=\"16903\" \/><\/div><div class=\"mec-monthly-contents\" style=\"width: calc(100% - 85px)\"><h4 class=\"mec-event-title\"><a class=\"mec-color-hover\" data-event-id=\"16903\" href=\"https:\/\/firesifestes.es\/es\/evento\/la-carta-nautica-de-pere-rossell\/\" target=\"_self\" rel=\"noopener\">La Carta N\u00e0utica de Pere Rossell<\/a><\/h4><div class=\"mec-event-detail\">\r\n                        <div class=\"mec-event-loc-place\">Palma<\/div>\r\n                        \r\n                    <\/div><\/div><div style=\"clear:both\"><\/div><\/article><article class=\"mec-event-article \"><div class=\"mec-event-image\"><img loading=\"lazy\" decoding=\"async\" width=\"300\" height=\"300\" src=\"https:\/\/firesifestes.es\/wp-content\/uploads\/2026\/08\/mayurqa-300x300.png\" class=\"attachment-thumblist size-thumblist wp-post-image\" alt=\"\" data-mec-postid=\"16915\" \/><\/div><div class=\"mec-monthly-contents\" style=\"width: calc(100% - 85px)\"><h4 class=\"mec-event-title\"><a class=\"mec-color-hover\" data-event-id=\"16915\" href=\"https:\/\/firesifestes.es\/es\/evento\/mayurqa-vacances-de-horacio-sapere\/\" target=\"_self\" rel=\"noopener\">\u00abMayurqa Vacances\u00bb, de Horacio Sapere<\/a><\/h4><div class=\"mec-event-detail\">\r\n                        <div class=\"mec-event-loc-place\">Ses Salines<\/div>\r\n                        \r\n                    <\/div><\/div><div style=\"clear:both\"><\/div><\/article><article class=\"mec-event-article \"><div class=\"mec-event-image\"><img loading=\"lazy\" decoding=\"async\" width=\"300\" height=\"300\" src=\"https:\/\/firesifestes.es\/wp-content\/uploads\/2025\/03\/Captura-de-pantalla-2025-03-10-a-las-10.19.22-300x300.png\" class=\"attachment-thumblist size-thumblist wp-post-image\" alt=\"\" data-mec-postid=\"9966\" \/><\/div><div class=\"mec-monthly-contents\" style=\"width: calc(100% - 85px)\"><div class=\"mec-event-time mec-color\"><i class=\"mec-sl-clock-o\"><\/i> 10:00 - 14:00<\/div><h4 class=\"mec-event-title\"><a class=\"mec-color-hover\" data-event-id=\"9966\" href=\"https:\/\/firesifestes.es\/es\/evento\/mercat-darta\/\" target=\"_self\" rel=\"noopener\">Mercado semanal de Art\u00e0<\/a><span class=\"event-color\" style=\"background: #a3b745\"><\/span><\/h4><div class=\"mec-event-detail\">\r\n                        <div class=\"mec-event-loc-place\">Arta<\/div>\r\n                        \r\n                    <\/div><\/div><div style=\"clear:both\"><\/div><\/article><article class=\"mec-event-article \"><div class=\"mec-event-image\"><img loading=\"lazy\" decoding=\"async\" width=\"300\" height=\"300\" src=\"https:\/\/firesifestes.es\/wp-content\/uploads\/2025\/06\/pollenca-300x300.jpeg\" class=\"attachment-thumblist size-thumblist wp-post-image\" alt=\"\" data-mec-postid=\"13449\" \/><\/div><div class=\"mec-monthly-contents\" style=\"width: calc(100% - 85px)\"><div class=\"mec-event-time mec-color\"><i class=\"mec-sl-clock-o\"><\/i> 10:00 - 14:00<\/div><h4 class=\"mec-event-title\"><a class=\"mec-color-hover\" data-event-id=\"13449\" href=\"https:\/\/firesifestes.es\/es\/evento\/54e-certamen-biennal-dart-de-pollenca\/\" target=\"_self\" rel=\"noopener\">54\u00ba Certamen Biennal de Arte de Pollen\u00e7a<\/a><span class=\"event-color\" style=\"background: #e14d43\"><\/span><\/h4><div class=\"mec-event-detail\">\r\n                        <div class=\"mec-event-loc-place\">Pollen\u00e7a<\/div>\r\n                        \r\n                    <\/div><\/div><div style=\"clear:both\"><\/div><\/article><article class=\"mec-event-article \"><div class=\"mec-event-image\"><img loading=\"lazy\" decoding=\"async\" width=\"300\" height=\"300\" src=\"https:\/\/firesifestes.es\/wp-content\/uploads\/2025\/04\/correvins-300x300.png\" class=\"attachment-thumblist size-thumblist wp-post-image\" alt=\"\" data-mec-postid=\"12010\" \/><\/div><div class=\"mec-monthly-contents\" style=\"width: calc(100% - 85px)\"><div class=\"mec-event-time mec-color\"><i class=\"mec-sl-clock-o\"><\/i> 19:00 - 22:00<\/div><h4 class=\"mec-event-title\"><a class=\"mec-color-hover\" data-event-id=\"12010\" href=\"https:\/\/firesifestes.es\/es\/evento\/corre-vins-a-palma\/\" target=\"_self\" rel=\"noopener\">Corre Vins a Palma<\/a><span class=\"event-color\" style=\"background: #fdd700\"><\/span><\/h4><div class=\"mec-event-detail\">\r\n                        <div class=\"mec-event-loc-place\">Palma<\/div>\r\n                        \r\n                    <\/div><\/div><div style=\"clear:both\"><\/div><\/article><\/div><div class=\"mec-calendar-events-sec\" id=\"mec-calendar-events-sec-7622-20260909\" data-mec-cell=\"20260909\" ><h6 class=\"mec-table-side-title\">Eventos para <span class=\"mec-color mec-table-side-day\"> 9th<\/span> septiembre<\/h6><article class=\"mec-event-article \"><div class=\"mec-event-image\"><img loading=\"lazy\" decoding=\"async\" width=\"300\" height=\"205\" src=\"https:\/\/firesifestes.es\/wp-content\/uploads\/2024\/05\/mercat-sineu-15.jpg\" class=\"attachment-thumblist size-thumblist wp-post-image\" alt=\"\" data-mec-postid=\"7415\" \/><\/div><div class=\"mec-monthly-contents\" style=\"width: calc(100% - 85px)\"><div class=\"mec-event-time mec-color\"><i class=\"mec-sl-clock-o\"><\/i> 08:00 - 12:00<\/div><h4 class=\"mec-event-title\"><a class=\"mec-color-hover\" data-event-id=\"7415\" href=\"https:\/\/firesifestes.es\/es\/evento\/mercat-de-sineu-700-anos-de-historia\/\" target=\"_self\" rel=\"noopener\">Mercat de Sineu: 700 a\u00f1os de historia<\/a><span class=\"event-color\" style=\"background: #a3b745\"><\/span><\/h4><div class=\"mec-event-detail\">\r\n                        <div class=\"mec-event-loc-place\"><\/div>\r\n                        \r\n                    <\/div><\/div><div style=\"clear:both\"><\/div><\/article><article class=\"mec-event-article \"><div class=\"mec-event-image\"><img loading=\"lazy\" decoding=\"async\" width=\"300\" height=\"300\" src=\"https:\/\/firesifestes.es\/wp-content\/uploads\/2025\/12\/Programacion-semanal-fires-i-festes-4.5-87-300x300.png\" class=\"attachment-thumblist size-thumblist wp-post-image\" alt=\"\" data-mec-postid=\"15730\" \/><\/div><div class=\"mec-monthly-contents\" style=\"width: calc(100% - 85px)\"><div class=\"mec-event-time mec-color\"><i class=\"mec-sl-clock-o\"><\/i> Evento de todo el d\u00eda<\/div><h4 class=\"mec-event-title\"><a class=\"mec-color-hover\" data-event-id=\"15730\" href=\"https:\/\/firesifestes.es\/es\/evento\/emanero-a-es-gremi\/\" target=\"_self\" rel=\"noopener\">Emanero en Es Gremi<\/a><\/h4><div class=\"mec-event-detail\">\r\n                        <div class=\"mec-event-loc-place\">Es Gremi<\/div>\r\n                        \r\n                    <\/div><\/div><div style=\"clear:both\"><\/div><\/article><article class=\"mec-event-article \"><div class=\"mec-event-image\"><img loading=\"lazy\" decoding=\"async\" width=\"300\" height=\"300\" src=\"https:\/\/firesifestes.es\/wp-content\/uploads\/2026\/01\/expo-la-chispa-magica-300x300.jpg\" class=\"attachment-thumblist size-thumblist wp-post-image\" alt=\"\" data-mec-postid=\"15831\" \/><\/div><div class=\"mec-monthly-contents\" style=\"width: calc(100% - 85px)\"><div class=\"mec-event-time mec-color\"><i class=\"mec-sl-clock-o\"><\/i> Evento de todo el d\u00eda<\/div><h4 class=\"mec-event-title\"><a class=\"mec-color-hover\" data-event-id=\"15831\" href=\"https:\/\/firesifestes.es\/es\/evento\/la-guspira-magica-ii\/\" target=\"_self\" rel=\"noopener\">La chispa m\u00e1gica II<\/a><\/h4><div class=\"mec-event-detail\">\r\n                        <div class=\"mec-event-loc-place\">Fundaci\u00f3 Mir\u00f3 Mallorca<\/div>\r\n                        \r\n                    <\/div><\/div><div style=\"clear:both\"><\/div><\/article><article class=\"mec-event-article \"><div class=\"mec-event-image\"><img loading=\"lazy\" decoding=\"async\" width=\"300\" height=\"300\" src=\"https:\/\/firesifestes.es\/wp-content\/uploads\/2026\/04\/colores-300x300.webp\" class=\"attachment-thumblist size-thumblist wp-post-image\" alt=\"\" data-mec-postid=\"16402\" \/><\/div><div class=\"mec-monthly-contents\" style=\"width: calc(100% - 85px)\"><h4 class=\"mec-event-title\"><a class=\"mec-color-hover\" data-event-id=\"16402\" href=\"https:\/\/firesifestes.es\/es\/evento\/un-viatge-visual-pels-colors-del-planeta\/\" target=\"_self\" rel=\"noopener\">Un viaje visual por los colores del planeta<\/a><\/h4><div class=\"mec-event-detail\">\r\n                        <div class=\"mec-event-loc-place\">Palma<\/div>\r\n                        \r\n                    <\/div><\/div><div style=\"clear:both\"><\/div><\/article><article class=\"mec-event-article \"><div class=\"mec-event-image\"><img loading=\"lazy\" decoding=\"async\" width=\"300\" height=\"300\" src=\"https:\/\/firesifestes.es\/wp-content\/uploads\/2026\/08\/carta-nautica-300x300.png\" class=\"attachment-thumblist size-thumblist wp-post-image\" alt=\"\" data-mec-postid=\"16903\" \/><\/div><div class=\"mec-monthly-contents\" style=\"width: calc(100% - 85px)\"><h4 class=\"mec-event-title\"><a class=\"mec-color-hover\" data-event-id=\"16903\" href=\"https:\/\/firesifestes.es\/es\/evento\/la-carta-nautica-de-pere-rossell\/\" target=\"_self\" rel=\"noopener\">La Carta N\u00e0utica de Pere Rossell<\/a><\/h4><div class=\"mec-event-detail\">\r\n                        <div class=\"mec-event-loc-place\">Palma<\/div>\r\n                        \r\n                    <\/div><\/div><div style=\"clear:both\"><\/div><\/article><article class=\"mec-event-article \"><div class=\"mec-event-image\"><img loading=\"lazy\" decoding=\"async\" width=\"300\" height=\"300\" src=\"https:\/\/firesifestes.es\/wp-content\/uploads\/2026\/08\/mayurqa-300x300.png\" class=\"attachment-thumblist size-thumblist wp-post-image\" alt=\"\" data-mec-postid=\"16915\" \/><\/div><div class=\"mec-monthly-contents\" style=\"width: calc(100% - 85px)\"><h4 class=\"mec-event-title\"><a class=\"mec-color-hover\" data-event-id=\"16915\" href=\"https:\/\/firesifestes.es\/es\/evento\/mayurqa-vacances-de-horacio-sapere\/\" target=\"_self\" rel=\"noopener\">\u00abMayurqa Vacances\u00bb, de Horacio Sapere<\/a><\/h4><div class=\"mec-event-detail\">\r\n                        <div class=\"mec-event-loc-place\">Ses Salines<\/div>\r\n                        \r\n                    <\/div><\/div><div style=\"clear:both\"><\/div><\/article><article class=\"mec-event-article \"><div class=\"mec-event-image\"><img loading=\"lazy\" decoding=\"async\" width=\"300\" height=\"300\" src=\"https:\/\/firesifestes.es\/wp-content\/uploads\/2025\/06\/pollenca-300x300.jpeg\" class=\"attachment-thumblist size-thumblist wp-post-image\" alt=\"\" data-mec-postid=\"13449\" \/><\/div><div class=\"mec-monthly-contents\" style=\"width: calc(100% - 85px)\"><div class=\"mec-event-time mec-color\"><i class=\"mec-sl-clock-o\"><\/i> 10:00 - 14:00<\/div><h4 class=\"mec-event-title\"><a class=\"mec-color-hover\" data-event-id=\"13449\" href=\"https:\/\/firesifestes.es\/es\/evento\/54e-certamen-biennal-dart-de-pollenca\/\" target=\"_self\" rel=\"noopener\">54\u00ba Certamen Biennal de Arte de Pollen\u00e7a<\/a><span class=\"event-color\" style=\"background: #e14d43\"><\/span><\/h4><div class=\"mec-event-detail\">\r\n                        <div class=\"mec-event-loc-place\">Pollen\u00e7a<\/div>\r\n                        \r\n                    <\/div><\/div><div style=\"clear:both\"><\/div><\/article><article class=\"mec-event-article \"><div class=\"mec-event-image\"><img loading=\"lazy\" decoding=\"async\" width=\"300\" height=\"300\" src=\"https:\/\/firesifestes.es\/wp-content\/uploads\/2025\/04\/correvins-300x300.png\" class=\"attachment-thumblist size-thumblist wp-post-image\" alt=\"\" data-mec-postid=\"12015\" \/><\/div><div class=\"mec-monthly-contents\" style=\"width: calc(100% - 85px)\"><div class=\"mec-event-time mec-color\"><i class=\"mec-sl-clock-o\"><\/i> 19:00 - 22:00<\/div><h4 class=\"mec-event-title\"><a class=\"mec-color-hover\" data-event-id=\"12015\" href=\"https:\/\/firesifestes.es\/es\/evento\/corre-vins-a-palma-2\/\" target=\"_self\" rel=\"noopener\">Corre Vins a Palma<\/a><span class=\"event-color\" style=\"background: #fdd700\"><\/span><\/h4><div class=\"mec-event-detail\">\r\n                        <div class=\"mec-event-loc-place\">Palma<\/div>\r\n                        \r\n                    <\/div><\/div><div style=\"clear:both\"><\/div><\/article><\/div><div class=\"mec-calendar-events-sec\" id=\"mec-calendar-events-sec-7622-20260910\" data-mec-cell=\"20260910\" ><h6 class=\"mec-table-side-title\">Eventos para <span class=\"mec-color mec-table-side-day\"> 10th<\/span> septiembre<\/h6><article class=\"mec-event-article \"><div class=\"mec-event-image\"><img loading=\"lazy\" decoding=\"async\" width=\"300\" height=\"300\" src=\"https:\/\/firesifestes.es\/wp-content\/uploads\/2026\/01\/expo-la-chispa-magica-300x300.jpg\" class=\"attachment-thumblist size-thumblist wp-post-image\" alt=\"\" data-mec-postid=\"15831\" \/><\/div><div class=\"mec-monthly-contents\" style=\"width: calc(100% - 85px)\"><div class=\"mec-event-time mec-color\"><i class=\"mec-sl-clock-o\"><\/i> Evento de todo el d\u00eda<\/div><h4 class=\"mec-event-title\"><a class=\"mec-color-hover\" data-event-id=\"15831\" href=\"https:\/\/firesifestes.es\/es\/evento\/la-guspira-magica-ii\/\" target=\"_self\" rel=\"noopener\">La chispa m\u00e1gica II<\/a><\/h4><div class=\"mec-event-detail\">\r\n                        <div class=\"mec-event-loc-place\">Fundaci\u00f3 Mir\u00f3 Mallorca<\/div>\r\n                        \r\n                    <\/div><\/div><div style=\"clear:both\"><\/div><\/article><article class=\"mec-event-article \"><div class=\"mec-event-image\"><img loading=\"lazy\" decoding=\"async\" width=\"300\" height=\"300\" src=\"https:\/\/firesifestes.es\/wp-content\/uploads\/2026\/04\/colores-300x300.webp\" class=\"attachment-thumblist size-thumblist wp-post-image\" alt=\"\" data-mec-postid=\"16402\" \/><\/div><div class=\"mec-monthly-contents\" style=\"width: calc(100% - 85px)\"><h4 class=\"mec-event-title\"><a class=\"mec-color-hover\" data-event-id=\"16402\" href=\"https:\/\/firesifestes.es\/es\/evento\/un-viatge-visual-pels-colors-del-planeta\/\" target=\"_self\" rel=\"noopener\">Un viaje visual por los colores del planeta<\/a><\/h4><div class=\"mec-event-detail\">\r\n                        <div class=\"mec-event-loc-place\">Palma<\/div>\r\n                        \r\n                    <\/div><\/div><div style=\"clear:both\"><\/div><\/article><article class=\"mec-event-article \"><div class=\"mec-event-image\"><img loading=\"lazy\" decoding=\"async\" width=\"300\" height=\"300\" src=\"https:\/\/firesifestes.es\/wp-content\/uploads\/2026\/08\/carta-nautica-300x300.png\" class=\"attachment-thumblist size-thumblist wp-post-image\" alt=\"\" data-mec-postid=\"16903\" \/><\/div><div class=\"mec-monthly-contents\" style=\"width: calc(100% - 85px)\"><h4 class=\"mec-event-title\"><a class=\"mec-color-hover\" data-event-id=\"16903\" href=\"https:\/\/firesifestes.es\/es\/evento\/la-carta-nautica-de-pere-rossell\/\" target=\"_self\" rel=\"noopener\">La Carta N\u00e0utica de Pere Rossell<\/a><\/h4><div class=\"mec-event-detail\">\r\n                        <div class=\"mec-event-loc-place\">Palma<\/div>\r\n                        \r\n                    <\/div><\/div><div style=\"clear:both\"><\/div><\/article><article class=\"mec-event-article \"><div class=\"mec-event-image\"><img loading=\"lazy\" decoding=\"async\" width=\"300\" height=\"300\" src=\"https:\/\/firesifestes.es\/wp-content\/uploads\/2026\/08\/mayurqa-300x300.png\" class=\"attachment-thumblist size-thumblist wp-post-image\" alt=\"\" data-mec-postid=\"16915\" \/><\/div><div class=\"mec-monthly-contents\" style=\"width: calc(100% - 85px)\"><h4 class=\"mec-event-title\"><a class=\"mec-color-hover\" data-event-id=\"16915\" href=\"https:\/\/firesifestes.es\/es\/evento\/mayurqa-vacances-de-horacio-sapere\/\" target=\"_self\" rel=\"noopener\">\u00abMayurqa Vacances\u00bb, de Horacio Sapere<\/a><\/h4><div class=\"mec-event-detail\">\r\n                        <div class=\"mec-event-loc-place\">Ses Salines<\/div>\r\n                        \r\n                    <\/div><\/div><div style=\"clear:both\"><\/div><\/article><article class=\"mec-event-article \"><div class=\"mec-event-image\"><img loading=\"lazy\" decoding=\"async\" width=\"300\" height=\"300\" src=\"https:\/\/firesifestes.es\/wp-content\/uploads\/2025\/07\/Captura-de-pantalla-2025-07-31-a-las-9.24.10-300x300.png\" class=\"attachment-thumblist size-thumblist wp-post-image\" alt=\"\" data-mec-postid=\"14335\" \/><\/div><div class=\"mec-monthly-contents\" style=\"width: calc(100% - 85px)\"><div class=\"mec-event-time mec-color\"><i class=\"mec-sl-clock-o\"><\/i> 09:00 - 14:00<\/div><h4 class=\"mec-event-title\"><a class=\"mec-color-hover\" data-event-id=\"14335\" href=\"https:\/\/firesifestes.es\/es\/evento\/mercat-setmanal-dels-dijous-dinca\/\" target=\"_self\" rel=\"noopener\">Mercat setmanal dels dijous d&#8217;Inca<\/a><span class=\"event-color\" style=\"background: #a3b745\"><\/span><\/h4><div class=\"mec-event-detail\">\r\n                        <div class=\"mec-event-loc-place\">Inca<\/div>\r\n                        \r\n                    <\/div><\/div><div style=\"clear:both\"><\/div><\/article><article class=\"mec-event-article \"><div class=\"mec-event-image\"><img loading=\"lazy\" decoding=\"async\" width=\"300\" height=\"300\" src=\"https:\/\/firesifestes.es\/wp-content\/uploads\/2025\/06\/pollenca-300x300.jpeg\" class=\"attachment-thumblist size-thumblist wp-post-image\" alt=\"\" data-mec-postid=\"13449\" \/><\/div><div class=\"mec-monthly-contents\" style=\"width: calc(100% - 85px)\"><div class=\"mec-event-time mec-color\"><i class=\"mec-sl-clock-o\"><\/i> 10:00 - 14:00<\/div><h4 class=\"mec-event-title\"><a class=\"mec-color-hover\" data-event-id=\"13449\" href=\"https:\/\/firesifestes.es\/es\/evento\/54e-certamen-biennal-dart-de-pollenca\/\" target=\"_self\" rel=\"noopener\">54\u00ba Certamen Biennal de Arte de Pollen\u00e7a<\/a><span class=\"event-color\" style=\"background: #e14d43\"><\/span><\/h4><div class=\"mec-event-detail\">\r\n                        <div class=\"mec-event-loc-place\">Pollen\u00e7a<\/div>\r\n                        \r\n                    <\/div><\/div><div style=\"clear:both\"><\/div><\/article><\/div><div class=\"mec-calendar-events-sec\" id=\"mec-calendar-events-sec-7622-20260911\" data-mec-cell=\"20260911\" ><h6 class=\"mec-table-side-title\">Eventos para <span class=\"mec-color mec-table-side-day\"> 11th<\/span> septiembre<\/h6><article class=\"mec-event-article \"><div class=\"mec-event-image\"><img loading=\"lazy\" decoding=\"async\" width=\"300\" height=\"300\" src=\"https:\/\/firesifestes.es\/wp-content\/uploads\/2025\/03\/iStock-1159376930-300x300.jpg\" class=\"attachment-thumblist size-thumblist wp-post-image\" alt=\"\" data-mec-postid=\"9935\" \/><\/div><div class=\"mec-monthly-contents\" style=\"width: calc(100% - 85px)\"><div class=\"mec-event-time mec-color\"><i class=\"mec-sl-clock-o\"><\/i> 08:00 - 13:30<\/div><h4 class=\"mec-event-title\"><a class=\"mec-color-hover\" data-event-id=\"9935\" href=\"https:\/\/firesifestes.es\/es\/evento\/mercat-setmanal-al-port-dalcudia\/\" target=\"_self\" rel=\"noopener\">Mercado semanal en el Port d&#8217;Alc\u00fadia<\/a><span class=\"event-color\" style=\"background: #a3b745\"><\/span><\/h4><div class=\"mec-event-detail\">\r\n                        <div class=\"mec-event-loc-place\">Port d&#039;Alcudia<\/div>\r\n                        \r\n                    <\/div><\/div><div style=\"clear:both\"><\/div><\/article><article class=\"mec-event-article \"><div class=\"mec-event-image\"><img loading=\"lazy\" decoding=\"async\" width=\"300\" height=\"300\" src=\"https:\/\/firesifestes.es\/wp-content\/uploads\/2025\/03\/iStock-1175229432-300x300.jpg\" class=\"attachment-thumblist size-thumblist wp-post-image\" alt=\"\" data-mec-postid=\"9941\" \/><\/div><div class=\"mec-monthly-contents\" style=\"width: calc(100% - 85px)\"><div class=\"mec-event-time mec-color\"><i class=\"mec-sl-clock-o\"><\/i> 08:00 - 14:00<\/div><h4 class=\"mec-event-title\"><a class=\"mec-color-hover\" data-event-id=\"9941\" href=\"https:\/\/firesifestes.es\/es\/evento\/mercat-setmanal-a-algaida\/\" target=\"_self\" rel=\"noopener\">Mercado semanal en Algaida<\/a><span class=\"event-color\" style=\"background: #a3b745\"><\/span><\/h4><div class=\"mec-event-detail\">\r\n                        <div class=\"mec-event-loc-place\">Algaida<\/div>\r\n                        \r\n                    <\/div><\/div><div style=\"clear:both\"><\/div><\/article><article class=\"mec-event-article \"><div class=\"mec-event-image\"><img loading=\"lazy\" decoding=\"async\" width=\"300\" height=\"300\" src=\"https:\/\/firesifestes.es\/wp-content\/uploads\/2026\/01\/expo-la-chispa-magica-300x300.jpg\" class=\"attachment-thumblist size-thumblist wp-post-image\" alt=\"\" data-mec-postid=\"15831\" \/><\/div><div class=\"mec-monthly-contents\" style=\"width: calc(100% - 85px)\"><div class=\"mec-event-time mec-color\"><i class=\"mec-sl-clock-o\"><\/i> Evento de todo el d\u00eda<\/div><h4 class=\"mec-event-title\"><a class=\"mec-color-hover\" data-event-id=\"15831\" href=\"https:\/\/firesifestes.es\/es\/evento\/la-guspira-magica-ii\/\" target=\"_self\" rel=\"noopener\">La chispa m\u00e1gica II<\/a><\/h4><div class=\"mec-event-detail\">\r\n                        <div class=\"mec-event-loc-place\">Fundaci\u00f3 Mir\u00f3 Mallorca<\/div>\r\n                        \r\n                    <\/div><\/div><div style=\"clear:both\"><\/div><\/article><article class=\"mec-event-article \"><div class=\"mec-event-image\"><img loading=\"lazy\" decoding=\"async\" width=\"300\" height=\"300\" src=\"https:\/\/firesifestes.es\/wp-content\/uploads\/2026\/04\/colores-300x300.webp\" class=\"attachment-thumblist size-thumblist wp-post-image\" alt=\"\" data-mec-postid=\"16402\" \/><\/div><div class=\"mec-monthly-contents\" style=\"width: calc(100% - 85px)\"><h4 class=\"mec-event-title\"><a class=\"mec-color-hover\" data-event-id=\"16402\" href=\"https:\/\/firesifestes.es\/es\/evento\/un-viatge-visual-pels-colors-del-planeta\/\" target=\"_self\" rel=\"noopener\">Un viaje visual por los colores del planeta<\/a><\/h4><div class=\"mec-event-detail\">\r\n                        <div class=\"mec-event-loc-place\">Palma<\/div>\r\n                        \r\n                    <\/div><\/div><div style=\"clear:both\"><\/div><\/article><article class=\"mec-event-article \"><div class=\"mec-event-image\"><img loading=\"lazy\" decoding=\"async\" width=\"300\" height=\"300\" src=\"https:\/\/firesifestes.es\/wp-content\/uploads\/2026\/08\/carta-nautica-300x300.png\" class=\"attachment-thumblist size-thumblist wp-post-image\" alt=\"\" data-mec-postid=\"16903\" \/><\/div><div class=\"mec-monthly-contents\" style=\"width: calc(100% - 85px)\"><h4 class=\"mec-event-title\"><a class=\"mec-color-hover\" data-event-id=\"16903\" href=\"https:\/\/firesifestes.es\/es\/evento\/la-carta-nautica-de-pere-rossell\/\" target=\"_self\" rel=\"noopener\">La Carta N\u00e0utica de Pere Rossell<\/a><\/h4><div class=\"mec-event-detail\">\r\n                        <div class=\"mec-event-loc-place\">Palma<\/div>\r\n                        \r\n                    <\/div><\/div><div style=\"clear:both\"><\/div><\/article><article class=\"mec-event-article \"><div class=\"mec-event-image\"><img loading=\"lazy\" decoding=\"async\" width=\"300\" height=\"300\" src=\"https:\/\/firesifestes.es\/wp-content\/uploads\/2026\/08\/mayurqa-300x300.png\" class=\"attachment-thumblist size-thumblist wp-post-image\" alt=\"\" data-mec-postid=\"16915\" \/><\/div><div class=\"mec-monthly-contents\" style=\"width: calc(100% - 85px)\"><h4 class=\"mec-event-title\"><a class=\"mec-color-hover\" data-event-id=\"16915\" href=\"https:\/\/firesifestes.es\/es\/evento\/mayurqa-vacances-de-horacio-sapere\/\" target=\"_self\" rel=\"noopener\">\u00abMayurqa Vacances\u00bb, de Horacio Sapere<\/a><\/h4><div class=\"mec-event-detail\">\r\n                        <div class=\"mec-event-loc-place\">Ses Salines<\/div>\r\n                        \r\n                    <\/div><\/div><div style=\"clear:both\"><\/div><\/article><\/div><div class=\"mec-calendar-events-sec\" id=\"mec-calendar-events-sec-7622-20260912\" data-mec-cell=\"20260912\" ><h6 class=\"mec-table-side-title\">Eventos para <span class=\"mec-color mec-table-side-day\"> 12th<\/span> septiembre<\/h6><article class=\"mec-event-article \"><div class=\"mec-event-image\"><img loading=\"lazy\" decoding=\"async\" width=\"300\" height=\"295\" src=\"https:\/\/firesifestes.es\/wp-content\/uploads\/2024\/04\/mercat-alaro.png\" class=\"attachment-thumblist size-thumblist wp-post-image\" alt=\"\" data-mec-postid=\"7257\" \/><\/div><div class=\"mec-monthly-contents\" style=\"width: calc(100% - 85px)\"><div class=\"mec-event-time mec-color\"><i class=\"mec-sl-clock-o\"><\/i> 08:00 - 14:00<\/div><h4 class=\"mec-event-title\"><a class=\"mec-color-hover\" data-event-id=\"7257\" href=\"https:\/\/firesifestes.es\/es\/evento\/mercadillo-de-alaro\/\" target=\"_self\" rel=\"noopener\">Mercadillo de Alar\u00f3<\/a><span class=\"event-color\" style=\"background: #a3b745\"><\/span><\/h4><div class=\"mec-event-detail\">\r\n                        <div class=\"mec-event-loc-place\">Alar\u00f3<\/div>\r\n                        \r\n                    <\/div><\/div><div style=\"clear:both\"><\/div><\/article><article class=\"mec-event-article \"><div class=\"mec-event-image\"><img loading=\"lazy\" decoding=\"async\" width=\"300\" height=\"300\" src=\"https:\/\/firesifestes.es\/wp-content\/uploads\/2025\/03\/mercat-alaro-300x300.png\" class=\"attachment-thumblist size-thumblist wp-post-image\" alt=\"\" data-mec-postid=\"9917\" \/><\/div><div class=\"mec-monthly-contents\" style=\"width: calc(100% - 85px)\"><div class=\"mec-event-time mec-color\"><i class=\"mec-sl-clock-o\"><\/i> 08:00 - 14:00<\/div><h4 class=\"mec-event-title\"><a class=\"mec-color-hover\" data-event-id=\"9917\" href=\"https:\/\/firesifestes.es\/es\/evento\/mercat-setmanal-a-alaro\/\" target=\"_self\" rel=\"noopener\">Mercado semanal en Alar\u00f3<\/a><span class=\"event-color\" style=\"background: #a3b745\"><\/span><\/h4><div class=\"mec-event-detail\">\r\n                        <div class=\"mec-event-loc-place\">Alar\u00f3<\/div>\r\n                        \r\n                    <\/div><\/div><div style=\"clear:both\"><\/div><\/article><article class=\"mec-event-article \"><div class=\"mec-event-image\"><img loading=\"lazy\" decoding=\"async\" width=\"300\" height=\"300\" src=\"https:\/\/firesifestes.es\/wp-content\/uploads\/2025\/03\/Captura-de-pantalla-2025-03-10-a-las-10.16.08-300x300.png\" class=\"attachment-thumblist size-thumblist wp-post-image\" alt=\"\" data-mec-postid=\"9960\" \/><\/div><div class=\"mec-monthly-contents\" style=\"width: calc(100% - 85px)\"><div class=\"mec-event-time mec-color\"><i class=\"mec-sl-clock-o\"><\/i> 08:00 - 00:00<\/div><h4 class=\"mec-event-title\"><a class=\"mec-color-hover\" data-event-id=\"9960\" href=\"https:\/\/firesifestes.es\/es\/evento\/mercat-dariany\/\" target=\"_self\" rel=\"noopener\">Mercado semanal de Ariany<\/a><span class=\"event-color\" style=\"background: #a3b745\"><\/span><\/h4><div class=\"mec-event-detail\">\r\n                        <div class=\"mec-event-loc-place\">Ariany<\/div>\r\n                        \r\n                    <\/div><\/div><div style=\"clear:both\"><\/div><\/article><article class=\"mec-event-article \"><div class=\"mec-event-image\"><img loading=\"lazy\" decoding=\"async\" width=\"261\" height=\"168\" src=\"https:\/\/firesifestes.es\/wp-content\/uploads\/2025\/10\/mercadillo-quesos.png\" class=\"attachment-thumblist size-thumblist wp-post-image\" alt=\"\" data-mec-postid=\"15232\" \/><\/div><div class=\"mec-monthly-contents\" style=\"width: calc(100% - 85px)\"><div class=\"mec-event-time mec-color\"><i class=\"mec-sl-clock-o\"><\/i> 08:00 - 13:00<\/div><h4 class=\"mec-event-title\"><a class=\"mec-color-hover\" data-event-id=\"15232\" href=\"https:\/\/firesifestes.es\/es\/evento\/mercat-setmanal-dels-dissabtes-de-cala-ratjada\/\" target=\"_self\" rel=\"noopener\">Mercado semanal de los s\u00e1bados en Cala Ratjada<\/a><\/h4><div class=\"mec-event-detail\">\r\n                        <div class=\"mec-event-loc-place\">Cala Ratjada<\/div>\r\n                        \r\n                    <\/div><\/div><div style=\"clear:both\"><\/div><\/article><article class=\"mec-event-article \"><div class=\"mec-event-image\"><img loading=\"lazy\" decoding=\"async\" width=\"300\" height=\"300\" src=\"https:\/\/firesifestes.es\/wp-content\/uploads\/2026\/01\/expo-la-chispa-magica-300x300.jpg\" class=\"attachment-thumblist size-thumblist wp-post-image\" alt=\"\" data-mec-postid=\"15831\" \/><\/div><div class=\"mec-monthly-contents\" style=\"width: calc(100% - 85px)\"><div class=\"mec-event-time mec-color\"><i class=\"mec-sl-clock-o\"><\/i> Evento de todo el d\u00eda<\/div><h4 class=\"mec-event-title\"><a class=\"mec-color-hover\" data-event-id=\"15831\" href=\"https:\/\/firesifestes.es\/es\/evento\/la-guspira-magica-ii\/\" target=\"_self\" rel=\"noopener\">La chispa m\u00e1gica II<\/a><\/h4><div class=\"mec-event-detail\">\r\n                        <div class=\"mec-event-loc-place\">Fundaci\u00f3 Mir\u00f3 Mallorca<\/div>\r\n                        \r\n                    <\/div><\/div><div style=\"clear:both\"><\/div><\/article><article class=\"mec-event-article \"><div class=\"mec-event-image\"><img loading=\"lazy\" decoding=\"async\" width=\"300\" height=\"300\" src=\"https:\/\/firesifestes.es\/wp-content\/uploads\/2026\/04\/colores-300x300.webp\" class=\"attachment-thumblist size-thumblist wp-post-image\" alt=\"\" data-mec-postid=\"16402\" \/><\/div><div class=\"mec-monthly-contents\" style=\"width: calc(100% - 85px)\"><h4 class=\"mec-event-title\"><a class=\"mec-color-hover\" data-event-id=\"16402\" href=\"https:\/\/firesifestes.es\/es\/evento\/un-viatge-visual-pels-colors-del-planeta\/\" target=\"_self\" rel=\"noopener\">Un viaje visual por los colores del planeta<\/a><\/h4><div class=\"mec-event-detail\">\r\n                        <div class=\"mec-event-loc-place\">Palma<\/div>\r\n                        \r\n                    <\/div><\/div><div style=\"clear:both\"><\/div><\/article><article class=\"mec-event-article \"><div class=\"mec-event-image\"><img loading=\"lazy\" decoding=\"async\" width=\"300\" height=\"300\" src=\"https:\/\/firesifestes.es\/wp-content\/uploads\/2026\/08\/carta-nautica-300x300.png\" class=\"attachment-thumblist size-thumblist wp-post-image\" alt=\"\" data-mec-postid=\"16903\" \/><\/div><div class=\"mec-monthly-contents\" style=\"width: calc(100% - 85px)\"><h4 class=\"mec-event-title\"><a class=\"mec-color-hover\" data-event-id=\"16903\" href=\"https:\/\/firesifestes.es\/es\/evento\/la-carta-nautica-de-pere-rossell\/\" target=\"_self\" rel=\"noopener\">La Carta N\u00e0utica de Pere Rossell<\/a><\/h4><div class=\"mec-event-detail\">\r\n                        <div class=\"mec-event-loc-place\">Palma<\/div>\r\n                        \r\n                    <\/div><\/div><div style=\"clear:both\"><\/div><\/article><article class=\"mec-event-article \"><div class=\"mec-event-image\"><img loading=\"lazy\" decoding=\"async\" width=\"300\" height=\"300\" src=\"https:\/\/firesifestes.es\/wp-content\/uploads\/2026\/08\/mayurqa-300x300.png\" class=\"attachment-thumblist size-thumblist wp-post-image\" alt=\"\" data-mec-postid=\"16915\" \/><\/div><div class=\"mec-monthly-contents\" style=\"width: calc(100% - 85px)\"><h4 class=\"mec-event-title\"><a class=\"mec-color-hover\" data-event-id=\"16915\" href=\"https:\/\/firesifestes.es\/es\/evento\/mayurqa-vacances-de-horacio-sapere\/\" target=\"_self\" rel=\"noopener\">\u00abMayurqa Vacances\u00bb, de Horacio Sapere<\/a><\/h4><div class=\"mec-event-detail\">\r\n                        <div class=\"mec-event-loc-place\">Ses Salines<\/div>\r\n                        \r\n                    <\/div><\/div><div style=\"clear:both\"><\/div><\/article><\/div><div class=\"mec-calendar-events-sec\" id=\"mec-calendar-events-sec-7622-20260913\" data-mec-cell=\"20260913\" ><h6 class=\"mec-table-side-title\">Eventos para <span class=\"mec-color mec-table-side-day\"> 13th<\/span> septiembre<\/h6><article class=\"mec-event-article \"><div class=\"mec-event-image\"><\/div><div class=\"mec-monthly-contents\" style=\"width: 100%\"><div class=\"mec-event-time mec-color\"><i class=\"mec-sl-clock-o\"><\/i> Evento de todo el d\u00eda<\/div><h4 class=\"mec-event-title\"><a class=\"mec-color-hover\" data-event-id=\"7254\" href=\"https:\/\/firesifestes.es\/es\/evento\/un-mercado-de-montana-en-valldemossa\/\" target=\"_self\" rel=\"noopener\">Un mercado de monta\u00f1a en Valldemossa<\/a><span class=\"event-color\" style=\"background: #a3b745\"><\/span><\/h4><div class=\"mec-event-detail\">\r\n                        <div class=\"mec-event-loc-place\"><\/div>\r\n                        \r\n                    <\/div><\/div><div style=\"clear:both\"><\/div><\/article><article class=\"mec-event-article \"><div class=\"mec-event-image\"><img loading=\"lazy\" decoding=\"async\" width=\"300\" height=\"300\" src=\"https:\/\/firesifestes.es\/wp-content\/uploads\/2025\/02\/santa-maria-market-6-300x300.jpg\" class=\"attachment-thumblist size-thumblist wp-post-image\" alt=\"\" data-mec-postid=\"7529\" \/><\/div><div class=\"mec-monthly-contents\" style=\"width: calc(100% - 85px)\"><div class=\"mec-event-time mec-color\"><i class=\"mec-sl-clock-o\"><\/i> Evento de todo el d\u00eda<\/div><h4 class=\"mec-event-title\"><a class=\"mec-color-hover\" data-event-id=\"7529\" href=\"https:\/\/firesifestes.es\/es\/evento\/mercat-de-santa-maria-del-cami\/\" target=\"_self\" rel=\"noopener\">Mercado de Santa Maria del Cam\u00ed<\/a><span class=\"event-color\" style=\"background: #a3b745\"><\/span><\/h4><div class=\"mec-event-detail\">\r\n                        <div class=\"mec-event-loc-place\"><\/div>\r\n                        \r\n                    <\/div><\/div><div style=\"clear:both\"><\/div><\/article><article class=\"mec-event-article \"><div class=\"mec-event-image\"><img loading=\"lazy\" decoding=\"async\" width=\"300\" height=\"300\" src=\"https:\/\/firesifestes.es\/wp-content\/uploads\/2025\/03\/santa-maria-300x300.jpeg\" class=\"attachment-thumblist size-thumblist wp-post-image\" alt=\"\" data-mec-postid=\"9928\" \/><\/div><div class=\"mec-monthly-contents\" style=\"width: calc(100% - 85px)\"><div class=\"mec-event-time mec-color\"><i class=\"mec-sl-clock-o\"><\/i> 08:00 - 13:30<\/div><h4 class=\"mec-event-title\"><a class=\"mec-color-hover\" data-event-id=\"9928\" href=\"https:\/\/firesifestes.es\/es\/evento\/mercat-setmanal-a-alcudia-2\/\" target=\"_self\" rel=\"noopener\">Mercado semanal en Alc\u00fadia<\/a><span class=\"event-color\" style=\"background: #a3b745\"><\/span><\/h4><div class=\"mec-event-detail\">\r\n                        <div class=\"mec-event-loc-place\">Alcudia<\/div>\r\n                        \r\n                    <\/div><\/div><div style=\"clear:both\"><\/div><\/article><article class=\"mec-event-article \"><div class=\"mec-event-image\"><img loading=\"lazy\" decoding=\"async\" width=\"300\" height=\"300\" src=\"https:\/\/firesifestes.es\/wp-content\/uploads\/2025\/03\/Captura-de-pantalla-2025-03-10-a-las-10.16.08-300x300.png\" class=\"attachment-thumblist size-thumblist wp-post-image\" alt=\"\" data-mec-postid=\"9960\" \/><\/div><div class=\"mec-monthly-contents\" style=\"width: calc(100% - 85px)\"><div class=\"mec-event-time mec-color\"><i class=\"mec-sl-clock-o\"><\/i> 00:00 - 14:00<\/div><h4 class=\"mec-event-title\"><a class=\"mec-color-hover\" data-event-id=\"9960\" href=\"https:\/\/firesifestes.es\/es\/evento\/mercat-dariany\/\" target=\"_self\" rel=\"noopener\">Mercado semanal de Ariany<\/a><span class=\"event-color\" style=\"background: #a3b745\"><\/span><\/h4><div class=\"mec-event-detail\">\r\n                        <div class=\"mec-event-loc-place\">Ariany<\/div>\r\n                        \r\n                    <\/div><\/div><div style=\"clear:both\"><\/div><\/article><article class=\"mec-event-article \"><div class=\"mec-event-image\"><img loading=\"lazy\" decoding=\"async\" width=\"300\" height=\"300\" src=\"https:\/\/firesifestes.es\/wp-content\/uploads\/2026\/01\/expo-la-chispa-magica-300x300.jpg\" class=\"attachment-thumblist size-thumblist wp-post-image\" alt=\"\" data-mec-postid=\"15831\" \/><\/div><div class=\"mec-monthly-contents\" style=\"width: calc(100% - 85px)\"><div class=\"mec-event-time mec-color\"><i class=\"mec-sl-clock-o\"><\/i> Evento de todo el d\u00eda<\/div><h4 class=\"mec-event-title\"><a class=\"mec-color-hover\" data-event-id=\"15831\" href=\"https:\/\/firesifestes.es\/es\/evento\/la-guspira-magica-ii\/\" target=\"_self\" rel=\"noopener\">La chispa m\u00e1gica II<\/a><\/h4><div class=\"mec-event-detail\">\r\n                        <div class=\"mec-event-loc-place\">Fundaci\u00f3 Mir\u00f3 Mallorca<\/div>\r\n                        \r\n                    <\/div><\/div><div style=\"clear:both\"><\/div><\/article><article class=\"mec-event-article \"><div class=\"mec-event-image\"><img loading=\"lazy\" decoding=\"async\" width=\"300\" height=\"300\" src=\"https:\/\/firesifestes.es\/wp-content\/uploads\/2026\/04\/colores-300x300.webp\" class=\"attachment-thumblist size-thumblist wp-post-image\" alt=\"\" data-mec-postid=\"16402\" \/><\/div><div class=\"mec-monthly-contents\" style=\"width: calc(100% - 85px)\"><h4 class=\"mec-event-title\"><a class=\"mec-color-hover\" data-event-id=\"16402\" href=\"https:\/\/firesifestes.es\/es\/evento\/un-viatge-visual-pels-colors-del-planeta\/\" target=\"_self\" rel=\"noopener\">Un viaje visual por los colores del planeta<\/a><\/h4><div class=\"mec-event-detail\">\r\n                        <div class=\"mec-event-loc-place\">Palma<\/div>\r\n                        \r\n                    <\/div><\/div><div style=\"clear:both\"><\/div><\/article><article class=\"mec-event-article \"><div class=\"mec-event-image\"><img loading=\"lazy\" decoding=\"async\" width=\"300\" height=\"300\" src=\"https:\/\/firesifestes.es\/wp-content\/uploads\/2026\/08\/carta-nautica-300x300.png\" class=\"attachment-thumblist size-thumblist wp-post-image\" alt=\"\" data-mec-postid=\"16903\" \/><\/div><div class=\"mec-monthly-contents\" style=\"width: calc(100% - 85px)\"><h4 class=\"mec-event-title\"><a class=\"mec-color-hover\" data-event-id=\"16903\" href=\"https:\/\/firesifestes.es\/es\/evento\/la-carta-nautica-de-pere-rossell\/\" target=\"_self\" rel=\"noopener\">La Carta N\u00e0utica de Pere Rossell<\/a><\/h4><div class=\"mec-event-detail\">\r\n                        <div class=\"mec-event-loc-place\">Palma<\/div>\r\n                        \r\n                    <\/div><\/div><div style=\"clear:both\"><\/div><\/article><article class=\"mec-event-article \"><div class=\"mec-event-image\"><img loading=\"lazy\" decoding=\"async\" width=\"300\" height=\"300\" src=\"https:\/\/firesifestes.es\/wp-content\/uploads\/2026\/08\/mayurqa-300x300.png\" class=\"attachment-thumblist size-thumblist wp-post-image\" alt=\"\" data-mec-postid=\"16915\" \/><\/div><div class=\"mec-monthly-contents\" style=\"width: calc(100% - 85px)\"><h4 class=\"mec-event-title\"><a class=\"mec-color-hover\" data-event-id=\"16915\" href=\"https:\/\/firesifestes.es\/es\/evento\/mayurqa-vacances-de-horacio-sapere\/\" target=\"_self\" rel=\"noopener\">\u00abMayurqa Vacances\u00bb, de Horacio Sapere<\/a><\/h4><div class=\"mec-event-detail\">\r\n                        <div class=\"mec-event-loc-place\">Ses Salines<\/div>\r\n                        \r\n                    <\/div><\/div><div style=\"clear:both\"><\/div><\/article><article class=\"mec-event-article \"><div class=\"mec-event-image\"><img loading=\"lazy\" decoding=\"async\" width=\"300\" height=\"300\" src=\"https:\/\/firesifestes.es\/wp-content\/uploads\/2025\/03\/Captura-de-pantalla-2025-03-10-a-las-11.00.58-300x300.png\" class=\"attachment-thumblist size-thumblist wp-post-image\" alt=\"\" data-mec-postid=\"10011\" \/><\/div><div class=\"mec-monthly-contents\" style=\"width: calc(100% - 85px)\"><div class=\"mec-event-time mec-color\"><i class=\"mec-sl-clock-o\"><\/i> 09:00 - 13:00<\/div><h4 class=\"mec-event-title\"><a class=\"mec-color-hover\" data-event-id=\"10011\" href=\"https:\/\/firesifestes.es\/es\/evento\/mercat-setmanal-de-muro\/\" target=\"_self\" rel=\"noopener\">Mercado semanal de Muro<\/a><span class=\"event-color\" style=\"background: #a3b745\"><\/span><\/h4><div class=\"mec-event-detail\">\r\n                        <div class=\"mec-event-loc-place\">Muro<\/div>\r\n                        \r\n                    <\/div><\/div><div style=\"clear:both\"><\/div><\/article><article class=\"mec-event-article \"><div class=\"mec-event-image\"><img loading=\"lazy\" decoding=\"async\" width=\"300\" height=\"300\" src=\"https:\/\/firesifestes.es\/wp-content\/uploads\/2025\/10\/Programacion-semanal-16-300x300.png\" class=\"attachment-thumblist size-thumblist wp-post-image\" alt=\"\" data-mec-postid=\"14967\" \/><\/div><div class=\"mec-monthly-contents\" style=\"width: calc(100% - 85px)\"><div class=\"mec-event-time mec-color\"><i class=\"mec-sl-clock-o\"><\/i> 09:00 - 14:00<\/div><h4 class=\"mec-event-title\"><a class=\"mec-color-hover\" data-event-id=\"14967\" href=\"https:\/\/firesifestes.es\/es\/evento\/mercado-dominical-en-santa-maria-del-cami\/\" target=\"_self\" rel=\"noopener\">Mercado dominical en Santa Maria del Cam\u00ed<\/a><\/h4><div class=\"mec-event-detail\">\r\n                        <div class=\"mec-event-loc-place\">Santa Maria del Cam\u00ed<\/div>\r\n                        \r\n                    <\/div><\/div><div style=\"clear:both\"><\/div><\/article><\/div><div class=\"mec-calendar-events-sec\" id=\"mec-calendar-events-sec-7622-20260914\" data-mec-cell=\"20260914\" ><h6 class=\"mec-table-side-title\">Eventos para <span class=\"mec-color mec-table-side-day\"> 14th<\/span> septiembre<\/h6><article class=\"mec-event-article \"><div class=\"mec-event-image\"><img loading=\"lazy\" decoding=\"async\" width=\"300\" height=\"171\" src=\"https:\/\/firesifestes.es\/wp-content\/uploads\/2024\/11\/Manacor-Mallorca-46.jpg\" class=\"attachment-thumblist size-thumblist wp-post-image\" alt=\"\" data-mec-postid=\"6798\" \/><\/div><div class=\"mec-monthly-contents\" style=\"width: calc(100% - 85px)\"><div class=\"mec-event-time mec-color\"><i class=\"mec-sl-clock-o\"><\/i> 08:00 - 17:00<\/div><h4 class=\"mec-event-title\"><a class=\"mec-color-hover\" data-event-id=\"6798\" href=\"https:\/\/firesifestes.es\/es\/evento\/cada-lunes-hay-mercado-en-manacor\/\" target=\"_self\" rel=\"noopener\">Cada lunes hay mercado en Manacor<\/a><span class=\"event-color\" style=\"background: #a3b745\"><\/span><\/h4><div class=\"mec-event-detail\">\r\n                        <div class=\"mec-event-loc-place\">Manacor<\/div>\r\n                        \r\n                    <\/div><\/div><div style=\"clear:both\"><\/div><\/article><article class=\"mec-event-article \"><div class=\"mec-event-image\"><img loading=\"lazy\" decoding=\"async\" width=\"300\" height=\"300\" src=\"https:\/\/firesifestes.es\/wp-content\/uploads\/2026\/01\/expo-la-chispa-magica-300x300.jpg\" class=\"attachment-thumblist size-thumblist wp-post-image\" alt=\"\" data-mec-postid=\"15831\" \/><\/div><div class=\"mec-monthly-contents\" style=\"width: calc(100% - 85px)\"><div class=\"mec-event-time mec-color\"><i class=\"mec-sl-clock-o\"><\/i> Evento de todo el d\u00eda<\/div><h4 class=\"mec-event-title\"><a class=\"mec-color-hover\" data-event-id=\"15831\" href=\"https:\/\/firesifestes.es\/es\/evento\/la-guspira-magica-ii\/\" target=\"_self\" rel=\"noopener\">La chispa m\u00e1gica II<\/a><\/h4><div class=\"mec-event-detail\">\r\n                        <div class=\"mec-event-loc-place\">Fundaci\u00f3 Mir\u00f3 Mallorca<\/div>\r\n                        \r\n                    <\/div><\/div><div style=\"clear:both\"><\/div><\/article><article class=\"mec-event-article \"><div class=\"mec-event-image\"><img loading=\"lazy\" decoding=\"async\" width=\"300\" height=\"300\" src=\"https:\/\/firesifestes.es\/wp-content\/uploads\/2026\/04\/colores-300x300.webp\" class=\"attachment-thumblist size-thumblist wp-post-image\" alt=\"\" data-mec-postid=\"16402\" \/><\/div><div class=\"mec-monthly-contents\" style=\"width: calc(100% - 85px)\"><h4 class=\"mec-event-title\"><a class=\"mec-color-hover\" data-event-id=\"16402\" href=\"https:\/\/firesifestes.es\/es\/evento\/un-viatge-visual-pels-colors-del-planeta\/\" target=\"_self\" rel=\"noopener\">Un viaje visual por los colores del planeta<\/a><\/h4><div class=\"mec-event-detail\">\r\n                        <div class=\"mec-event-loc-place\">Palma<\/div>\r\n                        \r\n                    <\/div><\/div><div style=\"clear:both\"><\/div><\/article><article class=\"mec-event-article \"><div class=\"mec-event-image\"><img loading=\"lazy\" decoding=\"async\" width=\"300\" height=\"300\" src=\"https:\/\/firesifestes.es\/wp-content\/uploads\/2026\/08\/mayurqa-300x300.png\" class=\"attachment-thumblist size-thumblist wp-post-image\" alt=\"\" data-mec-postid=\"16915\" \/><\/div><div class=\"mec-monthly-contents\" style=\"width: calc(100% - 85px)\"><h4 class=\"mec-event-title\"><a class=\"mec-color-hover\" data-event-id=\"16915\" href=\"https:\/\/firesifestes.es\/es\/evento\/mayurqa-vacances-de-horacio-sapere\/\" target=\"_self\" rel=\"noopener\">\u00abMayurqa Vacances\u00bb, de Horacio Sapere<\/a><\/h4><div class=\"mec-event-detail\">\r\n                        <div class=\"mec-event-loc-place\">Ses Salines<\/div>\r\n                        \r\n                    <\/div><\/div><div style=\"clear:both\"><\/div><\/article><article class=\"mec-event-article \"><div class=\"mec-event-image\"><img loading=\"lazy\" decoding=\"async\" width=\"300\" height=\"300\" src=\"https:\/\/firesifestes.es\/wp-content\/uploads\/2025\/03\/Captura-de-pantalla-2025-03-10-a-las-10.12.04-300x300.png\" class=\"attachment-thumblist size-thumblist wp-post-image\" alt=\"\" data-mec-postid=\"9953\" \/><\/div><div class=\"mec-monthly-contents\" style=\"width: calc(100% - 85px)\"><div class=\"mec-event-time mec-color\"><i class=\"mec-sl-clock-o\"><\/i> 09:00 - 14:00<\/div><h4 class=\"mec-event-title\"><a class=\"mec-color-hover\" data-event-id=\"9953\" href=\"https:\/\/firesifestes.es\/es\/evento\/mercat-setmanal-dandratx\/\" target=\"_self\" rel=\"noopener\">Mercado semanal de Andratx<\/a><span class=\"event-color\" style=\"background: #a3b745\"><\/span><\/h4><div class=\"mec-event-detail\">\r\n                        <div class=\"mec-event-loc-place\">Andratx<\/div>\r\n                        \r\n                    <\/div><\/div><div style=\"clear:both\"><\/div><\/article><article class=\"mec-event-article \"><div class=\"mec-event-image\"><img loading=\"lazy\" decoding=\"async\" width=\"300\" height=\"300\" src=\"https:\/\/firesifestes.es\/wp-content\/uploads\/2025\/06\/pollenca-300x300.jpeg\" class=\"attachment-thumblist size-thumblist wp-post-image\" alt=\"\" data-mec-postid=\"13449\" \/><\/div><div class=\"mec-monthly-contents\" style=\"width: calc(100% - 85px)\"><div class=\"mec-event-time mec-color\"><i class=\"mec-sl-clock-o\"><\/i> 10:00 - 14:00<\/div><h4 class=\"mec-event-title\"><a class=\"mec-color-hover\" data-event-id=\"13449\" href=\"https:\/\/firesifestes.es\/es\/evento\/54e-certamen-biennal-dart-de-pollenca\/\" target=\"_self\" rel=\"noopener\">54\u00ba Certamen Biennal de Arte de Pollen\u00e7a<\/a><span class=\"event-color\" style=\"background: #e14d43\"><\/span><\/h4><div class=\"mec-event-detail\">\r\n                        <div class=\"mec-event-loc-place\">Pollen\u00e7a<\/div>\r\n                        \r\n                    <\/div><\/div><div style=\"clear:both\"><\/div><\/article><\/div><div class=\"mec-calendar-events-sec\" id=\"mec-calendar-events-sec-7622-20260915\" data-mec-cell=\"20260915\" ><h6 class=\"mec-table-side-title\">Eventos para <span class=\"mec-color mec-table-side-day\"> 15th<\/span> septiembre<\/h6><article class=\"mec-event-article \"><div class=\"mec-event-image\"><img loading=\"lazy\" decoding=\"async\" width=\"300\" height=\"300\" src=\"https:\/\/firesifestes.es\/wp-content\/uploads\/2025\/02\/mercat-arta-300x300.jpg\" class=\"attachment-thumblist size-thumblist wp-post-image\" alt=\"\" data-mec-postid=\"7416\" \/><\/div><div class=\"mec-monthly-contents\" style=\"width: calc(100% - 85px)\"><div class=\"mec-event-time mec-color\"><i class=\"mec-sl-clock-o\"><\/i> 08:00 - 17:00<\/div><h4 class=\"mec-event-title\"><a class=\"mec-color-hover\" data-event-id=\"7416\" href=\"https:\/\/firesifestes.es\/es\/evento\/mercado-tradicional-de-arta\/\" target=\"_self\" rel=\"noopener\">Mercado tradicional de Art\u00e0<\/a><span class=\"event-color\" style=\"background: #a3b745\"><\/span><\/h4><div class=\"mec-event-detail\">\r\n                        <div class=\"mec-event-loc-place\"><\/div>\r\n                        \r\n                    <\/div><\/div><div style=\"clear:both\"><\/div><\/article><article class=\"mec-event-article \"><div class=\"mec-event-image\"><img loading=\"lazy\" decoding=\"async\" width=\"300\" height=\"300\" src=\"https:\/\/firesifestes.es\/wp-content\/uploads\/2025\/03\/santa-maria-300x300.jpeg\" class=\"attachment-thumblist size-thumblist wp-post-image\" alt=\"\" data-mec-postid=\"9923\" \/><\/div><div class=\"mec-monthly-contents\" style=\"width: calc(100% - 85px)\"><div class=\"mec-event-time mec-color\"><i class=\"mec-sl-clock-o\"><\/i> 08:00 - 13:30<\/div><h4 class=\"mec-event-title\"><a class=\"mec-color-hover\" data-event-id=\"9923\" href=\"https:\/\/firesifestes.es\/es\/evento\/mercat-setmanal-a-alcudia\/\" target=\"_self\" rel=\"noopener\">Mercado semanal en Alc\u00fadia<\/a><span class=\"event-color\" style=\"background: #a3b745\"><\/span><\/h4><div class=\"mec-event-detail\">\r\n                        <div class=\"mec-event-loc-place\">Alcudia<\/div>\r\n                        \r\n                    <\/div><\/div><div style=\"clear:both\"><\/div><\/article><article class=\"mec-event-article \"><div class=\"mec-event-image\"><img loading=\"lazy\" decoding=\"async\" width=\"300\" height=\"300\" src=\"https:\/\/firesifestes.es\/wp-content\/uploads\/2025\/03\/iStock-493583862-300x300.jpg\" class=\"attachment-thumblist size-thumblist wp-post-image\" alt=\"\" data-mec-postid=\"9943\" \/><\/div><div class=\"mec-monthly-contents\" style=\"width: calc(100% - 85px)\"><div class=\"mec-event-time mec-color\"><i class=\"mec-sl-clock-o\"><\/i> 08:00 - 14:00<\/div><h4 class=\"mec-event-title\"><a class=\"mec-color-hover\" data-event-id=\"9943\" href=\"https:\/\/firesifestes.es\/es\/evento\/mercado-semanal-de-pina\/\" target=\"_self\" rel=\"noopener\">Mercado semanal de Pina<\/a><span class=\"event-color\" style=\"background: #a3b745\"><\/span><\/h4><div class=\"mec-event-detail\">\r\n                        <div class=\"mec-event-loc-place\">Pina<\/div>\r\n                        \r\n                    <\/div><\/div><div style=\"clear:both\"><\/div><\/article><article class=\"mec-event-article \"><div class=\"mec-event-image\"><img loading=\"lazy\" decoding=\"async\" width=\"300\" height=\"300\" src=\"https:\/\/firesifestes.es\/wp-content\/uploads\/2026\/01\/expo-la-chispa-magica-300x300.jpg\" class=\"attachment-thumblist size-thumblist wp-post-image\" alt=\"\" data-mec-postid=\"15831\" \/><\/div><div class=\"mec-monthly-contents\" style=\"width: calc(100% - 85px)\"><div class=\"mec-event-time mec-color\"><i class=\"mec-sl-clock-o\"><\/i> Evento de todo el d\u00eda<\/div><h4 class=\"mec-event-title\"><a class=\"mec-color-hover\" data-event-id=\"15831\" href=\"https:\/\/firesifestes.es\/es\/evento\/la-guspira-magica-ii\/\" target=\"_self\" rel=\"noopener\">La chispa m\u00e1gica II<\/a><\/h4><div class=\"mec-event-detail\">\r\n                        <div class=\"mec-event-loc-place\">Fundaci\u00f3 Mir\u00f3 Mallorca<\/div>\r\n                        \r\n                    <\/div><\/div><div style=\"clear:both\"><\/div><\/article><article class=\"mec-event-article \"><div class=\"mec-event-image\"><img loading=\"lazy\" decoding=\"async\" width=\"300\" height=\"300\" src=\"https:\/\/firesifestes.es\/wp-content\/uploads\/2026\/04\/colores-300x300.webp\" class=\"attachment-thumblist size-thumblist wp-post-image\" alt=\"\" data-mec-postid=\"16402\" \/><\/div><div class=\"mec-monthly-contents\" style=\"width: calc(100% - 85px)\"><h4 class=\"mec-event-title\"><a class=\"mec-color-hover\" data-event-id=\"16402\" href=\"https:\/\/firesifestes.es\/es\/evento\/un-viatge-visual-pels-colors-del-planeta\/\" target=\"_self\" rel=\"noopener\">Un viaje visual por los colores del planeta<\/a><\/h4><div class=\"mec-event-detail\">\r\n                        <div class=\"mec-event-loc-place\">Palma<\/div>\r\n                        \r\n                    <\/div><\/div><div style=\"clear:both\"><\/div><\/article><article class=\"mec-event-article \"><div class=\"mec-event-image\"><img loading=\"lazy\" decoding=\"async\" width=\"300\" height=\"300\" src=\"https:\/\/firesifestes.es\/wp-content\/uploads\/2026\/08\/mayurqa-300x300.png\" class=\"attachment-thumblist size-thumblist wp-post-image\" alt=\"\" data-mec-postid=\"16915\" \/><\/div><div class=\"mec-monthly-contents\" style=\"width: calc(100% - 85px)\"><h4 class=\"mec-event-title\"><a class=\"mec-color-hover\" data-event-id=\"16915\" href=\"https:\/\/firesifestes.es\/es\/evento\/mayurqa-vacances-de-horacio-sapere\/\" target=\"_self\" rel=\"noopener\">\u00abMayurqa Vacances\u00bb, de Horacio Sapere<\/a><\/h4><div class=\"mec-event-detail\">\r\n                        <div class=\"mec-event-loc-place\">Ses Salines<\/div>\r\n                        \r\n                    <\/div><\/div><div style=\"clear:both\"><\/div><\/article><article class=\"mec-event-article \"><div class=\"mec-event-image\"><img loading=\"lazy\" decoding=\"async\" width=\"300\" height=\"300\" src=\"https:\/\/firesifestes.es\/wp-content\/uploads\/2025\/03\/Captura-de-pantalla-2025-03-10-a-las-10.19.22-300x300.png\" class=\"attachment-thumblist size-thumblist wp-post-image\" alt=\"\" data-mec-postid=\"9966\" \/><\/div><div class=\"mec-monthly-contents\" style=\"width: calc(100% - 85px)\"><div class=\"mec-event-time mec-color\"><i class=\"mec-sl-clock-o\"><\/i> 10:00 - 14:00<\/div><h4 class=\"mec-event-title\"><a class=\"mec-color-hover\" data-event-id=\"9966\" href=\"https:\/\/firesifestes.es\/es\/evento\/mercat-darta\/\" target=\"_self\" rel=\"noopener\">Mercado semanal de Art\u00e0<\/a><span class=\"event-color\" style=\"background: #a3b745\"><\/span><\/h4><div class=\"mec-event-detail\">\r\n                        <div class=\"mec-event-loc-place\">Arta<\/div>\r\n                        \r\n                    <\/div><\/div><div style=\"clear:both\"><\/div><\/article><article class=\"mec-event-article \"><div class=\"mec-event-image\"><img loading=\"lazy\" decoding=\"async\" width=\"300\" height=\"300\" src=\"https:\/\/firesifestes.es\/wp-content\/uploads\/2025\/06\/pollenca-300x300.jpeg\" class=\"attachment-thumblist size-thumblist wp-post-image\" alt=\"\" data-mec-postid=\"13449\" \/><\/div><div class=\"mec-monthly-contents\" style=\"width: calc(100% - 85px)\"><div class=\"mec-event-time mec-color\"><i class=\"mec-sl-clock-o\"><\/i> 10:00 - 14:00<\/div><h4 class=\"mec-event-title\"><a class=\"mec-color-hover\" data-event-id=\"13449\" href=\"https:\/\/firesifestes.es\/es\/evento\/54e-certamen-biennal-dart-de-pollenca\/\" target=\"_self\" rel=\"noopener\">54\u00ba Certamen Biennal de Arte de Pollen\u00e7a<\/a><span class=\"event-color\" style=\"background: #e14d43\"><\/span><\/h4><div class=\"mec-event-detail\">\r\n                        <div class=\"mec-event-loc-place\">Pollen\u00e7a<\/div>\r\n                        \r\n                    <\/div><\/div><div style=\"clear:both\"><\/div><\/article><article class=\"mec-event-article \"><div class=\"mec-event-image\"><img loading=\"lazy\" decoding=\"async\" width=\"300\" height=\"300\" src=\"https:\/\/firesifestes.es\/wp-content\/uploads\/2025\/04\/correvins-300x300.png\" class=\"attachment-thumblist size-thumblist wp-post-image\" alt=\"\" data-mec-postid=\"12010\" \/><\/div><div class=\"mec-monthly-contents\" style=\"width: calc(100% - 85px)\"><div class=\"mec-event-time mec-color\"><i class=\"mec-sl-clock-o\"><\/i> 19:00 - 22:00<\/div><h4 class=\"mec-event-title\"><a class=\"mec-color-hover\" data-event-id=\"12010\" href=\"https:\/\/firesifestes.es\/es\/evento\/corre-vins-a-palma\/\" target=\"_self\" rel=\"noopener\">Corre Vins a Palma<\/a><span class=\"event-color\" style=\"background: #fdd700\"><\/span><\/h4><div class=\"mec-event-detail\">\r\n                        <div class=\"mec-event-loc-place\">Palma<\/div>\r\n                        \r\n                    <\/div><\/div><div style=\"clear:both\"><\/div><\/article><\/div><div class=\"mec-calendar-events-sec\" id=\"mec-calendar-events-sec-7622-20260916\" data-mec-cell=\"20260916\" ><h6 class=\"mec-table-side-title\">Eventos para <span class=\"mec-color mec-table-side-day\"> 16th<\/span> septiembre<\/h6><article class=\"mec-event-article \"><div class=\"mec-event-image\"><img loading=\"lazy\" decoding=\"async\" width=\"300\" height=\"205\" src=\"https:\/\/firesifestes.es\/wp-content\/uploads\/2024\/05\/mercat-sineu-15.jpg\" class=\"attachment-thumblist size-thumblist wp-post-image\" alt=\"\" data-mec-postid=\"7415\" \/><\/div><div class=\"mec-monthly-contents\" style=\"width: calc(100% - 85px)\"><div class=\"mec-event-time mec-color\"><i class=\"mec-sl-clock-o\"><\/i> 08:00 - 12:00<\/div><h4 class=\"mec-event-title\"><a class=\"mec-color-hover\" data-event-id=\"7415\" href=\"https:\/\/firesifestes.es\/es\/evento\/mercat-de-sineu-700-anos-de-historia\/\" target=\"_self\" rel=\"noopener\">Mercat de Sineu: 700 a\u00f1os de historia<\/a><span class=\"event-color\" style=\"background: #a3b745\"><\/span><\/h4><div class=\"mec-event-detail\">\r\n                        <div class=\"mec-event-loc-place\"><\/div>\r\n                        \r\n                    <\/div><\/div><div style=\"clear:both\"><\/div><\/article><article class=\"mec-event-article \"><div class=\"mec-event-image\"><img loading=\"lazy\" decoding=\"async\" width=\"300\" height=\"300\" src=\"https:\/\/firesifestes.es\/wp-content\/uploads\/2026\/01\/expo-la-chispa-magica-300x300.jpg\" class=\"attachment-thumblist size-thumblist wp-post-image\" alt=\"\" data-mec-postid=\"15831\" \/><\/div><div class=\"mec-monthly-contents\" style=\"width: calc(100% - 85px)\"><div class=\"mec-event-time mec-color\"><i class=\"mec-sl-clock-o\"><\/i> Evento de todo el d\u00eda<\/div><h4 class=\"mec-event-title\"><a class=\"mec-color-hover\" data-event-id=\"15831\" href=\"https:\/\/firesifestes.es\/es\/evento\/la-guspira-magica-ii\/\" target=\"_self\" rel=\"noopener\">La chispa m\u00e1gica II<\/a><\/h4><div class=\"mec-event-detail\">\r\n                        <div class=\"mec-event-loc-place\">Fundaci\u00f3 Mir\u00f3 Mallorca<\/div>\r\n                        \r\n                    <\/div><\/div><div style=\"clear:both\"><\/div><\/article><article class=\"mec-event-article \"><div class=\"mec-event-image\"><img loading=\"lazy\" decoding=\"async\" width=\"300\" height=\"300\" src=\"https:\/\/firesifestes.es\/wp-content\/uploads\/2026\/04\/colores-300x300.webp\" class=\"attachment-thumblist size-thumblist wp-post-image\" alt=\"\" data-mec-postid=\"16402\" \/><\/div><div class=\"mec-monthly-contents\" style=\"width: calc(100% - 85px)\"><h4 class=\"mec-event-title\"><a class=\"mec-color-hover\" data-event-id=\"16402\" href=\"https:\/\/firesifestes.es\/es\/evento\/un-viatge-visual-pels-colors-del-planeta\/\" target=\"_self\" rel=\"noopener\">Un viaje visual por los colores del planeta<\/a><\/h4><div class=\"mec-event-detail\">\r\n                        <div class=\"mec-event-loc-place\">Palma<\/div>\r\n                        \r\n                    <\/div><\/div><div style=\"clear:both\"><\/div><\/article><article class=\"mec-event-article \"><div class=\"mec-event-image\"><img loading=\"lazy\" decoding=\"async\" width=\"300\" height=\"300\" src=\"https:\/\/firesifestes.es\/wp-content\/uploads\/2025\/06\/pollenca-300x300.jpeg\" class=\"attachment-thumblist size-thumblist wp-post-image\" alt=\"\" data-mec-postid=\"13449\" \/><\/div><div class=\"mec-monthly-contents\" style=\"width: calc(100% - 85px)\"><div class=\"mec-event-time mec-color\"><i class=\"mec-sl-clock-o\"><\/i> 10:00 - 14:00<\/div><h4 class=\"mec-event-title\"><a class=\"mec-color-hover\" data-event-id=\"13449\" href=\"https:\/\/firesifestes.es\/es\/evento\/54e-certamen-biennal-dart-de-pollenca\/\" target=\"_self\" rel=\"noopener\">54\u00ba Certamen Biennal de Arte de Pollen\u00e7a<\/a><span class=\"event-color\" style=\"background: #e14d43\"><\/span><\/h4><div class=\"mec-event-detail\">\r\n                        <div class=\"mec-event-loc-place\">Pollen\u00e7a<\/div>\r\n                        \r\n                    <\/div><\/div><div style=\"clear:both\"><\/div><\/article><article class=\"mec-event-article \"><div class=\"mec-event-image\"><img loading=\"lazy\" decoding=\"async\" width=\"300\" height=\"300\" src=\"https:\/\/firesifestes.es\/wp-content\/uploads\/2025\/04\/correvins-300x300.png\" class=\"attachment-thumblist size-thumblist wp-post-image\" alt=\"\" data-mec-postid=\"12015\" \/><\/div><div class=\"mec-monthly-contents\" style=\"width: calc(100% - 85px)\"><div class=\"mec-event-time mec-color\"><i class=\"mec-sl-clock-o\"><\/i> 19:00 - 22:00<\/div><h4 class=\"mec-event-title\"><a class=\"mec-color-hover\" data-event-id=\"12015\" href=\"https:\/\/firesifestes.es\/es\/evento\/corre-vins-a-palma-2\/\" target=\"_self\" rel=\"noopener\">Corre Vins a Palma<\/a><span class=\"event-color\" style=\"background: #fdd700\"><\/span><\/h4><div class=\"mec-event-detail\">\r\n                        <div class=\"mec-event-loc-place\">Palma<\/div>\r\n                        \r\n                    <\/div><\/div><div style=\"clear:both\"><\/div><\/article><\/div><div class=\"mec-calendar-events-sec\" id=\"mec-calendar-events-sec-7622-20260917\" data-mec-cell=\"20260917\" ><h6 class=\"mec-table-side-title\">Eventos para <span class=\"mec-color mec-table-side-day\"> 17th<\/span> septiembre<\/h6><article class=\"mec-event-article \"><div class=\"mec-event-image\"><img loading=\"lazy\" decoding=\"async\" width=\"300\" height=\"300\" src=\"https:\/\/firesifestes.es\/wp-content\/uploads\/2026\/01\/expo-la-chispa-magica-300x300.jpg\" class=\"attachment-thumblist size-thumblist wp-post-image\" alt=\"\" data-mec-postid=\"15831\" \/><\/div><div class=\"mec-monthly-contents\" style=\"width: calc(100% - 85px)\"><div class=\"mec-event-time mec-color\"><i class=\"mec-sl-clock-o\"><\/i> Evento de todo el d\u00eda<\/div><h4 class=\"mec-event-title\"><a class=\"mec-color-hover\" data-event-id=\"15831\" href=\"https:\/\/firesifestes.es\/es\/evento\/la-guspira-magica-ii\/\" target=\"_self\" rel=\"noopener\">La chispa m\u00e1gica II<\/a><\/h4><div class=\"mec-event-detail\">\r\n                        <div class=\"mec-event-loc-place\">Fundaci\u00f3 Mir\u00f3 Mallorca<\/div>\r\n                        \r\n                    <\/div><\/div><div style=\"clear:both\"><\/div><\/article><article class=\"mec-event-article \"><div class=\"mec-event-image\"><img loading=\"lazy\" decoding=\"async\" width=\"300\" height=\"300\" src=\"https:\/\/firesifestes.es\/wp-content\/uploads\/2026\/04\/colores-300x300.webp\" class=\"attachment-thumblist size-thumblist wp-post-image\" alt=\"\" data-mec-postid=\"16402\" \/><\/div><div class=\"mec-monthly-contents\" style=\"width: calc(100% - 85px)\"><h4 class=\"mec-event-title\"><a class=\"mec-color-hover\" data-event-id=\"16402\" href=\"https:\/\/firesifestes.es\/es\/evento\/un-viatge-visual-pels-colors-del-planeta\/\" target=\"_self\" rel=\"noopener\">Un viaje visual por los colores del planeta<\/a><\/h4><div class=\"mec-event-detail\">\r\n                        <div class=\"mec-event-loc-place\">Palma<\/div>\r\n                        \r\n                    <\/div><\/div><div style=\"clear:both\"><\/div><\/article><article class=\"mec-event-article \"><div class=\"mec-event-image\"><img loading=\"lazy\" decoding=\"async\" width=\"300\" height=\"300\" src=\"https:\/\/firesifestes.es\/wp-content\/uploads\/2025\/07\/Captura-de-pantalla-2025-07-31-a-las-9.24.10-300x300.png\" class=\"attachment-thumblist size-thumblist wp-post-image\" alt=\"\" data-mec-postid=\"14335\" \/><\/div><div class=\"mec-monthly-contents\" style=\"width: calc(100% - 85px)\"><div class=\"mec-event-time mec-color\"><i class=\"mec-sl-clock-o\"><\/i> 09:00 - 14:00<\/div><h4 class=\"mec-event-title\"><a class=\"mec-color-hover\" data-event-id=\"14335\" href=\"https:\/\/firesifestes.es\/es\/evento\/mercat-setmanal-dels-dijous-dinca\/\" target=\"_self\" rel=\"noopener\">Mercat setmanal dels dijous d&#8217;Inca<\/a><span class=\"event-color\" style=\"background: #a3b745\"><\/span><\/h4><div class=\"mec-event-detail\">\r\n                        <div class=\"mec-event-loc-place\">Inca<\/div>\r\n                        \r\n                    <\/div><\/div><div style=\"clear:both\"><\/div><\/article><article class=\"mec-event-article \"><div class=\"mec-event-image\"><img loading=\"lazy\" decoding=\"async\" width=\"300\" height=\"300\" src=\"https:\/\/firesifestes.es\/wp-content\/uploads\/2025\/06\/pollenca-300x300.jpeg\" class=\"attachment-thumblist size-thumblist wp-post-image\" alt=\"\" data-mec-postid=\"13449\" \/><\/div><div class=\"mec-monthly-contents\" style=\"width: calc(100% - 85px)\"><div class=\"mec-event-time mec-color\"><i class=\"mec-sl-clock-o\"><\/i> 10:00 - 14:00<\/div><h4 class=\"mec-event-title\"><a class=\"mec-color-hover\" data-event-id=\"13449\" href=\"https:\/\/firesifestes.es\/es\/evento\/54e-certamen-biennal-dart-de-pollenca\/\" target=\"_self\" rel=\"noopener\">54\u00ba Certamen Biennal de Arte de Pollen\u00e7a<\/a><span class=\"event-color\" style=\"background: #e14d43\"><\/span><\/h4><div class=\"mec-event-detail\">\r\n                        <div class=\"mec-event-loc-place\">Pollen\u00e7a<\/div>\r\n                        \r\n                    <\/div><\/div><div style=\"clear:both\"><\/div><\/article><\/div><div class=\"mec-calendar-events-sec\" id=\"mec-calendar-events-sec-7622-20260918\" data-mec-cell=\"20260918\" ><h6 class=\"mec-table-side-title\">Eventos para <span class=\"mec-color mec-table-side-day\"> 18th<\/span> septiembre<\/h6><article class=\"mec-event-article \"><div class=\"mec-event-image\"><img loading=\"lazy\" decoding=\"async\" width=\"300\" height=\"300\" src=\"https:\/\/firesifestes.es\/wp-content\/uploads\/2025\/03\/iStock-1159376930-300x300.jpg\" class=\"attachment-thumblist size-thumblist wp-post-image\" alt=\"\" data-mec-postid=\"9935\" \/><\/div><div class=\"mec-monthly-contents\" style=\"width: calc(100% - 85px)\"><div class=\"mec-event-time mec-color\"><i class=\"mec-sl-clock-o\"><\/i> 08:00 - 13:30<\/div><h4 class=\"mec-event-title\"><a class=\"mec-color-hover\" data-event-id=\"9935\" href=\"https:\/\/firesifestes.es\/es\/evento\/mercat-setmanal-al-port-dalcudia\/\" target=\"_self\" rel=\"noopener\">Mercado semanal en el Port d&#8217;Alc\u00fadia<\/a><span class=\"event-color\" style=\"background: #a3b745\"><\/span><\/h4><div class=\"mec-event-detail\">\r\n                        <div class=\"mec-event-loc-place\">Port d&#039;Alcudia<\/div>\r\n                        \r\n                    <\/div><\/div><div style=\"clear:both\"><\/div><\/article><article class=\"mec-event-article \"><div class=\"mec-event-image\"><img loading=\"lazy\" decoding=\"async\" width=\"300\" height=\"300\" src=\"https:\/\/firesifestes.es\/wp-content\/uploads\/2025\/03\/iStock-1175229432-300x300.jpg\" class=\"attachment-thumblist size-thumblist wp-post-image\" alt=\"\" data-mec-postid=\"9941\" \/><\/div><div class=\"mec-monthly-contents\" style=\"width: calc(100% - 85px)\"><div class=\"mec-event-time mec-color\"><i class=\"mec-sl-clock-o\"><\/i> 08:00 - 14:00<\/div><h4 class=\"mec-event-title\"><a class=\"mec-color-hover\" data-event-id=\"9941\" href=\"https:\/\/firesifestes.es\/es\/evento\/mercat-setmanal-a-algaida\/\" target=\"_self\" rel=\"noopener\">Mercado semanal en Algaida<\/a><span class=\"event-color\" style=\"background: #a3b745\"><\/span><\/h4><div class=\"mec-event-detail\">\r\n                        <div class=\"mec-event-loc-place\">Algaida<\/div>\r\n                        \r\n                    <\/div><\/div><div style=\"clear:both\"><\/div><\/article><article class=\"mec-event-article \"><div class=\"mec-event-image\"><img loading=\"lazy\" decoding=\"async\" width=\"300\" height=\"300\" src=\"https:\/\/firesifestes.es\/wp-content\/uploads\/2026\/01\/expo-la-chispa-magica-300x300.jpg\" class=\"attachment-thumblist size-thumblist wp-post-image\" alt=\"\" data-mec-postid=\"15831\" \/><\/div><div class=\"mec-monthly-contents\" style=\"width: calc(100% - 85px)\"><div class=\"mec-event-time mec-color\"><i class=\"mec-sl-clock-o\"><\/i> Evento de todo el d\u00eda<\/div><h4 class=\"mec-event-title\"><a class=\"mec-color-hover\" data-event-id=\"15831\" href=\"https:\/\/firesifestes.es\/es\/evento\/la-guspira-magica-ii\/\" target=\"_self\" rel=\"noopener\">La chispa m\u00e1gica II<\/a><\/h4><div class=\"mec-event-detail\">\r\n                        <div class=\"mec-event-loc-place\">Fundaci\u00f3 Mir\u00f3 Mallorca<\/div>\r\n                        \r\n                    <\/div><\/div><div style=\"clear:both\"><\/div><\/article><article class=\"mec-event-article \"><div class=\"mec-event-image\"><img loading=\"lazy\" decoding=\"async\" width=\"300\" height=\"300\" src=\"https:\/\/firesifestes.es\/wp-content\/uploads\/2026\/04\/colores-300x300.webp\" class=\"attachment-thumblist size-thumblist wp-post-image\" alt=\"\" data-mec-postid=\"16402\" \/><\/div><div class=\"mec-monthly-contents\" style=\"width: calc(100% - 85px)\"><h4 class=\"mec-event-title\"><a class=\"mec-color-hover\" data-event-id=\"16402\" href=\"https:\/\/firesifestes.es\/es\/evento\/un-viatge-visual-pels-colors-del-planeta\/\" target=\"_self\" rel=\"noopener\">Un viaje visual por los colores del planeta<\/a><\/h4><div class=\"mec-event-detail\">\r\n                        <div class=\"mec-event-loc-place\">Palma<\/div>\r\n                        \r\n                    <\/div><\/div><div style=\"clear:both\"><\/div><\/article><\/div><div class=\"mec-calendar-events-sec\" id=\"mec-calendar-events-sec-7622-20260919\" data-mec-cell=\"20260919\" ><h6 class=\"mec-table-side-title\">Eventos para <span class=\"mec-color mec-table-side-day\"> 19th<\/span> septiembre<\/h6><article class=\"mec-event-article \"><div class=\"mec-event-image\"><img loading=\"lazy\" decoding=\"async\" width=\"300\" height=\"295\" src=\"https:\/\/firesifestes.es\/wp-content\/uploads\/2024\/04\/mercat-alaro.png\" class=\"attachment-thumblist size-thumblist wp-post-image\" alt=\"\" data-mec-postid=\"7257\" \/><\/div><div class=\"mec-monthly-contents\" style=\"width: calc(100% - 85px)\"><div class=\"mec-event-time mec-color\"><i class=\"mec-sl-clock-o\"><\/i> 08:00 - 14:00<\/div><h4 class=\"mec-event-title\"><a class=\"mec-color-hover\" data-event-id=\"7257\" href=\"https:\/\/firesifestes.es\/es\/evento\/mercadillo-de-alaro\/\" target=\"_self\" rel=\"noopener\">Mercadillo de Alar\u00f3<\/a><span class=\"event-color\" style=\"background: #a3b745\"><\/span><\/h4><div class=\"mec-event-detail\">\r\n                        <div class=\"mec-event-loc-place\">Alar\u00f3<\/div>\r\n                        \r\n                    <\/div><\/div><div style=\"clear:both\"><\/div><\/article><article class=\"mec-event-article \"><div class=\"mec-event-image\"><img loading=\"lazy\" decoding=\"async\" width=\"300\" height=\"300\" src=\"https:\/\/firesifestes.es\/wp-content\/uploads\/2025\/03\/mercat-alaro-300x300.png\" class=\"attachment-thumblist size-thumblist wp-post-image\" alt=\"\" data-mec-postid=\"9917\" \/><\/div><div class=\"mec-monthly-contents\" style=\"width: calc(100% - 85px)\"><div class=\"mec-event-time mec-color\"><i class=\"mec-sl-clock-o\"><\/i> 08:00 - 14:00<\/div><h4 class=\"mec-event-title\"><a class=\"mec-color-hover\" data-event-id=\"9917\" href=\"https:\/\/firesifestes.es\/es\/evento\/mercat-setmanal-a-alaro\/\" target=\"_self\" rel=\"noopener\">Mercado semanal en Alar\u00f3<\/a><span class=\"event-color\" style=\"background: #a3b745\"><\/span><\/h4><div class=\"mec-event-detail\">\r\n                        <div class=\"mec-event-loc-place\">Alar\u00f3<\/div>\r\n                        \r\n                    <\/div><\/div><div style=\"clear:both\"><\/div><\/article><article class=\"mec-event-article \"><div class=\"mec-event-image\"><img loading=\"lazy\" decoding=\"async\" width=\"300\" height=\"300\" src=\"https:\/\/firesifestes.es\/wp-content\/uploads\/2025\/03\/Captura-de-pantalla-2025-03-10-a-las-10.16.08-300x300.png\" class=\"attachment-thumblist size-thumblist wp-post-image\" alt=\"\" data-mec-postid=\"9960\" \/><\/div><div class=\"mec-monthly-contents\" style=\"width: calc(100% - 85px)\"><div class=\"mec-event-time mec-color\"><i class=\"mec-sl-clock-o\"><\/i> 08:00 - 00:00<\/div><h4 class=\"mec-event-title\"><a class=\"mec-color-hover\" data-event-id=\"9960\" href=\"https:\/\/firesifestes.es\/es\/evento\/mercat-dariany\/\" target=\"_self\" rel=\"noopener\">Mercado semanal de Ariany<\/a><span class=\"event-color\" style=\"background: #a3b745\"><\/span><\/h4><div class=\"mec-event-detail\">\r\n                        <div class=\"mec-event-loc-place\">Ariany<\/div>\r\n                        \r\n                    <\/div><\/div><div style=\"clear:both\"><\/div><\/article><article class=\"mec-event-article \"><div class=\"mec-event-image\"><img loading=\"lazy\" decoding=\"async\" width=\"261\" height=\"168\" src=\"https:\/\/firesifestes.es\/wp-content\/uploads\/2025\/10\/mercadillo-quesos.png\" class=\"attachment-thumblist size-thumblist wp-post-image\" alt=\"\" data-mec-postid=\"15232\" \/><\/div><div class=\"mec-monthly-contents\" style=\"width: calc(100% - 85px)\"><div class=\"mec-event-time mec-color\"><i class=\"mec-sl-clock-o\"><\/i> 08:00 - 13:00<\/div><h4 class=\"mec-event-title\"><a class=\"mec-color-hover\" data-event-id=\"15232\" href=\"https:\/\/firesifestes.es\/es\/evento\/mercat-setmanal-dels-dissabtes-de-cala-ratjada\/\" target=\"_self\" rel=\"noopener\">Mercado semanal de los s\u00e1bados en Cala Ratjada<\/a><\/h4><div class=\"mec-event-detail\">\r\n                        <div class=\"mec-event-loc-place\">Cala Ratjada<\/div>\r\n                        \r\n                    <\/div><\/div><div style=\"clear:both\"><\/div><\/article><article class=\"mec-event-article \"><div class=\"mec-event-image\"><img loading=\"lazy\" decoding=\"async\" width=\"300\" height=\"300\" src=\"https:\/\/firesifestes.es\/wp-content\/uploads\/2026\/01\/expo-la-chispa-magica-300x300.jpg\" class=\"attachment-thumblist size-thumblist wp-post-image\" alt=\"\" data-mec-postid=\"15831\" \/><\/div><div class=\"mec-monthly-contents\" style=\"width: calc(100% - 85px)\"><div class=\"mec-event-time mec-color\"><i class=\"mec-sl-clock-o\"><\/i> Evento de todo el d\u00eda<\/div><h4 class=\"mec-event-title\"><a class=\"mec-color-hover\" data-event-id=\"15831\" href=\"https:\/\/firesifestes.es\/es\/evento\/la-guspira-magica-ii\/\" target=\"_self\" rel=\"noopener\">La chispa m\u00e1gica II<\/a><\/h4><div class=\"mec-event-detail\">\r\n                        <div class=\"mec-event-loc-place\">Fundaci\u00f3 Mir\u00f3 Mallorca<\/div>\r\n                        \r\n                    <\/div><\/div><div style=\"clear:both\"><\/div><\/article><article class=\"mec-event-article \"><div class=\"mec-event-image\"><img loading=\"lazy\" decoding=\"async\" width=\"300\" height=\"300\" src=\"https:\/\/firesifestes.es\/wp-content\/uploads\/2026\/04\/colores-300x300.webp\" class=\"attachment-thumblist size-thumblist wp-post-image\" alt=\"\" data-mec-postid=\"16402\" \/><\/div><div class=\"mec-monthly-contents\" style=\"width: calc(100% - 85px)\"><h4 class=\"mec-event-title\"><a class=\"mec-color-hover\" data-event-id=\"16402\" href=\"https:\/\/firesifestes.es\/es\/evento\/un-viatge-visual-pels-colors-del-planeta\/\" target=\"_self\" rel=\"noopener\">Un viaje visual por los colores del planeta<\/a><\/h4><div class=\"mec-event-detail\">\r\n                        <div class=\"mec-event-loc-place\">Palma<\/div>\r\n                        \r\n                    <\/div><\/div><div style=\"clear:both\"><\/div><\/article><\/div><div class=\"mec-calendar-events-sec\" id=\"mec-calendar-events-sec-7622-20260920\" data-mec-cell=\"20260920\" ><h6 class=\"mec-table-side-title\">Eventos para <span class=\"mec-color mec-table-side-day\"> 20th<\/span> septiembre<\/h6><article class=\"mec-event-article \"><div class=\"mec-event-image\"><\/div><div class=\"mec-monthly-contents\" style=\"width: 100%\"><div class=\"mec-event-time mec-color\"><i class=\"mec-sl-clock-o\"><\/i> Evento de todo el d\u00eda<\/div><h4 class=\"mec-event-title\"><a class=\"mec-color-hover\" data-event-id=\"7254\" href=\"https:\/\/firesifestes.es\/es\/evento\/un-mercado-de-montana-en-valldemossa\/\" target=\"_self\" rel=\"noopener\">Un mercado de monta\u00f1a en Valldemossa<\/a><span class=\"event-color\" style=\"background: #a3b745\"><\/span><\/h4><div class=\"mec-event-detail\">\r\n                        <div class=\"mec-event-loc-place\"><\/div>\r\n                        \r\n                    <\/div><\/div><div style=\"clear:both\"><\/div><\/article><article class=\"mec-event-article \"><div class=\"mec-event-image\"><img loading=\"lazy\" decoding=\"async\" width=\"300\" height=\"300\" src=\"https:\/\/firesifestes.es\/wp-content\/uploads\/2025\/02\/santa-maria-market-6-300x300.jpg\" class=\"attachment-thumblist size-thumblist wp-post-image\" alt=\"\" data-mec-postid=\"7529\" \/><\/div><div class=\"mec-monthly-contents\" style=\"width: calc(100% - 85px)\"><div class=\"mec-event-time mec-color\"><i class=\"mec-sl-clock-o\"><\/i> Evento de todo el d\u00eda<\/div><h4 class=\"mec-event-title\"><a class=\"mec-color-hover\" data-event-id=\"7529\" href=\"https:\/\/firesifestes.es\/es\/evento\/mercat-de-santa-maria-del-cami\/\" target=\"_self\" rel=\"noopener\">Mercado de Santa Maria del Cam\u00ed<\/a><span class=\"event-color\" style=\"background: #a3b745\"><\/span><\/h4><div class=\"mec-event-detail\">\r\n                        <div class=\"mec-event-loc-place\"><\/div>\r\n                        \r\n                    <\/div><\/div><div style=\"clear:both\"><\/div><\/article><article class=\"mec-event-article \"><div class=\"mec-event-image\"><img loading=\"lazy\" decoding=\"async\" width=\"300\" height=\"300\" src=\"https:\/\/firesifestes.es\/wp-content\/uploads\/2025\/03\/santa-maria-300x300.jpeg\" class=\"attachment-thumblist size-thumblist wp-post-image\" alt=\"\" data-mec-postid=\"9928\" \/><\/div><div class=\"mec-monthly-contents\" style=\"width: calc(100% - 85px)\"><div class=\"mec-event-time mec-color\"><i class=\"mec-sl-clock-o\"><\/i> 08:00 - 13:30<\/div><h4 class=\"mec-event-title\"><a class=\"mec-color-hover\" data-event-id=\"9928\" href=\"https:\/\/firesifestes.es\/es\/evento\/mercat-setmanal-a-alcudia-2\/\" target=\"_self\" rel=\"noopener\">Mercado semanal en Alc\u00fadia<\/a><span class=\"event-color\" style=\"background: #a3b745\"><\/span><\/h4><div class=\"mec-event-detail\">\r\n                        <div class=\"mec-event-loc-place\">Alcudia<\/div>\r\n                        \r\n                    <\/div><\/div><div style=\"clear:both\"><\/div><\/article><article class=\"mec-event-article \"><div class=\"mec-event-image\"><img loading=\"lazy\" decoding=\"async\" width=\"300\" height=\"300\" src=\"https:\/\/firesifestes.es\/wp-content\/uploads\/2025\/03\/Captura-de-pantalla-2025-03-10-a-las-10.16.08-300x300.png\" class=\"attachment-thumblist size-thumblist wp-post-image\" alt=\"\" data-mec-postid=\"9960\" \/><\/div><div class=\"mec-monthly-contents\" style=\"width: calc(100% - 85px)\"><div class=\"mec-event-time mec-color\"><i class=\"mec-sl-clock-o\"><\/i> 00:00 - 14:00<\/div><h4 class=\"mec-event-title\"><a class=\"mec-color-hover\" data-event-id=\"9960\" href=\"https:\/\/firesifestes.es\/es\/evento\/mercat-dariany\/\" target=\"_self\" rel=\"noopener\">Mercado semanal de Ariany<\/a><span class=\"event-color\" style=\"background: #a3b745\"><\/span><\/h4><div class=\"mec-event-detail\">\r\n                        <div class=\"mec-event-loc-place\">Ariany<\/div>\r\n                        \r\n                    <\/div><\/div><div style=\"clear:both\"><\/div><\/article><article class=\"mec-event-article \"><div class=\"mec-event-image\"><img loading=\"lazy\" decoding=\"async\" width=\"300\" height=\"300\" src=\"https:\/\/firesifestes.es\/wp-content\/uploads\/2026\/01\/expo-la-chispa-magica-300x300.jpg\" class=\"attachment-thumblist size-thumblist wp-post-image\" alt=\"\" data-mec-postid=\"15831\" \/><\/div><div class=\"mec-monthly-contents\" style=\"width: calc(100% - 85px)\"><div class=\"mec-event-time mec-color\"><i class=\"mec-sl-clock-o\"><\/i> Evento de todo el d\u00eda<\/div><h4 class=\"mec-event-title\"><a class=\"mec-color-hover\" data-event-id=\"15831\" href=\"https:\/\/firesifestes.es\/es\/evento\/la-guspira-magica-ii\/\" target=\"_self\" rel=\"noopener\">La chispa m\u00e1gica II<\/a><\/h4><div class=\"mec-event-detail\">\r\n                        <div class=\"mec-event-loc-place\">Fundaci\u00f3 Mir\u00f3 Mallorca<\/div>\r\n                        \r\n                    <\/div><\/div><div style=\"clear:both\"><\/div><\/article><article class=\"mec-event-article \"><div class=\"mec-event-image\"><img loading=\"lazy\" decoding=\"async\" width=\"300\" height=\"300\" src=\"https:\/\/firesifestes.es\/wp-content\/uploads\/2026\/04\/colores-300x300.webp\" class=\"attachment-thumblist size-thumblist wp-post-image\" alt=\"\" data-mec-postid=\"16402\" \/><\/div><div class=\"mec-monthly-contents\" style=\"width: calc(100% - 85px)\"><h4 class=\"mec-event-title\"><a class=\"mec-color-hover\" data-event-id=\"16402\" href=\"https:\/\/firesifestes.es\/es\/evento\/un-viatge-visual-pels-colors-del-planeta\/\" target=\"_self\" rel=\"noopener\">Un viaje visual por los colores del planeta<\/a><\/h4><div class=\"mec-event-detail\">\r\n                        <div class=\"mec-event-loc-place\">Palma<\/div>\r\n                        \r\n                    <\/div><\/div><div style=\"clear:both\"><\/div><\/article><article class=\"mec-event-article \"><div class=\"mec-event-image\"><img loading=\"lazy\" decoding=\"async\" width=\"300\" height=\"300\" src=\"https:\/\/firesifestes.es\/wp-content\/uploads\/2025\/03\/Captura-de-pantalla-2025-03-10-a-las-11.00.58-300x300.png\" class=\"attachment-thumblist size-thumblist wp-post-image\" alt=\"\" data-mec-postid=\"10011\" \/><\/div><div class=\"mec-monthly-contents\" style=\"width: calc(100% - 85px)\"><div class=\"mec-event-time mec-color\"><i class=\"mec-sl-clock-o\"><\/i> 09:00 - 13:00<\/div><h4 class=\"mec-event-title\"><a class=\"mec-color-hover\" data-event-id=\"10011\" href=\"https:\/\/firesifestes.es\/es\/evento\/mercat-setmanal-de-muro\/\" target=\"_self\" rel=\"noopener\">Mercado semanal de Muro<\/a><span class=\"event-color\" style=\"background: #a3b745\"><\/span><\/h4><div class=\"mec-event-detail\">\r\n                        <div class=\"mec-event-loc-place\">Muro<\/div>\r\n                        \r\n                    <\/div><\/div><div style=\"clear:both\"><\/div><\/article><article class=\"mec-event-article \"><div class=\"mec-event-image\"><img loading=\"lazy\" decoding=\"async\" width=\"300\" height=\"300\" src=\"https:\/\/firesifestes.es\/wp-content\/uploads\/2025\/10\/Programacion-semanal-16-300x300.png\" class=\"attachment-thumblist size-thumblist wp-post-image\" alt=\"\" data-mec-postid=\"14967\" \/><\/div><div class=\"mec-monthly-contents\" style=\"width: calc(100% - 85px)\"><div class=\"mec-event-time mec-color\"><i class=\"mec-sl-clock-o\"><\/i> 09:00 - 14:00<\/div><h4 class=\"mec-event-title\"><a class=\"mec-color-hover\" data-event-id=\"14967\" href=\"https:\/\/firesifestes.es\/es\/evento\/mercado-dominical-en-santa-maria-del-cami\/\" target=\"_self\" rel=\"noopener\">Mercado dominical en Santa Maria del Cam\u00ed<\/a><\/h4><div class=\"mec-event-detail\">\r\n                        <div class=\"mec-event-loc-place\">Santa Maria del Cam\u00ed<\/div>\r\n                        \r\n                    <\/div><\/div><div style=\"clear:both\"><\/div><\/article><\/div><div class=\"mec-calendar-events-sec\" id=\"mec-calendar-events-sec-7622-20260921\" data-mec-cell=\"20260921\" ><h6 class=\"mec-table-side-title\">Eventos para <span class=\"mec-color mec-table-side-day\"> 21st<\/span> septiembre<\/h6><article class=\"mec-event-article \"><div class=\"mec-event-image\"><img loading=\"lazy\" decoding=\"async\" width=\"300\" height=\"171\" src=\"https:\/\/firesifestes.es\/wp-content\/uploads\/2024\/11\/Manacor-Mallorca-46.jpg\" class=\"attachment-thumblist size-thumblist wp-post-image\" alt=\"\" data-mec-postid=\"6798\" \/><\/div><div class=\"mec-monthly-contents\" style=\"width: calc(100% - 85px)\"><div class=\"mec-event-time mec-color\"><i class=\"mec-sl-clock-o\"><\/i> 08:00 - 17:00<\/div><h4 class=\"mec-event-title\"><a class=\"mec-color-hover\" data-event-id=\"6798\" href=\"https:\/\/firesifestes.es\/es\/evento\/cada-lunes-hay-mercado-en-manacor\/\" target=\"_self\" rel=\"noopener\">Cada lunes hay mercado en Manacor<\/a><span class=\"event-color\" style=\"background: #a3b745\"><\/span><\/h4><div class=\"mec-event-detail\">\r\n                        <div class=\"mec-event-loc-place\">Manacor<\/div>\r\n                        \r\n                    <\/div><\/div><div style=\"clear:both\"><\/div><\/article><article class=\"mec-event-article \"><div class=\"mec-event-image\"><img loading=\"lazy\" decoding=\"async\" width=\"300\" height=\"300\" src=\"https:\/\/firesifestes.es\/wp-content\/uploads\/2026\/01\/expo-la-chispa-magica-300x300.jpg\" class=\"attachment-thumblist size-thumblist wp-post-image\" alt=\"\" data-mec-postid=\"15831\" \/><\/div><div class=\"mec-monthly-contents\" style=\"width: calc(100% - 85px)\"><div class=\"mec-event-time mec-color\"><i class=\"mec-sl-clock-o\"><\/i> Evento de todo el d\u00eda<\/div><h4 class=\"mec-event-title\"><a class=\"mec-color-hover\" data-event-id=\"15831\" href=\"https:\/\/firesifestes.es\/es\/evento\/la-guspira-magica-ii\/\" target=\"_self\" rel=\"noopener\">La chispa m\u00e1gica II<\/a><\/h4><div class=\"mec-event-detail\">\r\n                        <div class=\"mec-event-loc-place\">Fundaci\u00f3 Mir\u00f3 Mallorca<\/div>\r\n                        \r\n                    <\/div><\/div><div style=\"clear:both\"><\/div><\/article><article class=\"mec-event-article \"><div class=\"mec-event-image\"><img loading=\"lazy\" decoding=\"async\" width=\"300\" height=\"300\" src=\"https:\/\/firesifestes.es\/wp-content\/uploads\/2026\/04\/colores-300x300.webp\" class=\"attachment-thumblist size-thumblist wp-post-image\" alt=\"\" data-mec-postid=\"16402\" \/><\/div><div class=\"mec-monthly-contents\" style=\"width: calc(100% - 85px)\"><h4 class=\"mec-event-title\"><a class=\"mec-color-hover\" data-event-id=\"16402\" href=\"https:\/\/firesifestes.es\/es\/evento\/un-viatge-visual-pels-colors-del-planeta\/\" target=\"_self\" rel=\"noopener\">Un viaje visual por los colores del planeta<\/a><\/h4><div class=\"mec-event-detail\">\r\n                        <div class=\"mec-event-loc-place\">Palma<\/div>\r\n                        \r\n                    <\/div><\/div><div style=\"clear:both\"><\/div><\/article><article class=\"mec-event-article \"><div class=\"mec-event-image\"><img loading=\"lazy\" decoding=\"async\" width=\"300\" height=\"300\" src=\"https:\/\/firesifestes.es\/wp-content\/uploads\/2025\/03\/Captura-de-pantalla-2025-03-10-a-las-10.12.04-300x300.png\" class=\"attachment-thumblist size-thumblist wp-post-image\" alt=\"\" data-mec-postid=\"9953\" \/><\/div><div class=\"mec-monthly-contents\" style=\"width: calc(100% - 85px)\"><div class=\"mec-event-time mec-color\"><i class=\"mec-sl-clock-o\"><\/i> 09:00 - 14:00<\/div><h4 class=\"mec-event-title\"><a class=\"mec-color-hover\" data-event-id=\"9953\" href=\"https:\/\/firesifestes.es\/es\/evento\/mercat-setmanal-dandratx\/\" target=\"_self\" rel=\"noopener\">Mercado semanal de Andratx<\/a><span class=\"event-color\" style=\"background: #a3b745\"><\/span><\/h4><div class=\"mec-event-detail\">\r\n                        <div class=\"mec-event-loc-place\">Andratx<\/div>\r\n                        \r\n                    <\/div><\/div><div style=\"clear:both\"><\/div><\/article><article class=\"mec-event-article \"><div class=\"mec-event-image\"><img loading=\"lazy\" decoding=\"async\" width=\"300\" height=\"300\" src=\"https:\/\/firesifestes.es\/wp-content\/uploads\/2025\/06\/pollenca-300x300.jpeg\" class=\"attachment-thumblist size-thumblist wp-post-image\" alt=\"\" data-mec-postid=\"13449\" \/><\/div><div class=\"mec-monthly-contents\" style=\"width: calc(100% - 85px)\"><div class=\"mec-event-time mec-color\"><i class=\"mec-sl-clock-o\"><\/i> 10:00 - 14:00<\/div><h4 class=\"mec-event-title\"><a class=\"mec-color-hover\" data-event-id=\"13449\" href=\"https:\/\/firesifestes.es\/es\/evento\/54e-certamen-biennal-dart-de-pollenca\/\" target=\"_self\" rel=\"noopener\">54\u00ba Certamen Biennal de Arte de Pollen\u00e7a<\/a><span class=\"event-color\" style=\"background: #e14d43\"><\/span><\/h4><div class=\"mec-event-detail\">\r\n                        <div class=\"mec-event-loc-place\">Pollen\u00e7a<\/div>\r\n                        \r\n                    <\/div><\/div><div style=\"clear:both\"><\/div><\/article><\/div><div class=\"mec-calendar-events-sec\" id=\"mec-calendar-events-sec-7622-20260922\" data-mec-cell=\"20260922\" ><h6 class=\"mec-table-side-title\">Eventos para <span class=\"mec-color mec-table-side-day\"> 22nd<\/span> septiembre<\/h6><article class=\"mec-event-article \"><div class=\"mec-event-image\"><img loading=\"lazy\" decoding=\"async\" width=\"300\" height=\"300\" src=\"https:\/\/firesifestes.es\/wp-content\/uploads\/2025\/02\/mercat-arta-300x300.jpg\" class=\"attachment-thumblist size-thumblist wp-post-image\" alt=\"\" data-mec-postid=\"7416\" \/><\/div><div class=\"mec-monthly-contents\" style=\"width: calc(100% - 85px)\"><div class=\"mec-event-time mec-color\"><i class=\"mec-sl-clock-o\"><\/i> 08:00 - 17:00<\/div><h4 class=\"mec-event-title\"><a class=\"mec-color-hover\" data-event-id=\"7416\" href=\"https:\/\/firesifestes.es\/es\/evento\/mercado-tradicional-de-arta\/\" target=\"_self\" rel=\"noopener\">Mercado tradicional de Art\u00e0<\/a><span class=\"event-color\" style=\"background: #a3b745\"><\/span><\/h4><div class=\"mec-event-detail\">\r\n                        <div class=\"mec-event-loc-place\"><\/div>\r\n                        \r\n                    <\/div><\/div><div style=\"clear:both\"><\/div><\/article><article class=\"mec-event-article \"><div class=\"mec-event-image\"><img loading=\"lazy\" decoding=\"async\" width=\"300\" height=\"300\" src=\"https:\/\/firesifestes.es\/wp-content\/uploads\/2025\/03\/santa-maria-300x300.jpeg\" class=\"attachment-thumblist size-thumblist wp-post-image\" alt=\"\" data-mec-postid=\"9923\" \/><\/div><div class=\"mec-monthly-contents\" style=\"width: calc(100% - 85px)\"><div class=\"mec-event-time mec-color\"><i class=\"mec-sl-clock-o\"><\/i> 08:00 - 13:30<\/div><h4 class=\"mec-event-title\"><a class=\"mec-color-hover\" data-event-id=\"9923\" href=\"https:\/\/firesifestes.es\/es\/evento\/mercat-setmanal-a-alcudia\/\" target=\"_self\" rel=\"noopener\">Mercado semanal en Alc\u00fadia<\/a><span class=\"event-color\" style=\"background: #a3b745\"><\/span><\/h4><div class=\"mec-event-detail\">\r\n                        <div class=\"mec-event-loc-place\">Alcudia<\/div>\r\n                        \r\n                    <\/div><\/div><div style=\"clear:both\"><\/div><\/article><article class=\"mec-event-article \"><div class=\"mec-event-image\"><img loading=\"lazy\" decoding=\"async\" width=\"300\" height=\"300\" src=\"https:\/\/firesifestes.es\/wp-content\/uploads\/2025\/03\/iStock-493583862-300x300.jpg\" class=\"attachment-thumblist size-thumblist wp-post-image\" alt=\"\" data-mec-postid=\"9943\" \/><\/div><div class=\"mec-monthly-contents\" style=\"width: calc(100% - 85px)\"><div class=\"mec-event-time mec-color\"><i class=\"mec-sl-clock-o\"><\/i> 08:00 - 14:00<\/div><h4 class=\"mec-event-title\"><a class=\"mec-color-hover\" data-event-id=\"9943\" href=\"https:\/\/firesifestes.es\/es\/evento\/mercado-semanal-de-pina\/\" target=\"_self\" rel=\"noopener\">Mercado semanal de Pina<\/a><span class=\"event-color\" style=\"background: #a3b745\"><\/span><\/h4><div class=\"mec-event-detail\">\r\n                        <div class=\"mec-event-loc-place\">Pina<\/div>\r\n                        \r\n                    <\/div><\/div><div style=\"clear:both\"><\/div><\/article><article class=\"mec-event-article \"><div class=\"mec-event-image\"><img loading=\"lazy\" decoding=\"async\" width=\"300\" height=\"300\" src=\"https:\/\/firesifestes.es\/wp-content\/uploads\/2026\/01\/expo-la-chispa-magica-300x300.jpg\" class=\"attachment-thumblist size-thumblist wp-post-image\" alt=\"\" data-mec-postid=\"15831\" \/><\/div><div class=\"mec-monthly-contents\" style=\"width: calc(100% - 85px)\"><div class=\"mec-event-time mec-color\"><i class=\"mec-sl-clock-o\"><\/i> Evento de todo el d\u00eda<\/div><h4 class=\"mec-event-title\"><a class=\"mec-color-hover\" data-event-id=\"15831\" href=\"https:\/\/firesifestes.es\/es\/evento\/la-guspira-magica-ii\/\" target=\"_self\" rel=\"noopener\">La chispa m\u00e1gica II<\/a><\/h4><div class=\"mec-event-detail\">\r\n                        <div class=\"mec-event-loc-place\">Fundaci\u00f3 Mir\u00f3 Mallorca<\/div>\r\n                        \r\n                    <\/div><\/div><div style=\"clear:both\"><\/div><\/article><article class=\"mec-event-article \"><div class=\"mec-event-image\"><img loading=\"lazy\" decoding=\"async\" width=\"300\" height=\"300\" src=\"https:\/\/firesifestes.es\/wp-content\/uploads\/2026\/04\/colores-300x300.webp\" class=\"attachment-thumblist size-thumblist wp-post-image\" alt=\"\" data-mec-postid=\"16402\" \/><\/div><div class=\"mec-monthly-contents\" style=\"width: calc(100% - 85px)\"><h4 class=\"mec-event-title\"><a class=\"mec-color-hover\" data-event-id=\"16402\" href=\"https:\/\/firesifestes.es\/es\/evento\/un-viatge-visual-pels-colors-del-planeta\/\" target=\"_self\" rel=\"noopener\">Un viaje visual por los colores del planeta<\/a><\/h4><div class=\"mec-event-detail\">\r\n                        <div class=\"mec-event-loc-place\">Palma<\/div>\r\n                        \r\n                    <\/div><\/div><div style=\"clear:both\"><\/div><\/article><article class=\"mec-event-article \"><div class=\"mec-event-image\"><img loading=\"lazy\" decoding=\"async\" width=\"300\" height=\"300\" src=\"https:\/\/firesifestes.es\/wp-content\/uploads\/2025\/03\/Captura-de-pantalla-2025-03-10-a-las-10.19.22-300x300.png\" class=\"attachment-thumblist size-thumblist wp-post-image\" alt=\"\" data-mec-postid=\"9966\" \/><\/div><div class=\"mec-monthly-contents\" style=\"width: calc(100% - 85px)\"><div class=\"mec-event-time mec-color\"><i class=\"mec-sl-clock-o\"><\/i> 10:00 - 14:00<\/div><h4 class=\"mec-event-title\"><a class=\"mec-color-hover\" data-event-id=\"9966\" href=\"https:\/\/firesifestes.es\/es\/evento\/mercat-darta\/\" target=\"_self\" rel=\"noopener\">Mercado semanal de Art\u00e0<\/a><span class=\"event-color\" style=\"background: #a3b745\"><\/span><\/h4><div class=\"mec-event-detail\">\r\n                        <div class=\"mec-event-loc-place\">Arta<\/div>\r\n                        \r\n                    <\/div><\/div><div style=\"clear:both\"><\/div><\/article><article class=\"mec-event-article \"><div class=\"mec-event-image\"><img loading=\"lazy\" decoding=\"async\" width=\"300\" height=\"300\" src=\"https:\/\/firesifestes.es\/wp-content\/uploads\/2025\/06\/pollenca-300x300.jpeg\" class=\"attachment-thumblist size-thumblist wp-post-image\" alt=\"\" data-mec-postid=\"13449\" \/><\/div><div class=\"mec-monthly-contents\" style=\"width: calc(100% - 85px)\"><div class=\"mec-event-time mec-color\"><i class=\"mec-sl-clock-o\"><\/i> 10:00 - 14:00<\/div><h4 class=\"mec-event-title\"><a class=\"mec-color-hover\" data-event-id=\"13449\" href=\"https:\/\/firesifestes.es\/es\/evento\/54e-certamen-biennal-dart-de-pollenca\/\" target=\"_self\" rel=\"noopener\">54\u00ba Certamen Biennal de Arte de Pollen\u00e7a<\/a><span class=\"event-color\" style=\"background: #e14d43\"><\/span><\/h4><div class=\"mec-event-detail\">\r\n                        <div class=\"mec-event-loc-place\">Pollen\u00e7a<\/div>\r\n                        \r\n                    <\/div><\/div><div style=\"clear:both\"><\/div><\/article><article class=\"mec-event-article \"><div class=\"mec-event-image\"><img loading=\"lazy\" decoding=\"async\" width=\"300\" height=\"300\" src=\"https:\/\/firesifestes.es\/wp-content\/uploads\/2025\/04\/correvins-300x300.png\" class=\"attachment-thumblist size-thumblist wp-post-image\" alt=\"\" data-mec-postid=\"12010\" \/><\/div><div class=\"mec-monthly-contents\" style=\"width: calc(100% - 85px)\"><div class=\"mec-event-time mec-color\"><i class=\"mec-sl-clock-o\"><\/i> 19:00 - 22:00<\/div><h4 class=\"mec-event-title\"><a class=\"mec-color-hover\" data-event-id=\"12010\" href=\"https:\/\/firesifestes.es\/es\/evento\/corre-vins-a-palma\/\" target=\"_self\" rel=\"noopener\">Corre Vins a Palma<\/a><span class=\"event-color\" style=\"background: #fdd700\"><\/span><\/h4><div class=\"mec-event-detail\">\r\n                        <div class=\"mec-event-loc-place\">Palma<\/div>\r\n                        \r\n                    <\/div><\/div><div style=\"clear:both\"><\/div><\/article><\/div><div class=\"mec-calendar-events-sec\" id=\"mec-calendar-events-sec-7622-20260923\" data-mec-cell=\"20260923\" ><h6 class=\"mec-table-side-title\">Eventos para <span class=\"mec-color mec-table-side-day\"> 23rd<\/span> septiembre<\/h6><article class=\"mec-event-article \"><div class=\"mec-event-image\"><img loading=\"lazy\" decoding=\"async\" width=\"300\" height=\"205\" src=\"https:\/\/firesifestes.es\/wp-content\/uploads\/2024\/05\/mercat-sineu-15.jpg\" class=\"attachment-thumblist size-thumblist wp-post-image\" alt=\"\" data-mec-postid=\"7415\" \/><\/div><div class=\"mec-monthly-contents\" style=\"width: calc(100% - 85px)\"><div class=\"mec-event-time mec-color\"><i class=\"mec-sl-clock-o\"><\/i> 08:00 - 12:00<\/div><h4 class=\"mec-event-title\"><a class=\"mec-color-hover\" data-event-id=\"7415\" href=\"https:\/\/firesifestes.es\/es\/evento\/mercat-de-sineu-700-anos-de-historia\/\" target=\"_self\" rel=\"noopener\">Mercat de Sineu: 700 a\u00f1os de historia<\/a><span class=\"event-color\" style=\"background: #a3b745\"><\/span><\/h4><div class=\"mec-event-detail\">\r\n                        <div class=\"mec-event-loc-place\"><\/div>\r\n                        \r\n                    <\/div><\/div><div style=\"clear:both\"><\/div><\/article><article class=\"mec-event-article \"><div class=\"mec-event-image\"><img loading=\"lazy\" decoding=\"async\" width=\"300\" height=\"300\" src=\"https:\/\/firesifestes.es\/wp-content\/uploads\/2026\/01\/expo-la-chispa-magica-300x300.jpg\" class=\"attachment-thumblist size-thumblist wp-post-image\" alt=\"\" data-mec-postid=\"15831\" \/><\/div><div class=\"mec-monthly-contents\" style=\"width: calc(100% - 85px)\"><div class=\"mec-event-time mec-color\"><i class=\"mec-sl-clock-o\"><\/i> Evento de todo el d\u00eda<\/div><h4 class=\"mec-event-title\"><a class=\"mec-color-hover\" data-event-id=\"15831\" href=\"https:\/\/firesifestes.es\/es\/evento\/la-guspira-magica-ii\/\" target=\"_self\" rel=\"noopener\">La chispa m\u00e1gica II<\/a><\/h4><div class=\"mec-event-detail\">\r\n                        <div class=\"mec-event-loc-place\">Fundaci\u00f3 Mir\u00f3 Mallorca<\/div>\r\n                        \r\n                    <\/div><\/div><div style=\"clear:both\"><\/div><\/article><article class=\"mec-event-article \"><div class=\"mec-event-image\"><img loading=\"lazy\" decoding=\"async\" width=\"300\" height=\"300\" src=\"https:\/\/firesifestes.es\/wp-content\/uploads\/2026\/04\/colores-300x300.webp\" class=\"attachment-thumblist size-thumblist wp-post-image\" alt=\"\" data-mec-postid=\"16402\" \/><\/div><div class=\"mec-monthly-contents\" style=\"width: calc(100% - 85px)\"><h4 class=\"mec-event-title\"><a class=\"mec-color-hover\" data-event-id=\"16402\" href=\"https:\/\/firesifestes.es\/es\/evento\/un-viatge-visual-pels-colors-del-planeta\/\" target=\"_self\" rel=\"noopener\">Un viaje visual por los colores del planeta<\/a><\/h4><div class=\"mec-event-detail\">\r\n                        <div class=\"mec-event-loc-place\">Palma<\/div>\r\n                        \r\n                    <\/div><\/div><div style=\"clear:both\"><\/div><\/article><article class=\"mec-event-article \"><div class=\"mec-event-image\"><img loading=\"lazy\" decoding=\"async\" width=\"300\" height=\"300\" src=\"https:\/\/firesifestes.es\/wp-content\/uploads\/2025\/06\/pollenca-300x300.jpeg\" class=\"attachment-thumblist size-thumblist wp-post-image\" alt=\"\" data-mec-postid=\"13449\" \/><\/div><div class=\"mec-monthly-contents\" style=\"width: calc(100% - 85px)\"><div class=\"mec-event-time mec-color\"><i class=\"mec-sl-clock-o\"><\/i> 10:00 - 14:00<\/div><h4 class=\"mec-event-title\"><a class=\"mec-color-hover\" data-event-id=\"13449\" href=\"https:\/\/firesifestes.es\/es\/evento\/54e-certamen-biennal-dart-de-pollenca\/\" target=\"_self\" rel=\"noopener\">54\u00ba Certamen Biennal de Arte de Pollen\u00e7a<\/a><span class=\"event-color\" style=\"background: #e14d43\"><\/span><\/h4><div class=\"mec-event-detail\">\r\n                        <div class=\"mec-event-loc-place\">Pollen\u00e7a<\/div>\r\n                        \r\n                    <\/div><\/div><div style=\"clear:both\"><\/div><\/article><article class=\"mec-event-article \"><div class=\"mec-event-image\"><img loading=\"lazy\" decoding=\"async\" width=\"300\" height=\"300\" src=\"https:\/\/firesifestes.es\/wp-content\/uploads\/2025\/04\/correvins-300x300.png\" class=\"attachment-thumblist size-thumblist wp-post-image\" alt=\"\" data-mec-postid=\"12015\" \/><\/div><div class=\"mec-monthly-contents\" style=\"width: calc(100% - 85px)\"><div class=\"mec-event-time mec-color\"><i class=\"mec-sl-clock-o\"><\/i> 19:00 - 22:00<\/div><h4 class=\"mec-event-title\"><a class=\"mec-color-hover\" data-event-id=\"12015\" href=\"https:\/\/firesifestes.es\/es\/evento\/corre-vins-a-palma-2\/\" target=\"_self\" rel=\"noopener\">Corre Vins a Palma<\/a><span class=\"event-color\" style=\"background: #fdd700\"><\/span><\/h4><div class=\"mec-event-detail\">\r\n                        <div class=\"mec-event-loc-place\">Palma<\/div>\r\n                        \r\n                    <\/div><\/div><div style=\"clear:both\"><\/div><\/article><\/div><div class=\"mec-calendar-events-sec\" id=\"mec-calendar-events-sec-7622-20260924\" data-mec-cell=\"20260924\" ><h6 class=\"mec-table-side-title\">Eventos para <span class=\"mec-color mec-table-side-day\"> 24th<\/span> septiembre<\/h6><article class=\"mec-event-article \"><div class=\"mec-event-image\"><img loading=\"lazy\" decoding=\"async\" width=\"300\" height=\"300\" src=\"https:\/\/firesifestes.es\/wp-content\/uploads\/2026\/01\/expo-la-chispa-magica-300x300.jpg\" class=\"attachment-thumblist size-thumblist wp-post-image\" alt=\"\" data-mec-postid=\"15831\" \/><\/div><div class=\"mec-monthly-contents\" style=\"width: calc(100% - 85px)\"><div class=\"mec-event-time mec-color\"><i class=\"mec-sl-clock-o\"><\/i> Evento de todo el d\u00eda<\/div><h4 class=\"mec-event-title\"><a class=\"mec-color-hover\" data-event-id=\"15831\" href=\"https:\/\/firesifestes.es\/es\/evento\/la-guspira-magica-ii\/\" target=\"_self\" rel=\"noopener\">La chispa m\u00e1gica II<\/a><\/h4><div class=\"mec-event-detail\">\r\n                        <div class=\"mec-event-loc-place\">Fundaci\u00f3 Mir\u00f3 Mallorca<\/div>\r\n                        \r\n                    <\/div><\/div><div style=\"clear:both\"><\/div><\/article><article class=\"mec-event-article \"><div class=\"mec-event-image\"><img loading=\"lazy\" decoding=\"async\" width=\"300\" height=\"300\" src=\"https:\/\/firesifestes.es\/wp-content\/uploads\/2026\/04\/colores-300x300.webp\" class=\"attachment-thumblist size-thumblist wp-post-image\" alt=\"\" data-mec-postid=\"16402\" \/><\/div><div class=\"mec-monthly-contents\" style=\"width: calc(100% - 85px)\"><h4 class=\"mec-event-title\"><a class=\"mec-color-hover\" data-event-id=\"16402\" href=\"https:\/\/firesifestes.es\/es\/evento\/un-viatge-visual-pels-colors-del-planeta\/\" target=\"_self\" rel=\"noopener\">Un viaje visual por los colores del planeta<\/a><\/h4><div class=\"mec-event-detail\">\r\n                        <div class=\"mec-event-loc-place\">Palma<\/div>\r\n                        \r\n                    <\/div><\/div><div style=\"clear:both\"><\/div><\/article><article class=\"mec-event-article \"><div class=\"mec-event-image\"><img loading=\"lazy\" decoding=\"async\" width=\"300\" height=\"300\" src=\"https:\/\/firesifestes.es\/wp-content\/uploads\/2025\/07\/Captura-de-pantalla-2025-07-31-a-las-9.24.10-300x300.png\" class=\"attachment-thumblist size-thumblist wp-post-image\" alt=\"\" data-mec-postid=\"14335\" \/><\/div><div class=\"mec-monthly-contents\" style=\"width: calc(100% - 85px)\"><div class=\"mec-event-time mec-color\"><i class=\"mec-sl-clock-o\"><\/i> 09:00 - 14:00<\/div><h4 class=\"mec-event-title\"><a class=\"mec-color-hover\" data-event-id=\"14335\" href=\"https:\/\/firesifestes.es\/es\/evento\/mercat-setmanal-dels-dijous-dinca\/\" target=\"_self\" rel=\"noopener\">Mercat setmanal dels dijous d&#8217;Inca<\/a><span class=\"event-color\" style=\"background: #a3b745\"><\/span><\/h4><div class=\"mec-event-detail\">\r\n                        <div class=\"mec-event-loc-place\">Inca<\/div>\r\n                        \r\n                    <\/div><\/div><div style=\"clear:both\"><\/div><\/article><article class=\"mec-event-article \"><div class=\"mec-event-image\"><img loading=\"lazy\" decoding=\"async\" width=\"300\" height=\"300\" src=\"https:\/\/firesifestes.es\/wp-content\/uploads\/2025\/06\/pollenca-300x300.jpeg\" class=\"attachment-thumblist size-thumblist wp-post-image\" alt=\"\" data-mec-postid=\"13449\" \/><\/div><div class=\"mec-monthly-contents\" style=\"width: calc(100% - 85px)\"><div class=\"mec-event-time mec-color\"><i class=\"mec-sl-clock-o\"><\/i> 10:00 - 14:00<\/div><h4 class=\"mec-event-title\"><a class=\"mec-color-hover\" data-event-id=\"13449\" href=\"https:\/\/firesifestes.es\/es\/evento\/54e-certamen-biennal-dart-de-pollenca\/\" target=\"_self\" rel=\"noopener\">54\u00ba Certamen Biennal de Arte de Pollen\u00e7a<\/a><span class=\"event-color\" style=\"background: #e14d43\"><\/span><\/h4><div class=\"mec-event-detail\">\r\n                        <div class=\"mec-event-loc-place\">Pollen\u00e7a<\/div>\r\n                        \r\n                    <\/div><\/div><div style=\"clear:both\"><\/div><\/article><\/div><div class=\"mec-calendar-events-sec\" id=\"mec-calendar-events-sec-7622-20260925\" data-mec-cell=\"20260925\" ><h6 class=\"mec-table-side-title\">Eventos para <span class=\"mec-color mec-table-side-day\"> 25th<\/span> septiembre<\/h6><article class=\"mec-event-article \"><div class=\"mec-event-image\"><img loading=\"lazy\" decoding=\"async\" width=\"300\" height=\"300\" src=\"https:\/\/firesifestes.es\/wp-content\/uploads\/2025\/03\/iStock-1159376930-300x300.jpg\" class=\"attachment-thumblist size-thumblist wp-post-image\" alt=\"\" data-mec-postid=\"9935\" \/><\/div><div class=\"mec-monthly-contents\" style=\"width: calc(100% - 85px)\"><div class=\"mec-event-time mec-color\"><i class=\"mec-sl-clock-o\"><\/i> 08:00 - 13:30<\/div><h4 class=\"mec-event-title\"><a class=\"mec-color-hover\" data-event-id=\"9935\" href=\"https:\/\/firesifestes.es\/es\/evento\/mercat-setmanal-al-port-dalcudia\/\" target=\"_self\" rel=\"noopener\">Mercado semanal en el Port d&#8217;Alc\u00fadia<\/a><span class=\"event-color\" style=\"background: #a3b745\"><\/span><\/h4><div class=\"mec-event-detail\">\r\n                        <div class=\"mec-event-loc-place\">Port d&#039;Alcudia<\/div>\r\n                        \r\n                    <\/div><\/div><div style=\"clear:both\"><\/div><\/article><article class=\"mec-event-article \"><div class=\"mec-event-image\"><img loading=\"lazy\" decoding=\"async\" width=\"300\" height=\"300\" src=\"https:\/\/firesifestes.es\/wp-content\/uploads\/2025\/03\/iStock-1175229432-300x300.jpg\" class=\"attachment-thumblist size-thumblist wp-post-image\" alt=\"\" data-mec-postid=\"9941\" \/><\/div><div class=\"mec-monthly-contents\" style=\"width: calc(100% - 85px)\"><div class=\"mec-event-time mec-color\"><i class=\"mec-sl-clock-o\"><\/i> 08:00 - 14:00<\/div><h4 class=\"mec-event-title\"><a class=\"mec-color-hover\" data-event-id=\"9941\" href=\"https:\/\/firesifestes.es\/es\/evento\/mercat-setmanal-a-algaida\/\" target=\"_self\" rel=\"noopener\">Mercado semanal en Algaida<\/a><span class=\"event-color\" style=\"background: #a3b745\"><\/span><\/h4><div class=\"mec-event-detail\">\r\n                        <div class=\"mec-event-loc-place\">Algaida<\/div>\r\n                        \r\n                    <\/div><\/div><div style=\"clear:both\"><\/div><\/article><article class=\"mec-event-article \"><div class=\"mec-event-image\"><img loading=\"lazy\" decoding=\"async\" width=\"300\" height=\"300\" src=\"https:\/\/firesifestes.es\/wp-content\/uploads\/2026\/01\/expo-la-chispa-magica-300x300.jpg\" class=\"attachment-thumblist size-thumblist wp-post-image\" alt=\"\" data-mec-postid=\"15831\" \/><\/div><div class=\"mec-monthly-contents\" style=\"width: calc(100% - 85px)\"><div class=\"mec-event-time mec-color\"><i class=\"mec-sl-clock-o\"><\/i> Evento de todo el d\u00eda<\/div><h4 class=\"mec-event-title\"><a class=\"mec-color-hover\" data-event-id=\"15831\" href=\"https:\/\/firesifestes.es\/es\/evento\/la-guspira-magica-ii\/\" target=\"_self\" rel=\"noopener\">La chispa m\u00e1gica II<\/a><\/h4><div class=\"mec-event-detail\">\r\n                        <div class=\"mec-event-loc-place\">Fundaci\u00f3 Mir\u00f3 Mallorca<\/div>\r\n                        \r\n                    <\/div><\/div><div style=\"clear:both\"><\/div><\/article><article class=\"mec-event-article \"><div class=\"mec-event-image\"><img loading=\"lazy\" decoding=\"async\" width=\"300\" height=\"300\" src=\"https:\/\/firesifestes.es\/wp-content\/uploads\/2026\/04\/colores-300x300.webp\" class=\"attachment-thumblist size-thumblist wp-post-image\" alt=\"\" data-mec-postid=\"16402\" \/><\/div><div class=\"mec-monthly-contents\" style=\"width: calc(100% - 85px)\"><h4 class=\"mec-event-title\"><a class=\"mec-color-hover\" data-event-id=\"16402\" href=\"https:\/\/firesifestes.es\/es\/evento\/un-viatge-visual-pels-colors-del-planeta\/\" target=\"_self\" rel=\"noopener\">Un viaje visual por los colores del planeta<\/a><\/h4><div class=\"mec-event-detail\">\r\n                        <div class=\"mec-event-loc-place\">Palma<\/div>\r\n                        \r\n                    <\/div><\/div><div style=\"clear:both\"><\/div><\/article><\/div><div class=\"mec-calendar-events-sec\" id=\"mec-calendar-events-sec-7622-20260926\" data-mec-cell=\"20260926\" ><h6 class=\"mec-table-side-title\">Eventos para <span class=\"mec-color mec-table-side-day\"> 26th<\/span> septiembre<\/h6><article class=\"mec-event-article \"><div class=\"mec-event-image\"><img loading=\"lazy\" decoding=\"async\" width=\"300\" height=\"295\" src=\"https:\/\/firesifestes.es\/wp-content\/uploads\/2024\/04\/mercat-alaro.png\" class=\"attachment-thumblist size-thumblist wp-post-image\" alt=\"\" data-mec-postid=\"7257\" \/><\/div><div class=\"mec-monthly-contents\" style=\"width: calc(100% - 85px)\"><div class=\"mec-event-time mec-color\"><i class=\"mec-sl-clock-o\"><\/i> 08:00 - 14:00<\/div><h4 class=\"mec-event-title\"><a class=\"mec-color-hover\" data-event-id=\"7257\" href=\"https:\/\/firesifestes.es\/es\/evento\/mercadillo-de-alaro\/\" target=\"_self\" rel=\"noopener\">Mercadillo de Alar\u00f3<\/a><span class=\"event-color\" style=\"background: #a3b745\"><\/span><\/h4><div class=\"mec-event-detail\">\r\n                        <div class=\"mec-event-loc-place\">Alar\u00f3<\/div>\r\n                        \r\n                    <\/div><\/div><div style=\"clear:both\"><\/div><\/article><article class=\"mec-event-article \"><div class=\"mec-event-image\"><img loading=\"lazy\" decoding=\"async\" width=\"300\" height=\"300\" src=\"https:\/\/firesifestes.es\/wp-content\/uploads\/2025\/03\/mercat-alaro-300x300.png\" class=\"attachment-thumblist size-thumblist wp-post-image\" alt=\"\" data-mec-postid=\"9917\" \/><\/div><div class=\"mec-monthly-contents\" style=\"width: calc(100% - 85px)\"><div class=\"mec-event-time mec-color\"><i class=\"mec-sl-clock-o\"><\/i> 08:00 - 14:00<\/div><h4 class=\"mec-event-title\"><a class=\"mec-color-hover\" data-event-id=\"9917\" href=\"https:\/\/firesifestes.es\/es\/evento\/mercat-setmanal-a-alaro\/\" target=\"_self\" rel=\"noopener\">Mercado semanal en Alar\u00f3<\/a><span class=\"event-color\" style=\"background: #a3b745\"><\/span><\/h4><div class=\"mec-event-detail\">\r\n                        <div class=\"mec-event-loc-place\">Alar\u00f3<\/div>\r\n                        \r\n                    <\/div><\/div><div style=\"clear:both\"><\/div><\/article><article class=\"mec-event-article \"><div class=\"mec-event-image\"><img loading=\"lazy\" decoding=\"async\" width=\"300\" height=\"300\" src=\"https:\/\/firesifestes.es\/wp-content\/uploads\/2025\/03\/Captura-de-pantalla-2025-03-10-a-las-10.16.08-300x300.png\" class=\"attachment-thumblist size-thumblist wp-post-image\" alt=\"\" data-mec-postid=\"9960\" \/><\/div><div class=\"mec-monthly-contents\" style=\"width: calc(100% - 85px)\"><div class=\"mec-event-time mec-color\"><i class=\"mec-sl-clock-o\"><\/i> 08:00 - 00:00<\/div><h4 class=\"mec-event-title\"><a class=\"mec-color-hover\" data-event-id=\"9960\" href=\"https:\/\/firesifestes.es\/es\/evento\/mercat-dariany\/\" target=\"_self\" rel=\"noopener\">Mercado semanal de Ariany<\/a><span class=\"event-color\" style=\"background: #a3b745\"><\/span><\/h4><div class=\"mec-event-detail\">\r\n                        <div class=\"mec-event-loc-place\">Ariany<\/div>\r\n                        \r\n                    <\/div><\/div><div style=\"clear:both\"><\/div><\/article><article class=\"mec-event-article \"><div class=\"mec-event-image\"><img loading=\"lazy\" decoding=\"async\" width=\"261\" height=\"168\" src=\"https:\/\/firesifestes.es\/wp-content\/uploads\/2025\/10\/mercadillo-quesos.png\" class=\"attachment-thumblist size-thumblist wp-post-image\" alt=\"\" data-mec-postid=\"15232\" \/><\/div><div class=\"mec-monthly-contents\" style=\"width: calc(100% - 85px)\"><div class=\"mec-event-time mec-color\"><i class=\"mec-sl-clock-o\"><\/i> 08:00 - 13:00<\/div><h4 class=\"mec-event-title\"><a class=\"mec-color-hover\" data-event-id=\"15232\" href=\"https:\/\/firesifestes.es\/es\/evento\/mercat-setmanal-dels-dissabtes-de-cala-ratjada\/\" target=\"_self\" rel=\"noopener\">Mercado semanal de los s\u00e1bados en Cala Ratjada<\/a><\/h4><div class=\"mec-event-detail\">\r\n                        <div class=\"mec-event-loc-place\">Cala Ratjada<\/div>\r\n                        \r\n                    <\/div><\/div><div style=\"clear:both\"><\/div><\/article><article class=\"mec-event-article \"><div class=\"mec-event-image\"><img loading=\"lazy\" decoding=\"async\" width=\"300\" height=\"300\" src=\"https:\/\/firesifestes.es\/wp-content\/uploads\/2026\/01\/expo-la-chispa-magica-300x300.jpg\" class=\"attachment-thumblist size-thumblist wp-post-image\" alt=\"\" data-mec-postid=\"15831\" \/><\/div><div class=\"mec-monthly-contents\" style=\"width: calc(100% - 85px)\"><div class=\"mec-event-time mec-color\"><i class=\"mec-sl-clock-o\"><\/i> Evento de todo el d\u00eda<\/div><h4 class=\"mec-event-title\"><a class=\"mec-color-hover\" data-event-id=\"15831\" href=\"https:\/\/firesifestes.es\/es\/evento\/la-guspira-magica-ii\/\" target=\"_self\" rel=\"noopener\">La chispa m\u00e1gica II<\/a><\/h4><div class=\"mec-event-detail\">\r\n                        <div class=\"mec-event-loc-place\">Fundaci\u00f3 Mir\u00f3 Mallorca<\/div>\r\n                        \r\n                    <\/div><\/div><div style=\"clear:both\"><\/div><\/article><article class=\"mec-event-article \"><div class=\"mec-event-image\"><img loading=\"lazy\" decoding=\"async\" width=\"300\" height=\"300\" src=\"https:\/\/firesifestes.es\/wp-content\/uploads\/2026\/04\/colores-300x300.webp\" class=\"attachment-thumblist size-thumblist wp-post-image\" alt=\"\" data-mec-postid=\"16402\" \/><\/div><div class=\"mec-monthly-contents\" style=\"width: calc(100% - 85px)\"><h4 class=\"mec-event-title\"><a class=\"mec-color-hover\" data-event-id=\"16402\" href=\"https:\/\/firesifestes.es\/es\/evento\/un-viatge-visual-pels-colors-del-planeta\/\" target=\"_self\" rel=\"noopener\">Un viaje visual por los colores del planeta<\/a><\/h4><div class=\"mec-event-detail\">\r\n                        <div class=\"mec-event-loc-place\">Palma<\/div>\r\n                        \r\n                    <\/div><\/div><div style=\"clear:both\"><\/div><\/article><article class=\"mec-event-article \"><div class=\"mec-event-image\"><img loading=\"lazy\" decoding=\"async\" width=\"300\" height=\"300\" src=\"https:\/\/firesifestes.es\/wp-content\/uploads\/2026\/08\/tardeo-hoy-300x300.png\" class=\"attachment-thumblist size-thumblist wp-post-image\" alt=\"\" data-mec-postid=\"16941\" \/><\/div><div class=\"mec-monthly-contents\" style=\"width: calc(100% - 85px)\"><div class=\"mec-event-time mec-color\"><i class=\"mec-sl-clock-o\"><\/i> 18:00<\/div><h4 class=\"mec-event-title\"><a class=\"mec-color-hover\" data-event-id=\"16941\" href=\"https:\/\/firesifestes.es\/es\/evento\/super-tardeo-vuelta-al-cole\/\" target=\"_self\" rel=\"noopener\">S\u00faper Tardeo Vuelta al Cole<\/a><\/h4><div class=\"mec-event-detail\">\r\n                        <div class=\"mec-event-loc-place\">Palma<\/div>\r\n                        \r\n                    <\/div><\/div><div style=\"clear:both\"><\/div><\/article><\/div><div class=\"mec-calendar-events-sec\" id=\"mec-calendar-events-sec-7622-20260927\" data-mec-cell=\"20260927\" ><h6 class=\"mec-table-side-title\">Eventos para <span class=\"mec-color mec-table-side-day\"> 27th<\/span> septiembre<\/h6><article class=\"mec-event-article \"><div class=\"mec-event-image\"><\/div><div class=\"mec-monthly-contents\" style=\"width: 100%\"><div class=\"mec-event-time mec-color\"><i class=\"mec-sl-clock-o\"><\/i> Evento de todo el d\u00eda<\/div><h4 class=\"mec-event-title\"><a class=\"mec-color-hover\" data-event-id=\"7254\" href=\"https:\/\/firesifestes.es\/es\/evento\/un-mercado-de-montana-en-valldemossa\/\" target=\"_self\" rel=\"noopener\">Un mercado de monta\u00f1a en Valldemossa<\/a><span class=\"event-color\" style=\"background: #a3b745\"><\/span><\/h4><div class=\"mec-event-detail\">\r\n                        <div class=\"mec-event-loc-place\"><\/div>\r\n                        \r\n                    <\/div><\/div><div style=\"clear:both\"><\/div><\/article><article class=\"mec-event-article \"><div class=\"mec-event-image\"><img loading=\"lazy\" decoding=\"async\" width=\"300\" height=\"300\" src=\"https:\/\/firesifestes.es\/wp-content\/uploads\/2025\/02\/santa-maria-market-6-300x300.jpg\" class=\"attachment-thumblist size-thumblist wp-post-image\" alt=\"\" data-mec-postid=\"7529\" \/><\/div><div class=\"mec-monthly-contents\" style=\"width: calc(100% - 85px)\"><div class=\"mec-event-time mec-color\"><i class=\"mec-sl-clock-o\"><\/i> Evento de todo el d\u00eda<\/div><h4 class=\"mec-event-title\"><a class=\"mec-color-hover\" data-event-id=\"7529\" href=\"https:\/\/firesifestes.es\/es\/evento\/mercat-de-santa-maria-del-cami\/\" target=\"_self\" rel=\"noopener\">Mercado de Santa Maria del Cam\u00ed<\/a><span class=\"event-color\" style=\"background: #a3b745\"><\/span><\/h4><div class=\"mec-event-detail\">\r\n                        <div class=\"mec-event-loc-place\"><\/div>\r\n                        \r\n                    <\/div><\/div><div style=\"clear:both\"><\/div><\/article><article class=\"mec-event-article \"><div class=\"mec-event-image\"><img loading=\"lazy\" decoding=\"async\" width=\"300\" height=\"300\" src=\"https:\/\/firesifestes.es\/wp-content\/uploads\/2025\/03\/santa-maria-300x300.jpeg\" class=\"attachment-thumblist size-thumblist wp-post-image\" alt=\"\" data-mec-postid=\"9928\" \/><\/div><div class=\"mec-monthly-contents\" style=\"width: calc(100% - 85px)\"><div class=\"mec-event-time mec-color\"><i class=\"mec-sl-clock-o\"><\/i> 08:00 - 13:30<\/div><h4 class=\"mec-event-title\"><a class=\"mec-color-hover\" data-event-id=\"9928\" href=\"https:\/\/firesifestes.es\/es\/evento\/mercat-setmanal-a-alcudia-2\/\" target=\"_self\" rel=\"noopener\">Mercado semanal en Alc\u00fadia<\/a><span class=\"event-color\" style=\"background: #a3b745\"><\/span><\/h4><div class=\"mec-event-detail\">\r\n                        <div class=\"mec-event-loc-place\">Alcudia<\/div>\r\n                        \r\n                    <\/div><\/div><div style=\"clear:both\"><\/div><\/article><article class=\"mec-event-article \"><div class=\"mec-event-image\"><img loading=\"lazy\" decoding=\"async\" width=\"300\" height=\"300\" src=\"https:\/\/firesifestes.es\/wp-content\/uploads\/2025\/03\/Captura-de-pantalla-2025-03-10-a-las-10.16.08-300x300.png\" class=\"attachment-thumblist size-thumblist wp-post-image\" alt=\"\" data-mec-postid=\"9960\" \/><\/div><div class=\"mec-monthly-contents\" style=\"width: calc(100% - 85px)\"><div class=\"mec-event-time mec-color\"><i class=\"mec-sl-clock-o\"><\/i> 00:00 - 14:00<\/div><h4 class=\"mec-event-title\"><a class=\"mec-color-hover\" data-event-id=\"9960\" href=\"https:\/\/firesifestes.es\/es\/evento\/mercat-dariany\/\" target=\"_self\" rel=\"noopener\">Mercado semanal de Ariany<\/a><span class=\"event-color\" style=\"background: #a3b745\"><\/span><\/h4><div class=\"mec-event-detail\">\r\n                        <div class=\"mec-event-loc-place\">Ariany<\/div>\r\n                        \r\n                    <\/div><\/div><div style=\"clear:both\"><\/div><\/article><article class=\"mec-event-article \"><div class=\"mec-event-image\"><img loading=\"lazy\" decoding=\"async\" width=\"300\" height=\"300\" src=\"https:\/\/firesifestes.es\/wp-content\/uploads\/2026\/01\/expo-la-chispa-magica-300x300.jpg\" class=\"attachment-thumblist size-thumblist wp-post-image\" alt=\"\" data-mec-postid=\"15831\" \/><\/div><div class=\"mec-monthly-contents\" style=\"width: calc(100% - 85px)\"><div class=\"mec-event-time mec-color\"><i class=\"mec-sl-clock-o\"><\/i> Evento de todo el d\u00eda<\/div><h4 class=\"mec-event-title\"><a class=\"mec-color-hover\" data-event-id=\"15831\" href=\"https:\/\/firesifestes.es\/es\/evento\/la-guspira-magica-ii\/\" target=\"_self\" rel=\"noopener\">La chispa m\u00e1gica II<\/a><\/h4><div class=\"mec-event-detail\">\r\n                        <div class=\"mec-event-loc-place\">Fundaci\u00f3 Mir\u00f3 Mallorca<\/div>\r\n                        \r\n                    <\/div><\/div><div style=\"clear:both\"><\/div><\/article><article class=\"mec-event-article \"><div class=\"mec-event-image\"><img loading=\"lazy\" decoding=\"async\" width=\"300\" height=\"300\" src=\"https:\/\/firesifestes.es\/wp-content\/uploads\/2026\/04\/colores-300x300.webp\" class=\"attachment-thumblist size-thumblist wp-post-image\" alt=\"\" data-mec-postid=\"16402\" \/><\/div><div class=\"mec-monthly-contents\" style=\"width: calc(100% - 85px)\"><h4 class=\"mec-event-title\"><a class=\"mec-color-hover\" data-event-id=\"16402\" href=\"https:\/\/firesifestes.es\/es\/evento\/un-viatge-visual-pels-colors-del-planeta\/\" target=\"_self\" rel=\"noopener\">Un viaje visual por los colores del planeta<\/a><\/h4><div class=\"mec-event-detail\">\r\n                        <div class=\"mec-event-loc-place\">Palma<\/div>\r\n                        \r\n                    <\/div><\/div><div style=\"clear:both\"><\/div><\/article><article class=\"mec-event-article \"><div class=\"mec-event-image\"><img loading=\"lazy\" decoding=\"async\" width=\"300\" height=\"300\" src=\"https:\/\/firesifestes.es\/wp-content\/uploads\/2025\/03\/Captura-de-pantalla-2025-03-10-a-las-11.00.58-300x300.png\" class=\"attachment-thumblist size-thumblist wp-post-image\" alt=\"\" data-mec-postid=\"10011\" \/><\/div><div class=\"mec-monthly-contents\" style=\"width: calc(100% - 85px)\"><div class=\"mec-event-time mec-color\"><i class=\"mec-sl-clock-o\"><\/i> 09:00 - 13:00<\/div><h4 class=\"mec-event-title\"><a class=\"mec-color-hover\" data-event-id=\"10011\" href=\"https:\/\/firesifestes.es\/es\/evento\/mercat-setmanal-de-muro\/\" target=\"_self\" rel=\"noopener\">Mercado semanal de Muro<\/a><span class=\"event-color\" style=\"background: #a3b745\"><\/span><\/h4><div class=\"mec-event-detail\">\r\n                        <div class=\"mec-event-loc-place\">Muro<\/div>\r\n                        \r\n                    <\/div><\/div><div style=\"clear:both\"><\/div><\/article><article class=\"mec-event-article \"><div class=\"mec-event-image\"><img loading=\"lazy\" decoding=\"async\" width=\"300\" height=\"300\" src=\"https:\/\/firesifestes.es\/wp-content\/uploads\/2025\/10\/Programacion-semanal-16-300x300.png\" class=\"attachment-thumblist size-thumblist wp-post-image\" alt=\"\" data-mec-postid=\"14967\" \/><\/div><div class=\"mec-monthly-contents\" style=\"width: calc(100% - 85px)\"><div class=\"mec-event-time mec-color\"><i class=\"mec-sl-clock-o\"><\/i> 09:00 - 14:00<\/div><h4 class=\"mec-event-title\"><a class=\"mec-color-hover\" data-event-id=\"14967\" href=\"https:\/\/firesifestes.es\/es\/evento\/mercado-dominical-en-santa-maria-del-cami\/\" target=\"_self\" rel=\"noopener\">Mercado dominical en Santa Maria del Cam\u00ed<\/a><\/h4><div class=\"mec-event-detail\">\r\n                        <div class=\"mec-event-loc-place\">Santa Maria del Cam\u00ed<\/div>\r\n                        \r\n                    <\/div><\/div><div style=\"clear:both\"><\/div><\/article><\/div><div class=\"mec-calendar-events-sec\" id=\"mec-calendar-events-sec-7622-20260928\" data-mec-cell=\"20260928\" ><h6 class=\"mec-table-side-title\">Eventos para <span class=\"mec-color mec-table-side-day\"> 28th<\/span> septiembre<\/h6><article class=\"mec-event-article \"><div class=\"mec-event-image\"><img loading=\"lazy\" decoding=\"async\" width=\"300\" height=\"171\" src=\"https:\/\/firesifestes.es\/wp-content\/uploads\/2024\/11\/Manacor-Mallorca-46.jpg\" class=\"attachment-thumblist size-thumblist wp-post-image\" alt=\"\" data-mec-postid=\"6798\" \/><\/div><div class=\"mec-monthly-contents\" style=\"width: calc(100% - 85px)\"><div class=\"mec-event-time mec-color\"><i class=\"mec-sl-clock-o\"><\/i> 08:00 - 17:00<\/div><h4 class=\"mec-event-title\"><a class=\"mec-color-hover\" data-event-id=\"6798\" href=\"https:\/\/firesifestes.es\/es\/evento\/cada-lunes-hay-mercado-en-manacor\/\" target=\"_self\" rel=\"noopener\">Cada lunes hay mercado en Manacor<\/a><span class=\"event-color\" style=\"background: #a3b745\"><\/span><\/h4><div class=\"mec-event-detail\">\r\n                        <div class=\"mec-event-loc-place\">Manacor<\/div>\r\n                        \r\n                    <\/div><\/div><div style=\"clear:both\"><\/div><\/article><article class=\"mec-event-article \"><div class=\"mec-event-image\"><img loading=\"lazy\" decoding=\"async\" width=\"300\" height=\"300\" src=\"https:\/\/firesifestes.es\/wp-content\/uploads\/2026\/01\/expo-la-chispa-magica-300x300.jpg\" class=\"attachment-thumblist size-thumblist wp-post-image\" alt=\"\" data-mec-postid=\"15831\" \/><\/div><div class=\"mec-monthly-contents\" style=\"width: calc(100% - 85px)\"><div class=\"mec-event-time mec-color\"><i class=\"mec-sl-clock-o\"><\/i> Evento de todo el d\u00eda<\/div><h4 class=\"mec-event-title\"><a class=\"mec-color-hover\" data-event-id=\"15831\" href=\"https:\/\/firesifestes.es\/es\/evento\/la-guspira-magica-ii\/\" target=\"_self\" rel=\"noopener\">La chispa m\u00e1gica II<\/a><\/h4><div class=\"mec-event-detail\">\r\n                        <div class=\"mec-event-loc-place\">Fundaci\u00f3 Mir\u00f3 Mallorca<\/div>\r\n                        \r\n                    <\/div><\/div><div style=\"clear:both\"><\/div><\/article><article class=\"mec-event-article \"><div class=\"mec-event-image\"><img loading=\"lazy\" decoding=\"async\" width=\"300\" height=\"300\" src=\"https:\/\/firesifestes.es\/wp-content\/uploads\/2026\/04\/colores-300x300.webp\" class=\"attachment-thumblist size-thumblist wp-post-image\" alt=\"\" data-mec-postid=\"16402\" \/><\/div><div class=\"mec-monthly-contents\" style=\"width: calc(100% - 85px)\"><h4 class=\"mec-event-title\"><a class=\"mec-color-hover\" data-event-id=\"16402\" href=\"https:\/\/firesifestes.es\/es\/evento\/un-viatge-visual-pels-colors-del-planeta\/\" target=\"_self\" rel=\"noopener\">Un viaje visual por los colores del planeta<\/a><\/h4><div class=\"mec-event-detail\">\r\n                        <div class=\"mec-event-loc-place\">Palma<\/div>\r\n                        \r\n                    <\/div><\/div><div style=\"clear:both\"><\/div><\/article><article class=\"mec-event-article \"><div class=\"mec-event-image\"><img loading=\"lazy\" decoding=\"async\" width=\"300\" height=\"300\" src=\"https:\/\/firesifestes.es\/wp-content\/uploads\/2025\/03\/Captura-de-pantalla-2025-03-10-a-las-10.12.04-300x300.png\" class=\"attachment-thumblist size-thumblist wp-post-image\" alt=\"\" data-mec-postid=\"9953\" \/><\/div><div class=\"mec-monthly-contents\" style=\"width: calc(100% - 85px)\"><div class=\"mec-event-time mec-color\"><i class=\"mec-sl-clock-o\"><\/i> 09:00 - 14:00<\/div><h4 class=\"mec-event-title\"><a class=\"mec-color-hover\" data-event-id=\"9953\" href=\"https:\/\/firesifestes.es\/es\/evento\/mercat-setmanal-dandratx\/\" target=\"_self\" rel=\"noopener\">Mercado semanal de Andratx<\/a><span class=\"event-color\" style=\"background: #a3b745\"><\/span><\/h4><div class=\"mec-event-detail\">\r\n                        <div class=\"mec-event-loc-place\">Andratx<\/div>\r\n                        \r\n                    <\/div><\/div><div style=\"clear:both\"><\/div><\/article><article class=\"mec-event-article \"><div class=\"mec-event-image\"><img loading=\"lazy\" decoding=\"async\" width=\"300\" height=\"300\" src=\"https:\/\/firesifestes.es\/wp-content\/uploads\/2025\/06\/pollenca-300x300.jpeg\" class=\"attachment-thumblist size-thumblist wp-post-image\" alt=\"\" data-mec-postid=\"13449\" \/><\/div><div class=\"mec-monthly-contents\" style=\"width: calc(100% - 85px)\"><div class=\"mec-event-time mec-color\"><i class=\"mec-sl-clock-o\"><\/i> 10:00 - 14:00<\/div><h4 class=\"mec-event-title\"><a class=\"mec-color-hover\" data-event-id=\"13449\" href=\"https:\/\/firesifestes.es\/es\/evento\/54e-certamen-biennal-dart-de-pollenca\/\" target=\"_self\" rel=\"noopener\">54\u00ba Certamen Biennal de Arte de Pollen\u00e7a<\/a><span class=\"event-color\" style=\"background: #e14d43\"><\/span><\/h4><div class=\"mec-event-detail\">\r\n                        <div class=\"mec-event-loc-place\">Pollen\u00e7a<\/div>\r\n                        \r\n                    <\/div><\/div><div style=\"clear:both\"><\/div><\/article><\/div><div class=\"mec-calendar-events-sec\" id=\"mec-calendar-events-sec-7622-20260929\" data-mec-cell=\"20260929\" ><h6 class=\"mec-table-side-title\">Eventos para <span class=\"mec-color mec-table-side-day\"> 29th<\/span> septiembre<\/h6><article class=\"mec-event-article \"><div class=\"mec-event-image\"><img loading=\"lazy\" decoding=\"async\" width=\"300\" height=\"300\" src=\"https:\/\/firesifestes.es\/wp-content\/uploads\/2025\/02\/mercat-arta-300x300.jpg\" class=\"attachment-thumblist size-thumblist wp-post-image\" alt=\"\" data-mec-postid=\"7416\" \/><\/div><div class=\"mec-monthly-contents\" style=\"width: calc(100% - 85px)\"><div class=\"mec-event-time mec-color\"><i class=\"mec-sl-clock-o\"><\/i> 08:00 - 17:00<\/div><h4 class=\"mec-event-title\"><a class=\"mec-color-hover\" data-event-id=\"7416\" href=\"https:\/\/firesifestes.es\/es\/evento\/mercado-tradicional-de-arta\/\" target=\"_self\" rel=\"noopener\">Mercado tradicional de Art\u00e0<\/a><span class=\"event-color\" style=\"background: #a3b745\"><\/span><\/h4><div class=\"mec-event-detail\">\r\n                        <div class=\"mec-event-loc-place\"><\/div>\r\n                        \r\n                    <\/div><\/div><div style=\"clear:both\"><\/div><\/article><article class=\"mec-event-article \"><div class=\"mec-event-image\"><img loading=\"lazy\" decoding=\"async\" width=\"300\" height=\"300\" src=\"https:\/\/firesifestes.es\/wp-content\/uploads\/2025\/03\/santa-maria-300x300.jpeg\" class=\"attachment-thumblist size-thumblist wp-post-image\" alt=\"\" data-mec-postid=\"9923\" \/><\/div><div class=\"mec-monthly-contents\" style=\"width: calc(100% - 85px)\"><div class=\"mec-event-time mec-color\"><i class=\"mec-sl-clock-o\"><\/i> 08:00 - 13:30<\/div><h4 class=\"mec-event-title\"><a class=\"mec-color-hover\" data-event-id=\"9923\" href=\"https:\/\/firesifestes.es\/es\/evento\/mercat-setmanal-a-alcudia\/\" target=\"_self\" rel=\"noopener\">Mercado semanal en Alc\u00fadia<\/a><span class=\"event-color\" style=\"background: #a3b745\"><\/span><\/h4><div class=\"mec-event-detail\">\r\n                        <div class=\"mec-event-loc-place\">Alcudia<\/div>\r\n                        \r\n                    <\/div><\/div><div style=\"clear:both\"><\/div><\/article><article class=\"mec-event-article \"><div class=\"mec-event-image\"><img loading=\"lazy\" decoding=\"async\" width=\"300\" height=\"300\" src=\"https:\/\/firesifestes.es\/wp-content\/uploads\/2025\/03\/iStock-493583862-300x300.jpg\" class=\"attachment-thumblist size-thumblist wp-post-image\" alt=\"\" data-mec-postid=\"9943\" \/><\/div><div class=\"mec-monthly-contents\" style=\"width: calc(100% - 85px)\"><div class=\"mec-event-time mec-color\"><i class=\"mec-sl-clock-o\"><\/i> 08:00 - 14:00<\/div><h4 class=\"mec-event-title\"><a class=\"mec-color-hover\" data-event-id=\"9943\" href=\"https:\/\/firesifestes.es\/es\/evento\/mercado-semanal-de-pina\/\" target=\"_self\" rel=\"noopener\">Mercado semanal de Pina<\/a><span class=\"event-color\" style=\"background: #a3b745\"><\/span><\/h4><div class=\"mec-event-detail\">\r\n                        <div class=\"mec-event-loc-place\">Pina<\/div>\r\n                        \r\n                    <\/div><\/div><div style=\"clear:both\"><\/div><\/article><article class=\"mec-event-article \"><div class=\"mec-event-image\"><img loading=\"lazy\" decoding=\"async\" width=\"300\" height=\"300\" src=\"https:\/\/firesifestes.es\/wp-content\/uploads\/2026\/01\/expo-la-chispa-magica-300x300.jpg\" class=\"attachment-thumblist size-thumblist wp-post-image\" alt=\"\" data-mec-postid=\"15831\" \/><\/div><div class=\"mec-monthly-contents\" style=\"width: calc(100% - 85px)\"><div class=\"mec-event-time mec-color\"><i class=\"mec-sl-clock-o\"><\/i> Evento de todo el d\u00eda<\/div><h4 class=\"mec-event-title\"><a class=\"mec-color-hover\" data-event-id=\"15831\" href=\"https:\/\/firesifestes.es\/es\/evento\/la-guspira-magica-ii\/\" target=\"_self\" rel=\"noopener\">La chispa m\u00e1gica II<\/a><\/h4><div class=\"mec-event-detail\">\r\n                        <div class=\"mec-event-loc-place\">Fundaci\u00f3 Mir\u00f3 Mallorca<\/div>\r\n                        \r\n                    <\/div><\/div><div style=\"clear:both\"><\/div><\/article><article class=\"mec-event-article \"><div class=\"mec-event-image\"><img loading=\"lazy\" decoding=\"async\" width=\"300\" height=\"300\" src=\"https:\/\/firesifestes.es\/wp-content\/uploads\/2026\/04\/colores-300x300.webp\" class=\"attachment-thumblist size-thumblist wp-post-image\" alt=\"\" data-mec-postid=\"16402\" \/><\/div><div class=\"mec-monthly-contents\" style=\"width: calc(100% - 85px)\"><h4 class=\"mec-event-title\"><a class=\"mec-color-hover\" data-event-id=\"16402\" href=\"https:\/\/firesifestes.es\/es\/evento\/un-viatge-visual-pels-colors-del-planeta\/\" target=\"_self\" rel=\"noopener\">Un viaje visual por los colores del planeta<\/a><\/h4><div class=\"mec-event-detail\">\r\n                        <div class=\"mec-event-loc-place\">Palma<\/div>\r\n                        \r\n                    <\/div><\/div><div style=\"clear:both\"><\/div><\/article><article class=\"mec-event-article \"><div class=\"mec-event-image\"><img loading=\"lazy\" decoding=\"async\" width=\"300\" height=\"300\" src=\"https:\/\/firesifestes.es\/wp-content\/uploads\/2025\/03\/Captura-de-pantalla-2025-03-10-a-las-10.19.22-300x300.png\" class=\"attachment-thumblist size-thumblist wp-post-image\" alt=\"\" data-mec-postid=\"9966\" \/><\/div><div class=\"mec-monthly-contents\" style=\"width: calc(100% - 85px)\"><div class=\"mec-event-time mec-color\"><i class=\"mec-sl-clock-o\"><\/i> 10:00 - 14:00<\/div><h4 class=\"mec-event-title\"><a class=\"mec-color-hover\" data-event-id=\"9966\" href=\"https:\/\/firesifestes.es\/es\/evento\/mercat-darta\/\" target=\"_self\" rel=\"noopener\">Mercado semanal de Art\u00e0<\/a><span class=\"event-color\" style=\"background: #a3b745\"><\/span><\/h4><div class=\"mec-event-detail\">\r\n                        <div class=\"mec-event-loc-place\">Arta<\/div>\r\n                        \r\n                    <\/div><\/div><div style=\"clear:both\"><\/div><\/article><article class=\"mec-event-article \"><div class=\"mec-event-image\"><img loading=\"lazy\" decoding=\"async\" width=\"300\" height=\"300\" src=\"https:\/\/firesifestes.es\/wp-content\/uploads\/2025\/06\/pollenca-300x300.jpeg\" class=\"attachment-thumblist size-thumblist wp-post-image\" alt=\"\" data-mec-postid=\"13449\" \/><\/div><div class=\"mec-monthly-contents\" style=\"width: calc(100% - 85px)\"><div class=\"mec-event-time mec-color\"><i class=\"mec-sl-clock-o\"><\/i> 10:00 - 14:00<\/div><h4 class=\"mec-event-title\"><a class=\"mec-color-hover\" data-event-id=\"13449\" href=\"https:\/\/firesifestes.es\/es\/evento\/54e-certamen-biennal-dart-de-pollenca\/\" target=\"_self\" rel=\"noopener\">54\u00ba Certamen Biennal de Arte de Pollen\u00e7a<\/a><span class=\"event-color\" style=\"background: #e14d43\"><\/span><\/h4><div class=\"mec-event-detail\">\r\n                        <div class=\"mec-event-loc-place\">Pollen\u00e7a<\/div>\r\n                        \r\n                    <\/div><\/div><div style=\"clear:both\"><\/div><\/article><article class=\"mec-event-article \"><div class=\"mec-event-image\"><img loading=\"lazy\" decoding=\"async\" width=\"300\" height=\"300\" src=\"https:\/\/firesifestes.es\/wp-content\/uploads\/2025\/04\/correvins-300x300.png\" class=\"attachment-thumblist size-thumblist wp-post-image\" alt=\"\" data-mec-postid=\"12010\" \/><\/div><div class=\"mec-monthly-contents\" style=\"width: calc(100% - 85px)\"><div class=\"mec-event-time mec-color\"><i class=\"mec-sl-clock-o\"><\/i> 19:00 - 22:00<\/div><h4 class=\"mec-event-title\"><a class=\"mec-color-hover\" data-event-id=\"12010\" href=\"https:\/\/firesifestes.es\/es\/evento\/corre-vins-a-palma\/\" target=\"_self\" rel=\"noopener\">Corre Vins a Palma<\/a><span class=\"event-color\" style=\"background: #fdd700\"><\/span><\/h4><div class=\"mec-event-detail\">\r\n                        <div class=\"mec-event-loc-place\">Palma<\/div>\r\n                        \r\n                    <\/div><\/div><div style=\"clear:both\"><\/div><\/article><\/div><div class=\"mec-calendar-events-sec\" id=\"mec-calendar-events-sec-7622-20260930\" data-mec-cell=\"20260930\" ><h6 class=\"mec-table-side-title\">Eventos para <span class=\"mec-color mec-table-side-day\"> 30th<\/span> septiembre<\/h6><article class=\"mec-event-article \"><div class=\"mec-event-image\"><img loading=\"lazy\" decoding=\"async\" width=\"300\" height=\"205\" src=\"https:\/\/firesifestes.es\/wp-content\/uploads\/2024\/05\/mercat-sineu-15.jpg\" class=\"attachment-thumblist size-thumblist wp-post-image\" alt=\"\" data-mec-postid=\"7415\" \/><\/div><div class=\"mec-monthly-contents\" style=\"width: calc(100% - 85px)\"><div class=\"mec-event-time mec-color\"><i class=\"mec-sl-clock-o\"><\/i> 08:00 - 12:00<\/div><h4 class=\"mec-event-title\"><a class=\"mec-color-hover\" data-event-id=\"7415\" href=\"https:\/\/firesifestes.es\/es\/evento\/mercat-de-sineu-700-anos-de-historia\/\" target=\"_self\" rel=\"noopener\">Mercat de Sineu: 700 a\u00f1os de historia<\/a><span class=\"event-color\" style=\"background: #a3b745\"><\/span><\/h4><div class=\"mec-event-detail\">\r\n                        <div class=\"mec-event-loc-place\"><\/div>\r\n                        \r\n                    <\/div><\/div><div style=\"clear:both\"><\/div><\/article><article class=\"mec-event-article \"><div class=\"mec-event-image\"><img loading=\"lazy\" decoding=\"async\" width=\"300\" height=\"300\" src=\"https:\/\/firesifestes.es\/wp-content\/uploads\/2026\/01\/expo-la-chispa-magica-300x300.jpg\" class=\"attachment-thumblist size-thumblist wp-post-image\" alt=\"\" data-mec-postid=\"15831\" \/><\/div><div class=\"mec-monthly-contents\" style=\"width: calc(100% - 85px)\"><div class=\"mec-event-time mec-color\"><i class=\"mec-sl-clock-o\"><\/i> Evento de todo el d\u00eda<\/div><h4 class=\"mec-event-title\"><a class=\"mec-color-hover\" data-event-id=\"15831\" href=\"https:\/\/firesifestes.es\/es\/evento\/la-guspira-magica-ii\/\" target=\"_self\" rel=\"noopener\">La chispa m\u00e1gica II<\/a><\/h4><div class=\"mec-event-detail\">\r\n                        <div class=\"mec-event-loc-place\">Fundaci\u00f3 Mir\u00f3 Mallorca<\/div>\r\n                        \r\n                    <\/div><\/div><div style=\"clear:both\"><\/div><\/article><article class=\"mec-event-article \"><div class=\"mec-event-image\"><img loading=\"lazy\" decoding=\"async\" width=\"300\" height=\"300\" src=\"https:\/\/firesifestes.es\/wp-content\/uploads\/2026\/04\/colores-300x300.webp\" class=\"attachment-thumblist size-thumblist wp-post-image\" alt=\"\" data-mec-postid=\"16402\" \/><\/div><div class=\"mec-monthly-contents\" style=\"width: calc(100% - 85px)\"><h4 class=\"mec-event-title\"><a class=\"mec-color-hover\" data-event-id=\"16402\" href=\"https:\/\/firesifestes.es\/es\/evento\/un-viatge-visual-pels-colors-del-planeta\/\" target=\"_self\" rel=\"noopener\">Un viaje visual por los colores del planeta<\/a><\/h4><div class=\"mec-event-detail\">\r\n                        <div class=\"mec-event-loc-place\">Palma<\/div>\r\n                        \r\n                    <\/div><\/div><div style=\"clear:both\"><\/div><\/article><article class=\"mec-event-article \"><div class=\"mec-event-image\"><img loading=\"lazy\" decoding=\"async\" width=\"300\" height=\"300\" src=\"https:\/\/firesifestes.es\/wp-content\/uploads\/2025\/06\/pollenca-300x300.jpeg\" class=\"attachment-thumblist size-thumblist wp-post-image\" alt=\"\" data-mec-postid=\"13449\" \/><\/div><div class=\"mec-monthly-contents\" style=\"width: calc(100% - 85px)\"><div class=\"mec-event-time mec-color\"><i class=\"mec-sl-clock-o\"><\/i> 10:00 - 14:00<\/div><h4 class=\"mec-event-title\"><a class=\"mec-color-hover\" data-event-id=\"13449\" href=\"https:\/\/firesifestes.es\/es\/evento\/54e-certamen-biennal-dart-de-pollenca\/\" target=\"_self\" rel=\"noopener\">54\u00ba Certamen Biennal de Arte de Pollen\u00e7a<\/a><span class=\"event-color\" style=\"background: #e14d43\"><\/span><\/h4><div class=\"mec-event-detail\">\r\n                        <div class=\"mec-event-loc-place\">Pollen\u00e7a<\/div>\r\n                        \r\n                    <\/div><\/div><div style=\"clear:both\"><\/div><\/article><article class=\"mec-event-article \"><div class=\"mec-event-image\"><img loading=\"lazy\" decoding=\"async\" width=\"300\" height=\"300\" src=\"https:\/\/firesifestes.es\/wp-content\/uploads\/2025\/04\/correvins-300x300.png\" class=\"attachment-thumblist size-thumblist wp-post-image\" alt=\"\" data-mec-postid=\"12015\" \/><\/div><div class=\"mec-monthly-contents\" style=\"width: calc(100% - 85px)\"><div class=\"mec-event-time mec-color\"><i class=\"mec-sl-clock-o\"><\/i> 19:00 - 22:00<\/div><h4 class=\"mec-event-title\"><a class=\"mec-color-hover\" data-event-id=\"12015\" href=\"https:\/\/firesifestes.es\/es\/evento\/corre-vins-a-palma-2\/\" target=\"_self\" rel=\"noopener\">Corre Vins a Palma<\/a><span class=\"event-color\" style=\"background: #fdd700\"><\/span><\/h4><div class=\"mec-event-detail\">\r\n                        <div class=\"mec-event-loc-place\">Palma<\/div>\r\n                        \r\n                    <\/div><\/div><div style=\"clear:both\"><\/div><\/article><\/div><div class=\"mec-calendar-events-sec\" id=\"mec-calendar-events-sec-7622-20261001\" data-mec-cell=\"20261001\" ><h6 class=\"mec-table-side-title\">Eventos para <span class=\"mec-color mec-table-side-day\"> 1st<\/span> octubre<\/h6><article class=\"mec-event-article \"><div class=\"mec-event-image\"><img loading=\"lazy\" decoding=\"async\" width=\"300\" height=\"300\" src=\"https:\/\/firesifestes.es\/wp-content\/uploads\/2026\/01\/expo-la-chispa-magica-300x300.jpg\" class=\"attachment-thumblist size-thumblist wp-post-image\" alt=\"\" data-mec-postid=\"15831\" \/><\/div><div class=\"mec-monthly-contents\" style=\"width: calc(100% - 85px)\"><div class=\"mec-event-time mec-color\"><i class=\"mec-sl-clock-o\"><\/i> Evento de todo el d\u00eda<\/div><h4 class=\"mec-event-title\"><a class=\"mec-color-hover\" data-event-id=\"15831\" href=\"https:\/\/firesifestes.es\/es\/evento\/la-guspira-magica-ii\/\" target=\"_self\" rel=\"noopener\">La chispa m\u00e1gica II<\/a><\/h4><div class=\"mec-event-detail\">\r\n                            <div class=\"mec-event-loc-place\">Fundaci\u00f3 Mir\u00f3 Mallorca<\/div>\r\n                            \r\n                        <\/div><\/div><div style=\"clear:both\"><\/div><\/article><article class=\"mec-event-article \"><div class=\"mec-event-image\"><img loading=\"lazy\" decoding=\"async\" width=\"300\" height=\"300\" src=\"https:\/\/firesifestes.es\/wp-content\/uploads\/2026\/04\/colores-300x300.webp\" class=\"attachment-thumblist size-thumblist wp-post-image\" alt=\"\" data-mec-postid=\"16402\" \/><\/div><div class=\"mec-monthly-contents\" style=\"width: calc(100% - 85px)\"><h4 class=\"mec-event-title\"><a class=\"mec-color-hover\" data-event-id=\"16402\" href=\"https:\/\/firesifestes.es\/es\/evento\/un-viatge-visual-pels-colors-del-planeta\/\" target=\"_self\" rel=\"noopener\">Un viaje visual por los colores del planeta<\/a><\/h4><div class=\"mec-event-detail\">\r\n                            <div class=\"mec-event-loc-place\">Palma<\/div>\r\n                            \r\n                        <\/div><\/div><div style=\"clear:both\"><\/div><\/article><article class=\"mec-event-article \"><div class=\"mec-event-image\"><img loading=\"lazy\" decoding=\"async\" width=\"300\" height=\"300\" src=\"https:\/\/firesifestes.es\/wp-content\/uploads\/2025\/07\/Captura-de-pantalla-2025-07-31-a-las-9.24.10-300x300.png\" class=\"attachment-thumblist size-thumblist wp-post-image\" alt=\"\" data-mec-postid=\"14335\" \/><\/div><div class=\"mec-monthly-contents\" style=\"width: calc(100% - 85px)\"><div class=\"mec-event-time mec-color\"><i class=\"mec-sl-clock-o\"><\/i> 09:00 - 14:00<\/div><h4 class=\"mec-event-title\"><a class=\"mec-color-hover\" data-event-id=\"14335\" href=\"https:\/\/firesifestes.es\/es\/evento\/mercat-setmanal-dels-dijous-dinca\/\" target=\"_self\" rel=\"noopener\">Mercat setmanal dels dijous d&#8217;Inca<\/a><span class=\"event-color\" style=\"background: #a3b745\"><\/span><\/h4><div class=\"mec-event-detail\">\r\n                            <div class=\"mec-event-loc-place\">Inca<\/div>\r\n                            \r\n                        <\/div><\/div><div style=\"clear:both\"><\/div><\/article><article class=\"mec-event-article \"><div class=\"mec-event-image\"><img loading=\"lazy\" decoding=\"async\" width=\"300\" height=\"300\" src=\"https:\/\/firesifestes.es\/wp-content\/uploads\/2025\/06\/pollenca-300x300.jpeg\" class=\"attachment-thumblist size-thumblist wp-post-image\" alt=\"\" data-mec-postid=\"13449\" \/><\/div><div class=\"mec-monthly-contents\" style=\"width: calc(100% - 85px)\"><div class=\"mec-event-time mec-color\"><i class=\"mec-sl-clock-o\"><\/i> 10:00 - 14:00<\/div><h4 class=\"mec-event-title\"><a class=\"mec-color-hover\" data-event-id=\"13449\" href=\"https:\/\/firesifestes.es\/es\/evento\/54e-certamen-biennal-dart-de-pollenca\/\" target=\"_self\" rel=\"noopener\">54\u00ba Certamen Biennal de Arte de Pollen\u00e7a<\/a><span class=\"event-color\" style=\"background: #e14d43\"><\/span><\/h4><div class=\"mec-event-detail\">\r\n                            <div class=\"mec-event-loc-place\">Pollen\u00e7a<\/div>\r\n                            \r\n                        <\/div><\/div><div style=\"clear:both\"><\/div><\/article><\/div><div class=\"mec-calendar-events-sec\" id=\"mec-calendar-events-sec-7622-20261002\" data-mec-cell=\"20261002\" ><h6 class=\"mec-table-side-title\">Eventos para <span class=\"mec-color mec-table-side-day\"> 2nd<\/span> octubre<\/h6><article class=\"mec-event-article \"><div class=\"mec-event-image\"><img loading=\"lazy\" decoding=\"async\" width=\"300\" height=\"300\" src=\"https:\/\/firesifestes.es\/wp-content\/uploads\/2025\/03\/iStock-1159376930-300x300.jpg\" class=\"attachment-thumblist size-thumblist wp-post-image\" alt=\"\" data-mec-postid=\"9935\" \/><\/div><div class=\"mec-monthly-contents\" style=\"width: calc(100% - 85px)\"><div class=\"mec-event-time mec-color\"><i class=\"mec-sl-clock-o\"><\/i> 08:00 - 13:30<\/div><h4 class=\"mec-event-title\"><a class=\"mec-color-hover\" data-event-id=\"9935\" href=\"https:\/\/firesifestes.es\/es\/evento\/mercat-setmanal-al-port-dalcudia\/\" target=\"_self\" rel=\"noopener\">Mercado semanal en el Port d&#8217;Alc\u00fadia<\/a><span class=\"event-color\" style=\"background: #a3b745\"><\/span><\/h4><div class=\"mec-event-detail\">\r\n                            <div class=\"mec-event-loc-place\">Port d&#039;Alcudia<\/div>\r\n                            \r\n                        <\/div><\/div><div style=\"clear:both\"><\/div><\/article><article class=\"mec-event-article \"><div class=\"mec-event-image\"><img loading=\"lazy\" decoding=\"async\" width=\"300\" height=\"300\" src=\"https:\/\/firesifestes.es\/wp-content\/uploads\/2025\/03\/iStock-1175229432-300x300.jpg\" class=\"attachment-thumblist size-thumblist wp-post-image\" alt=\"\" data-mec-postid=\"9941\" \/><\/div><div class=\"mec-monthly-contents\" style=\"width: calc(100% - 85px)\"><div class=\"mec-event-time mec-color\"><i class=\"mec-sl-clock-o\"><\/i> 08:00 - 14:00<\/div><h4 class=\"mec-event-title\"><a class=\"mec-color-hover\" data-event-id=\"9941\" href=\"https:\/\/firesifestes.es\/es\/evento\/mercat-setmanal-a-algaida\/\" target=\"_self\" rel=\"noopener\">Mercado semanal en Algaida<\/a><span class=\"event-color\" style=\"background: #a3b745\"><\/span><\/h4><div class=\"mec-event-detail\">\r\n                            <div class=\"mec-event-loc-place\">Algaida<\/div>\r\n                            \r\n                        <\/div><\/div><div style=\"clear:both\"><\/div><\/article><article class=\"mec-event-article \"><div class=\"mec-event-image\"><img loading=\"lazy\" decoding=\"async\" width=\"300\" height=\"300\" src=\"https:\/\/firesifestes.es\/wp-content\/uploads\/2026\/01\/expo-la-chispa-magica-300x300.jpg\" class=\"attachment-thumblist size-thumblist wp-post-image\" alt=\"\" data-mec-postid=\"15831\" \/><\/div><div class=\"mec-monthly-contents\" style=\"width: calc(100% - 85px)\"><div class=\"mec-event-time mec-color\"><i class=\"mec-sl-clock-o\"><\/i> Evento de todo el d\u00eda<\/div><h4 class=\"mec-event-title\"><a class=\"mec-color-hover\" data-event-id=\"15831\" href=\"https:\/\/firesifestes.es\/es\/evento\/la-guspira-magica-ii\/\" target=\"_self\" rel=\"noopener\">La chispa m\u00e1gica II<\/a><\/h4><div class=\"mec-event-detail\">\r\n                            <div class=\"mec-event-loc-place\">Fundaci\u00f3 Mir\u00f3 Mallorca<\/div>\r\n                            \r\n                        <\/div><\/div><div style=\"clear:both\"><\/div><\/article><article class=\"mec-event-article \"><div class=\"mec-event-image\"><img loading=\"lazy\" decoding=\"async\" width=\"300\" height=\"300\" src=\"https:\/\/firesifestes.es\/wp-content\/uploads\/2026\/04\/colores-300x300.webp\" class=\"attachment-thumblist size-thumblist wp-post-image\" alt=\"\" data-mec-postid=\"16402\" \/><\/div><div class=\"mec-monthly-contents\" style=\"width: calc(100% - 85px)\"><h4 class=\"mec-event-title\"><a class=\"mec-color-hover\" data-event-id=\"16402\" href=\"https:\/\/firesifestes.es\/es\/evento\/un-viatge-visual-pels-colors-del-planeta\/\" target=\"_self\" rel=\"noopener\">Un viaje visual por los colores del planeta<\/a><\/h4><div class=\"mec-event-detail\">\r\n                            <div class=\"mec-event-loc-place\">Palma<\/div>\r\n                            \r\n                        <\/div><\/div><div style=\"clear:both\"><\/div><\/article><article class=\"mec-event-article \"><div class=\"mec-event-image\"><img loading=\"lazy\" decoding=\"async\" width=\"300\" height=\"300\" src=\"https:\/\/firesifestes.es\/wp-content\/uploads\/2026\/08\/aclub-300x300.jpg\" class=\"attachment-thumblist size-thumblist wp-post-image\" alt=\"\" data-mec-postid=\"17002\" \/><\/div><div class=\"mec-monthly-contents\" style=\"width: calc(100% - 85px)\"><div class=\"mec-event-time mec-color\"><i class=\"mec-sl-clock-o\"><\/i> 19:00<\/div><h4 class=\"mec-event-title\"><a class=\"mec-color-hover\" data-event-id=\"17002\" href=\"https:\/\/firesifestes.es\/es\/evento\/aclub-sunset-edition\/\" target=\"_self\" rel=\"noopener\">AClub Sunset Edition<\/a><\/h4><div class=\"mec-event-detail\">\r\n                            <div class=\"mec-event-loc-place\">Palma<\/div>\r\n                            \r\n                        <\/div><\/div><div style=\"clear:both\"><\/div><\/article><\/div><div class=\"mec-calendar-events-sec\" id=\"mec-calendar-events-sec-7622-20261003\" data-mec-cell=\"20261003\" ><h6 class=\"mec-table-side-title\">Eventos para <span class=\"mec-color mec-table-side-day\"> 3rd<\/span> octubre<\/h6><article class=\"mec-event-article \"><div class=\"mec-event-image\"><img loading=\"lazy\" decoding=\"async\" width=\"300\" height=\"295\" src=\"https:\/\/firesifestes.es\/wp-content\/uploads\/2024\/04\/mercat-alaro.png\" class=\"attachment-thumblist size-thumblist wp-post-image\" alt=\"\" data-mec-postid=\"7257\" \/><\/div><div class=\"mec-monthly-contents\" style=\"width: calc(100% - 85px)\"><div class=\"mec-event-time mec-color\"><i class=\"mec-sl-clock-o\"><\/i> 08:00 - 14:00<\/div><h4 class=\"mec-event-title\"><a class=\"mec-color-hover\" data-event-id=\"7257\" href=\"https:\/\/firesifestes.es\/es\/evento\/mercadillo-de-alaro\/\" target=\"_self\" rel=\"noopener\">Mercadillo de Alar\u00f3<\/a><span class=\"event-color\" style=\"background: #a3b745\"><\/span><\/h4><div class=\"mec-event-detail\">\r\n                            <div class=\"mec-event-loc-place\">Alar\u00f3<\/div>\r\n                            \r\n                        <\/div><\/div><div style=\"clear:both\"><\/div><\/article><article class=\"mec-event-article \"><div class=\"mec-event-image\"><img loading=\"lazy\" decoding=\"async\" width=\"300\" height=\"300\" src=\"https:\/\/firesifestes.es\/wp-content\/uploads\/2025\/03\/mercat-alaro-300x300.png\" class=\"attachment-thumblist size-thumblist wp-post-image\" alt=\"\" data-mec-postid=\"9917\" \/><\/div><div class=\"mec-monthly-contents\" style=\"width: calc(100% - 85px)\"><div class=\"mec-event-time mec-color\"><i class=\"mec-sl-clock-o\"><\/i> 08:00 - 14:00<\/div><h4 class=\"mec-event-title\"><a class=\"mec-color-hover\" data-event-id=\"9917\" href=\"https:\/\/firesifestes.es\/es\/evento\/mercat-setmanal-a-alaro\/\" target=\"_self\" rel=\"noopener\">Mercado semanal en Alar\u00f3<\/a><span class=\"event-color\" style=\"background: #a3b745\"><\/span><\/h4><div class=\"mec-event-detail\">\r\n                            <div class=\"mec-event-loc-place\">Alar\u00f3<\/div>\r\n                            \r\n                        <\/div><\/div><div style=\"clear:both\"><\/div><\/article><article class=\"mec-event-article \"><div class=\"mec-event-image\"><img loading=\"lazy\" decoding=\"async\" width=\"300\" height=\"300\" src=\"https:\/\/firesifestes.es\/wp-content\/uploads\/2025\/03\/Captura-de-pantalla-2025-03-10-a-las-10.16.08-300x300.png\" class=\"attachment-thumblist size-thumblist wp-post-image\" alt=\"\" data-mec-postid=\"9960\" \/><\/div><div class=\"mec-monthly-contents\" style=\"width: calc(100% - 85px)\"><div class=\"mec-event-time mec-color\"><i class=\"mec-sl-clock-o\"><\/i> 08:00 - 00:00<\/div><h4 class=\"mec-event-title\"><a class=\"mec-color-hover\" data-event-id=\"9960\" href=\"https:\/\/firesifestes.es\/es\/evento\/mercat-dariany\/\" target=\"_self\" rel=\"noopener\">Mercado semanal de Ariany<\/a><span class=\"event-color\" style=\"background: #a3b745\"><\/span><\/h4><div class=\"mec-event-detail\">\r\n                            <div class=\"mec-event-loc-place\">Ariany<\/div>\r\n                            \r\n                        <\/div><\/div><div style=\"clear:both\"><\/div><\/article><article class=\"mec-event-article \"><div class=\"mec-event-image\"><img loading=\"lazy\" decoding=\"async\" width=\"261\" height=\"168\" src=\"https:\/\/firesifestes.es\/wp-content\/uploads\/2025\/10\/mercadillo-quesos.png\" class=\"attachment-thumblist size-thumblist wp-post-image\" alt=\"\" data-mec-postid=\"15232\" \/><\/div><div class=\"mec-monthly-contents\" style=\"width: calc(100% - 85px)\"><div class=\"mec-event-time mec-color\"><i class=\"mec-sl-clock-o\"><\/i> 08:00 - 13:00<\/div><h4 class=\"mec-event-title\"><a class=\"mec-color-hover\" data-event-id=\"15232\" href=\"https:\/\/firesifestes.es\/es\/evento\/mercat-setmanal-dels-dissabtes-de-cala-ratjada\/\" target=\"_self\" rel=\"noopener\">Mercado semanal de los s\u00e1bados en Cala Ratjada<\/a><\/h4><div class=\"mec-event-detail\">\r\n                            <div class=\"mec-event-loc-place\">Cala Ratjada<\/div>\r\n                            \r\n                        <\/div><\/div><div style=\"clear:both\"><\/div><\/article><article class=\"mec-event-article \"><div class=\"mec-event-image\"><img loading=\"lazy\" decoding=\"async\" width=\"300\" height=\"300\" src=\"https:\/\/firesifestes.es\/wp-content\/uploads\/2026\/01\/expo-la-chispa-magica-300x300.jpg\" class=\"attachment-thumblist size-thumblist wp-post-image\" alt=\"\" data-mec-postid=\"15831\" \/><\/div><div class=\"mec-monthly-contents\" style=\"width: calc(100% - 85px)\"><div class=\"mec-event-time mec-color\"><i class=\"mec-sl-clock-o\"><\/i> Evento de todo el d\u00eda<\/div><h4 class=\"mec-event-title\"><a class=\"mec-color-hover\" data-event-id=\"15831\" href=\"https:\/\/firesifestes.es\/es\/evento\/la-guspira-magica-ii\/\" target=\"_self\" rel=\"noopener\">La chispa m\u00e1gica II<\/a><\/h4><div class=\"mec-event-detail\">\r\n                            <div class=\"mec-event-loc-place\">Fundaci\u00f3 Mir\u00f3 Mallorca<\/div>\r\n                            \r\n                        <\/div><\/div><div style=\"clear:both\"><\/div><\/article><article class=\"mec-event-article \"><div class=\"mec-event-image\"><img loading=\"lazy\" decoding=\"async\" width=\"300\" height=\"300\" src=\"https:\/\/firesifestes.es\/wp-content\/uploads\/2026\/04\/colores-300x300.webp\" class=\"attachment-thumblist size-thumblist wp-post-image\" alt=\"\" data-mec-postid=\"16402\" \/><\/div><div class=\"mec-monthly-contents\" style=\"width: calc(100% - 85px)\"><h4 class=\"mec-event-title\"><a class=\"mec-color-hover\" data-event-id=\"16402\" href=\"https:\/\/firesifestes.es\/es\/evento\/un-viatge-visual-pels-colors-del-planeta\/\" target=\"_self\" rel=\"noopener\">Un viaje visual por los colores del planeta<\/a><\/h4><div class=\"mec-event-detail\">\r\n                            <div class=\"mec-event-loc-place\">Palma<\/div>\r\n                            \r\n                        <\/div><\/div><div style=\"clear:both\"><\/div><\/article><\/div><div class=\"mec-calendar-events-sec\" id=\"mec-calendar-events-sec-7622-20261004\" data-mec-cell=\"20261004\" ><h6 class=\"mec-table-side-title\">Eventos para <span class=\"mec-color mec-table-side-day\"> 4th<\/span> octubre<\/h6><article class=\"mec-event-article \"><div class=\"mec-event-image\"><\/div><div class=\"mec-monthly-contents\" style=\"width: 100%\"><div class=\"mec-event-time mec-color\"><i class=\"mec-sl-clock-o\"><\/i> Evento de todo el d\u00eda<\/div><h4 class=\"mec-event-title\"><a class=\"mec-color-hover\" data-event-id=\"7254\" href=\"https:\/\/firesifestes.es\/es\/evento\/un-mercado-de-montana-en-valldemossa\/\" target=\"_self\" rel=\"noopener\">Un mercado de monta\u00f1a en Valldemossa<\/a><span class=\"event-color\" style=\"background: #a3b745\"><\/span><\/h4><div class=\"mec-event-detail\">\r\n                            <div class=\"mec-event-loc-place\"><\/div>\r\n                            \r\n                        <\/div><\/div><div style=\"clear:both\"><\/div><\/article><article class=\"mec-event-article \"><div class=\"mec-event-image\"><img loading=\"lazy\" decoding=\"async\" width=\"300\" height=\"300\" src=\"https:\/\/firesifestes.es\/wp-content\/uploads\/2025\/02\/santa-maria-market-6-300x300.jpg\" class=\"attachment-thumblist size-thumblist wp-post-image\" alt=\"\" data-mec-postid=\"7529\" \/><\/div><div class=\"mec-monthly-contents\" style=\"width: calc(100% - 85px)\"><div class=\"mec-event-time mec-color\"><i class=\"mec-sl-clock-o\"><\/i> Evento de todo el d\u00eda<\/div><h4 class=\"mec-event-title\"><a class=\"mec-color-hover\" data-event-id=\"7529\" href=\"https:\/\/firesifestes.es\/es\/evento\/mercat-de-santa-maria-del-cami\/\" target=\"_self\" rel=\"noopener\">Mercado de Santa Maria del Cam\u00ed<\/a><span class=\"event-color\" style=\"background: #a3b745\"><\/span><\/h4><div class=\"mec-event-detail\">\r\n                            <div class=\"mec-event-loc-place\"><\/div>\r\n                            \r\n                        <\/div><\/div><div style=\"clear:both\"><\/div><\/article><article class=\"mec-event-article \"><div class=\"mec-event-image\"><img loading=\"lazy\" decoding=\"async\" width=\"300\" height=\"300\" src=\"https:\/\/firesifestes.es\/wp-content\/uploads\/2025\/03\/santa-maria-300x300.jpeg\" class=\"attachment-thumblist size-thumblist wp-post-image\" alt=\"\" data-mec-postid=\"9928\" \/><\/div><div class=\"mec-monthly-contents\" style=\"width: calc(100% - 85px)\"><div class=\"mec-event-time mec-color\"><i class=\"mec-sl-clock-o\"><\/i> 08:00 - 13:30<\/div><h4 class=\"mec-event-title\"><a class=\"mec-color-hover\" data-event-id=\"9928\" href=\"https:\/\/firesifestes.es\/es\/evento\/mercat-setmanal-a-alcudia-2\/\" target=\"_self\" rel=\"noopener\">Mercado semanal en Alc\u00fadia<\/a><span class=\"event-color\" style=\"background: #a3b745\"><\/span><\/h4><div class=\"mec-event-detail\">\r\n                            <div class=\"mec-event-loc-place\">Alcudia<\/div>\r\n                            \r\n                        <\/div><\/div><div style=\"clear:both\"><\/div><\/article><article class=\"mec-event-article \"><div class=\"mec-event-image\"><img loading=\"lazy\" decoding=\"async\" width=\"300\" height=\"300\" src=\"https:\/\/firesifestes.es\/wp-content\/uploads\/2025\/03\/Captura-de-pantalla-2025-03-10-a-las-10.16.08-300x300.png\" class=\"attachment-thumblist size-thumblist wp-post-image\" alt=\"\" data-mec-postid=\"9960\" \/><\/div><div class=\"mec-monthly-contents\" style=\"width: calc(100% - 85px)\"><div class=\"mec-event-time mec-color\"><i class=\"mec-sl-clock-o\"><\/i> 00:00 - 14:00<\/div><h4 class=\"mec-event-title\"><a class=\"mec-color-hover\" data-event-id=\"9960\" href=\"https:\/\/firesifestes.es\/es\/evento\/mercat-dariany\/\" target=\"_self\" rel=\"noopener\">Mercado semanal de Ariany<\/a><span class=\"event-color\" style=\"background: #a3b745\"><\/span><\/h4><div class=\"mec-event-detail\">\r\n                            <div class=\"mec-event-loc-place\">Ariany<\/div>\r\n                            \r\n                        <\/div><\/div><div style=\"clear:both\"><\/div><\/article><article class=\"mec-event-article \"><div class=\"mec-event-image\"><img loading=\"lazy\" decoding=\"async\" width=\"300\" height=\"300\" src=\"https:\/\/firesifestes.es\/wp-content\/uploads\/2026\/01\/expo-la-chispa-magica-300x300.jpg\" class=\"attachment-thumblist size-thumblist wp-post-image\" alt=\"\" data-mec-postid=\"15831\" \/><\/div><div class=\"mec-monthly-contents\" style=\"width: calc(100% - 85px)\"><div class=\"mec-event-time mec-color\"><i class=\"mec-sl-clock-o\"><\/i> Evento de todo el d\u00eda<\/div><h4 class=\"mec-event-title\"><a class=\"mec-color-hover\" data-event-id=\"15831\" href=\"https:\/\/firesifestes.es\/es\/evento\/la-guspira-magica-ii\/\" target=\"_self\" rel=\"noopener\">La chispa m\u00e1gica II<\/a><\/h4><div class=\"mec-event-detail\">\r\n                            <div class=\"mec-event-loc-place\">Fundaci\u00f3 Mir\u00f3 Mallorca<\/div>\r\n                            \r\n                        <\/div><\/div><div style=\"clear:both\"><\/div><\/article><article class=\"mec-event-article \"><div class=\"mec-event-image\"><img loading=\"lazy\" decoding=\"async\" width=\"300\" height=\"300\" src=\"https:\/\/firesifestes.es\/wp-content\/uploads\/2026\/04\/colores-300x300.webp\" class=\"attachment-thumblist size-thumblist wp-post-image\" alt=\"\" data-mec-postid=\"16402\" \/><\/div><div class=\"mec-monthly-contents\" style=\"width: calc(100% - 85px)\"><h4 class=\"mec-event-title\"><a class=\"mec-color-hover\" data-event-id=\"16402\" href=\"https:\/\/firesifestes.es\/es\/evento\/un-viatge-visual-pels-colors-del-planeta\/\" target=\"_self\" rel=\"noopener\">Un viaje visual por los colores del planeta<\/a><\/h4><div class=\"mec-event-detail\">\r\n                            <div class=\"mec-event-loc-place\">Palma<\/div>\r\n                            \r\n                        <\/div><\/div><div style=\"clear:both\"><\/div><\/article><article class=\"mec-event-article \"><div class=\"mec-event-image\"><img loading=\"lazy\" decoding=\"async\" width=\"300\" height=\"300\" src=\"https:\/\/firesifestes.es\/wp-content\/uploads\/2025\/03\/Captura-de-pantalla-2025-03-10-a-las-11.00.58-300x300.png\" class=\"attachment-thumblist size-thumblist wp-post-image\" alt=\"\" data-mec-postid=\"10011\" \/><\/div><div class=\"mec-monthly-contents\" style=\"width: calc(100% - 85px)\"><div class=\"mec-event-time mec-color\"><i class=\"mec-sl-clock-o\"><\/i> 09:00 - 13:00<\/div><h4 class=\"mec-event-title\"><a class=\"mec-color-hover\" data-event-id=\"10011\" href=\"https:\/\/firesifestes.es\/es\/evento\/mercat-setmanal-de-muro\/\" target=\"_self\" rel=\"noopener\">Mercado semanal de Muro<\/a><span class=\"event-color\" style=\"background: #a3b745\"><\/span><\/h4><div class=\"mec-event-detail\">\r\n                            <div class=\"mec-event-loc-place\">Muro<\/div>\r\n                            \r\n                        <\/div><\/div><div style=\"clear:both\"><\/div><\/article><article class=\"mec-event-article \"><div class=\"mec-event-image\"><img loading=\"lazy\" decoding=\"async\" width=\"300\" height=\"300\" src=\"https:\/\/firesifestes.es\/wp-content\/uploads\/2025\/10\/Programacion-semanal-16-300x300.png\" class=\"attachment-thumblist size-thumblist wp-post-image\" alt=\"\" data-mec-postid=\"14967\" \/><\/div><div class=\"mec-monthly-contents\" style=\"width: calc(100% - 85px)\"><div class=\"mec-event-time mec-color\"><i class=\"mec-sl-clock-o\"><\/i> 09:00 - 14:00<\/div><h4 class=\"mec-event-title\"><a class=\"mec-color-hover\" data-event-id=\"14967\" href=\"https:\/\/firesifestes.es\/es\/evento\/mercado-dominical-en-santa-maria-del-cami\/\" target=\"_self\" rel=\"noopener\">Mercado dominical en Santa Maria del Cam\u00ed<\/a><\/h4><div class=\"mec-event-detail\">\r\n                            <div class=\"mec-event-loc-place\">Santa Maria del Cam\u00ed<\/div>\r\n                            \r\n                        <\/div><\/div><div style=\"clear:both\"><\/div><\/article><\/div><\/div><\/div><\/div><div class=\"mec-event-footer\"><\/div>    <\/div>\r\n\r\n        \r\n        <div class=\"mec-modal-result\"><\/div>\r\n\r\n<\/div><\/div>\n\t\t\t\t\t\t<\/div>\n\t\t\t\t<\/div>\n\t\t\t\t\t<\/div>\n\t\t\t\t<\/div>\n\t\t<div class=\"elementor-element elementor-element-4d1d44b e-flex e-con-boxed e-con e-parent\" data-id=\"4d1d44b\" data-element_type=\"container\" data-e-type=\"container\">\n\t\t\t\t\t<div class=\"e-con-inner\">\n\t\t\t\t\t<\/div>\n\t\t\t\t<\/div>\n\t\t\t\t<\/div>\n\t\t","protected":false},"excerpt":{"rendered":"<p>Calendario<\/p>\n","protected":false},"author":3,"featured_media":0,"parent":0,"menu_order":0,"comment_status":"closed","ping_status":"closed","template":"","meta":{"_acf_changed":false,"footnotes":""},"class_list":["post-4452","page","type-page","status-publish","hentry"],"acf":[],"aioseo_notices":[],"aioseo_head":"\n\t\t<!-- All in One SEO Pro 5.0.0.1 - aioseo.com -->\n\t<meta name=\"description\" content=\"Cada domingo por la ma\u00f1ana, Santa Maria del Cam\u00ed se convierte en un referente de la vida local con su mercado semanal, uno de los m\u00e1s populares de la isla. Entre sus puestos se pueden encontrar frutas y verduras frescas de temporada, un espacio dedicado a la producci\u00f3n ecol\u00f3gica y una amplia oferta de art\u00edculos\" \/>\n\t<meta name=\"robots\" content=\"max-image-preview:large\" \/>\n\t<link rel=\"canonical\" href=\"https:\/\/firesifestes.es\/es\/evento\/mercado-dominical-en-santa-maria-del-cami\/\" \/>\n\t<meta name=\"generator\" content=\"All in One SEO Pro (AIOSEO) 5.0.0.1\" \/>\n\t\t<meta property=\"og:locale\" content=\"es_ES\" \/>\n\t\t<meta property=\"og:site_name\" content=\"Fires i festes - La mejor gu\u00eda de ocio y cultura de Mallorca\" \/>\n\t\t<meta property=\"og:type\" content=\"article\" \/>\n\t\t<meta property=\"og:title\" content=\"Mercado dominical en Santa Maria del Cam\u00ed - Fires i festes\" \/>\n\t\t<meta property=\"og:description\" content=\"Cada domingo por la ma\u00f1ana, Santa Maria del Cam\u00ed se convierte en un referente de la vida local con su mercado semanal, uno de los m\u00e1s populares de la isla. Entre sus puestos se pueden encontrar frutas y verduras frescas de temporada, un espacio dedicado a la producci\u00f3n ecol\u00f3gica y una amplia oferta de art\u00edculos\" \/>\n\t\t<meta property=\"og:url\" content=\"https:\/\/firesifestes.es\/es\/evento\/mercado-dominical-en-santa-maria-del-cami\/\" \/>\n\t\t<meta property=\"og:image\" content=\"https:\/\/firesifestes.es\/wp-content\/uploads\/2024\/05\/logo-ff.png\" \/>\n\t\t<meta property=\"og:image:secure_url\" content=\"https:\/\/firesifestes.es\/wp-content\/uploads\/2024\/05\/logo-ff.png\" \/>\n\t\t<meta property=\"article:published_time\" content=\"2025-10-02T11:17:10+00:00\" \/>\n\t\t<meta property=\"article:modified_time\" content=\"2025-10-02T11:22:14+00:00\" \/>\n\t\t<meta name=\"twitter:card\" content=\"summary_large_image\" \/>\n\t\t<meta name=\"twitter:title\" content=\"Mercado dominical en Santa Maria del Cam\u00ed - Fires i festes\" \/>\n\t\t<meta name=\"twitter:description\" content=\"Cada domingo por la ma\u00f1ana, Santa Maria del Cam\u00ed se convierte en un referente de la vida local con su mercado semanal, uno de los m\u00e1s populares de la isla. Entre sus puestos se pueden encontrar frutas y verduras frescas de temporada, un espacio dedicado a la producci\u00f3n ecol\u00f3gica y una amplia oferta de art\u00edculos\" \/>\n\t\t<meta name=\"twitter:image\" content=\"https:\/\/firesifestes.es\/wp-content\/uploads\/2024\/05\/logo-ff.png\" \/>\n\t\t<script type=\"application\/ld+json\" class=\"aioseo-schema\">\n\t\t\t{\"@context\":\"https:\\\/\\\/schema.org\",\"@graph\":[{\"@type\":\"BreadcrumbList\",\"@id\":\"https:\\\/\\\/firesifestes.es\\\/es\\\/evento\\\/mercado-dominical-en-santa-maria-del-cami\\\/#breadcrumblist\",\"itemListElement\":[{\"@type\":\"ListItem\",\"@id\":\"https:\\\/\\\/firesifestes.es\\\/es\\\/#listItem\",\"position\":1,\"name\":\"Home\",\"item\":\"https:\\\/\\\/firesifestes.es\\\/es\\\/\",\"nextItem\":{\"@type\":\"ListItem\",\"@id\":\"https:\\\/\\\/firesifestes.es\\\/es\\\/calendario\\\/#listItem\",\"name\":\"Calendario\"}},{\"@type\":\"ListItem\",\"@id\":\"https:\\\/\\\/firesifestes.es\\\/es\\\/calendario\\\/#listItem\",\"position\":2,\"name\":\"Calendario\",\"previousItem\":{\"@type\":\"ListItem\",\"@id\":\"https:\\\/\\\/firesifestes.es\\\/es\\\/#listItem\",\"name\":\"Home\"}}]},{\"@type\":\"Organization\",\"@id\":\"https:\\\/\\\/firesifestes.es\\\/es\\\/#organization\",\"name\":\"Fires i festes\",\"description\":\"La mejor gu\\u00eda de ocio y cultura de Mallorca\",\"url\":\"https:\\\/\\\/firesifestes.es\\\/es\\\/\",\"numberOfEmployees\":{\"@type\":\"QuantitativeValue\",\"minValue\":0,\"maxValue\":10},\"logo\":{\"@type\":\"ImageObject\",\"url\":\"https:\\\/\\\/firesifestes.es\\\/wp-content\\\/uploads\\\/2024\\\/05\\\/logo-ff.png\",\"@id\":\"https:\\\/\\\/firesifestes.es\\\/es\\\/evento\\\/mercado-dominical-en-santa-maria-del-cami\\\/#organizationLogo\",\"width\":720,\"height\":333},\"image\":{\"@id\":\"https:\\\/\\\/firesifestes.es\\\/es\\\/evento\\\/mercado-dominical-en-santa-maria-del-cami\\\/#organizationLogo\"}},{\"@type\":\"Person\",\"@id\":\"https:\\\/\\\/firesifestes.es\\\/es\\\/author\\\/merce\\\/#author\",\"url\":\"https:\\\/\\\/firesifestes.es\\\/es\\\/author\\\/merce\\\/\",\"name\":\"Merc\\u00e8 Martorell\",\"jobTitle\":\"Redactor\",\"knowsLanguage\":[\"Catal\\u00e0\",\"Espa\\u00f1ol\"],\"image\":{\"@type\":\"ImageObject\",\"url\":\"https:\\\/\\\/firesifestes.es\\\/wp-content\\\/litespeed\\\/avatar\\\/7b2cd0f865fb555f76dbf2cb62d6864e.jpg?ver=1787739786\"}},{\"@type\":\"WebPage\",\"@id\":\"https:\\\/\\\/firesifestes.es\\\/es\\\/evento\\\/mercado-dominical-en-santa-maria-del-cami\\\/#webpage\",\"url\":\"https:\\\/\\\/firesifestes.es\\\/es\\\/evento\\\/mercado-dominical-en-santa-maria-del-cami\\\/\",\"name\":\"Mercado dominical en Santa Maria del Cam\\u00ed - Fires i festes\",\"description\":\"Cada domingo por la ma\\u00f1ana, Santa Maria del Cam\\u00ed se convierte en un referente de la vida local con su mercado semanal, uno de los m\\u00e1s populares de la isla. Entre sus puestos se pueden encontrar frutas y verduras frescas de temporada, un espacio dedicado a la producci\\u00f3n ecol\\u00f3gica y una amplia oferta de art\\u00edculos\",\"inLanguage\":\"es-ES\",\"isPartOf\":{\"@id\":\"https:\\\/\\\/firesifestes.es\\\/es\\\/#website\"},\"breadcrumb\":{\"@id\":\"https:\\\/\\\/firesifestes.es\\\/es\\\/evento\\\/mercado-dominical-en-santa-maria-del-cami\\\/#breadcrumblist\"},\"author\":{\"@id\":\"https:\\\/\\\/firesifestes.es\\\/es\\\/author\\\/merce\\\/#author\"},\"creator\":{\"@id\":\"https:\\\/\\\/firesifestes.es\\\/es\\\/author\\\/merce\\\/#author\"},\"image\":{\"@type\":\"ImageObject\",\"url\":\"https:\\\/\\\/firesifestes.es\\\/wp-content\\\/uploads\\\/2025\\\/10\\\/Programacion-semanal-16.png\",\"@id\":\"https:\\\/\\\/firesifestes.es\\\/es\\\/evento\\\/mercado-dominical-en-santa-maria-del-cami\\\/#mainImage\",\"width\":640,\"height\":800},\"primaryImageOfPage\":{\"@id\":\"https:\\\/\\\/firesifestes.es\\\/es\\\/evento\\\/mercado-dominical-en-santa-maria-del-cami\\\/#mainImage\"},\"datePublished\":\"2025-10-02T13:17:10+02:00\",\"dateModified\":\"2025-10-02T13:22:14+02:00\"},{\"@type\":\"WebSite\",\"@id\":\"https:\\\/\\\/firesifestes.es\\\/es\\\/#website\",\"url\":\"https:\\\/\\\/firesifestes.es\\\/es\\\/\",\"name\":\"Fires i festes\",\"description\":\"La mejor gu\\u00eda de ocio y cultura de Mallorca\",\"inLanguage\":\"es-ES\",\"publisher\":{\"@id\":\"https:\\\/\\\/firesifestes.es\\\/es\\\/#organization\"}}]}\n\t\t<\/script>\n\t\t<!-- All in One SEO Pro -->\r\n\t\t<title>Mercado dominical en Santa Maria del Cam\u00ed - Fires i festes<\/title>\n\n","aioseo_head_json":{"title":"Mercado dominical en Santa Maria del Cam\u00ed - Fires i festes","description":"Cada domingo por la ma\u00f1ana, Santa Maria del Cam\u00ed se convierte en un referente de la vida local con su mercado semanal, uno de los m\u00e1s populares de la isla. Entre sus puestos se pueden encontrar frutas y verduras frescas de temporada, un espacio dedicado a la producci\u00f3n ecol\u00f3gica y una amplia oferta de art\u00edculos","canonical_url":"https:\/\/firesifestes.es\/es\/evento\/mercado-dominical-en-santa-maria-del-cami\/","robots":"max-image-preview:large","keywords":"","webmasterTools":{"miscellaneous":""},"schema":{"@context":"https:\/\/schema.org","@graph":[{"@type":"BreadcrumbList","@id":"https:\/\/firesifestes.es\/es\/evento\/mercado-dominical-en-santa-maria-del-cami\/#breadcrumblist","itemListElement":[{"@type":"ListItem","@id":"https:\/\/firesifestes.es\/es\/#listItem","position":1,"name":"Home","item":"https:\/\/firesifestes.es\/es\/","nextItem":{"@type":"ListItem","@id":"https:\/\/firesifestes.es\/es\/calendario\/#listItem","name":"Calendario"}},{"@type":"ListItem","@id":"https:\/\/firesifestes.es\/es\/calendario\/#listItem","position":2,"name":"Calendario","previousItem":{"@type":"ListItem","@id":"https:\/\/firesifestes.es\/es\/#listItem","name":"Home"}}]},{"@type":"Organization","@id":"https:\/\/firesifestes.es\/es\/#organization","name":"Fires i festes","description":"La mejor gu\u00eda de ocio y cultura de Mallorca","url":"https:\/\/firesifestes.es\/es\/","numberOfEmployees":{"@type":"QuantitativeValue","minValue":0,"maxValue":10},"logo":{"@type":"ImageObject","url":"https:\/\/firesifestes.es\/wp-content\/uploads\/2024\/05\/logo-ff.png","@id":"https:\/\/firesifestes.es\/es\/evento\/mercado-dominical-en-santa-maria-del-cami\/#organizationLogo","width":720,"height":333},"image":{"@id":"https:\/\/firesifestes.es\/es\/evento\/mercado-dominical-en-santa-maria-del-cami\/#organizationLogo"}},{"@type":"Person","@id":"https:\/\/firesifestes.es\/es\/author\/merce\/#author","url":"https:\/\/firesifestes.es\/es\/author\/merce\/","name":"Merc\u00e8 Martorell","jobTitle":"Redactor","knowsLanguage":["Catal\u00e0","Espa\u00f1ol"],"image":{"@type":"ImageObject","url":"https:\/\/firesifestes.es\/wp-content\/litespeed\/avatar\/7b2cd0f865fb555f76dbf2cb62d6864e.jpg?ver=1787739786"}},{"@type":"WebPage","@id":"https:\/\/firesifestes.es\/es\/evento\/mercado-dominical-en-santa-maria-del-cami\/#webpage","url":"https:\/\/firesifestes.es\/es\/evento\/mercado-dominical-en-santa-maria-del-cami\/","name":"Mercado dominical en Santa Maria del Cam\u00ed - Fires i festes","description":"Cada domingo por la ma\u00f1ana, Santa Maria del Cam\u00ed se convierte en un referente de la vida local con su mercado semanal, uno de los m\u00e1s populares de la isla. Entre sus puestos se pueden encontrar frutas y verduras frescas de temporada, un espacio dedicado a la producci\u00f3n ecol\u00f3gica y una amplia oferta de art\u00edculos","inLanguage":"es-ES","isPartOf":{"@id":"https:\/\/firesifestes.es\/es\/#website"},"breadcrumb":{"@id":"https:\/\/firesifestes.es\/es\/evento\/mercado-dominical-en-santa-maria-del-cami\/#breadcrumblist"},"author":{"@id":"https:\/\/firesifestes.es\/es\/author\/merce\/#author"},"creator":{"@id":"https:\/\/firesifestes.es\/es\/author\/merce\/#author"},"image":{"@type":"ImageObject","url":"https:\/\/firesifestes.es\/wp-content\/uploads\/2025\/10\/Programacion-semanal-16.png","@id":"https:\/\/firesifestes.es\/es\/evento\/mercado-dominical-en-santa-maria-del-cami\/#mainImage","width":640,"height":800},"primaryImageOfPage":{"@id":"https:\/\/firesifestes.es\/es\/evento\/mercado-dominical-en-santa-maria-del-cami\/#mainImage"},"datePublished":"2025-10-02T13:17:10+02:00","dateModified":"2025-10-02T13:22:14+02:00"},{"@type":"WebSite","@id":"https:\/\/firesifestes.es\/es\/#website","url":"https:\/\/firesifestes.es\/es\/","name":"Fires i festes","description":"La mejor gu\u00eda de ocio y cultura de Mallorca","inLanguage":"es-ES","publisher":{"@id":"https:\/\/firesifestes.es\/es\/#organization"}}]},"og:locale":"es_ES","og:site_name":"Fires i festes - La mejor gu\u00eda de ocio y cultura de Mallorca","og:type":"article","og:title":"Mercado dominical en Santa Maria del Cam\u00ed - Fires i festes","og:description":"Cada domingo por la ma\u00f1ana, Santa Maria del Cam\u00ed se convierte en un referente de la vida local con su mercado semanal, uno de los m\u00e1s populares de la isla. Entre sus puestos se pueden encontrar frutas y verduras frescas de temporada, un espacio dedicado a la producci\u00f3n ecol\u00f3gica y una amplia oferta de art\u00edculos","og:url":"https:\/\/firesifestes.es\/es\/evento\/mercado-dominical-en-santa-maria-del-cami\/","og:image":"https:\/\/firesifestes.es\/wp-content\/uploads\/2024\/05\/logo-ff.png","og:image:secure_url":"https:\/\/firesifestes.es\/wp-content\/uploads\/2024\/05\/logo-ff.png","article:published_time":"2025-10-02T11:17:10+00:00","article:modified_time":"2025-10-02T11:22:14+00:00","twitter:card":"summary_large_image","twitter:title":"Mercado dominical en Santa Maria del Cam\u00ed - Fires i festes","twitter:description":"Cada domingo por la ma\u00f1ana, Santa Maria del Cam\u00ed se convierte en un referente de la vida local con su mercado semanal, uno de los m\u00e1s populares de la isla. Entre sus puestos se pueden encontrar frutas y verduras frescas de temporada, un espacio dedicado a la producci\u00f3n ecol\u00f3gica y una amplia oferta de art\u00edculos","twitter:image":"https:\/\/firesifestes.es\/wp-content\/uploads\/2024\/05\/logo-ff.png"},"aioseo_meta_data":{"post_id":"4452","title":null,"description":null,"keywords":null,"keyphrases":null,"primary_term":null,"canonical_url":null,"og_title":null,"og_description":null,"og_object_type":"default","og_image_type":"default","og_image_url":null,"og_image_width":null,"og_image_height":null,"og_image_custom_url":null,"og_image_custom_fields":null,"og_video":null,"og_custom_url":null,"og_article_section":null,"og_article_tags":null,"twitter_use_og":false,"twitter_card":"default","twitter_image_type":"default","twitter_image_url":null,"twitter_image_custom_url":null,"twitter_image_custom_fields":null,"twitter_title":null,"twitter_description":null,"schema":{"blockGraphs":[],"customGraphs":[],"default":{"data":{"Article":[],"Course":[],"Dataset":[],"FAQPage":[],"Movie":[],"Person":[],"Product":[],"ProductReview":[],"Car":[],"Recipe":[],"Service":[],"SoftwareApplication":[],"WebPage":[]},"graphName":"","isEnabled":true},"graphs":[]},"schema_type":"default","schema_type_options":null,"pillar_content":false,"robots_default":true,"robots_noindex":false,"robots_noarchive":false,"robots_nosnippet":false,"robots_nofollow":false,"robots_noimageindex":false,"robots_noodp":false,"robots_notranslate":false,"robots_max_snippet":null,"robots_max_videopreview":null,"robots_max_imagepreview":"large","priority":null,"frequency":null,"local_seo":null,"breadcrumb_settings":null,"limit_modified_date":false,"ai":null,"created":"2024-06-06 11:37:19","updated":"2026-06-04 11:24:56","seo_analyzer_scan_date":"2026-06-04 11:24:56","reviewed_by":null,"focus_keyword":null,"additional_keywords":null,"truseo_locale":null},"aioseo_breadcrumb":"<div class=\"aioseo-breadcrumbs\"><span class=\"aioseo-breadcrumb\">\n\t<a href=\"https:\/\/firesifestes.es\/es\/\" title=\"Home\">Home<\/a>\n<\/span><span class=\"aioseo-breadcrumb-separator\">&raquo;<\/span><span class=\"aioseo-breadcrumb\">\n\tCalendario\n<\/span><\/div>","aioseo_breadcrumb_json":[{"label":"Home","link":"https:\/\/firesifestes.es\/es\/"},{"label":"Calendario","link":"https:\/\/firesifestes.es\/es\/calendario\/"}],"_links":{"self":[{"href":"https:\/\/firesifestes.es\/es\/wp-json\/wp\/v2\/pages\/4452","targetHints":{"allow":["GET"]}}],"collection":[{"href":"https:\/\/firesifestes.es\/es\/wp-json\/wp\/v2\/pages"}],"about":[{"href":"https:\/\/firesifestes.es\/es\/wp-json\/wp\/v2\/types\/page"}],"author":[{"embeddable":true,"href":"https:\/\/firesifestes.es\/es\/wp-json\/wp\/v2\/users\/3"}],"replies":[{"embeddable":true,"href":"https:\/\/firesifestes.es\/es\/wp-json\/wp\/v2\/comments?post=4452"}],"version-history":[{"count":0,"href":"https:\/\/firesifestes.es\/es\/wp-json\/wp\/v2\/pages\/4452\/revisions"}],"wp:attachment":[{"href":"https:\/\/firesifestes.es\/es\/wp-json\/wp\/v2\/media?parent=4452"}],"curies":[{"name":"wp","href":"https:\/\/api.w.org\/{rel}","templated":true}]}}